{"id":580,"date":"2025-07-24T16:22:09","date_gmt":"2025-07-24T14:22:09","guid":{"rendered":"https:\/\/fundacjaklik.pl\/?page_id=580"},"modified":"2025-09-11T15:12:33","modified_gmt":"2025-09-11T13:12:33","slug":"klik-w-dzielnice-czechow-polnocny-i-poludniowy","status":"publish","type":"page","link":"https:\/\/fundacjaklik.pl\/index.php\/nasze-projekty\/klik-w-dzielnice-czechow-polnocny-i-poludniowy\/","title":{"rendered":"KLIK w Dzielnice &#8211; Czech\u00f3w P\u00f3\u0142nocny i Po\u0142udniowy"},"content":{"rendered":"\t\t<div data-elementor-type=\"wp-page\" data-elementor-id=\"580\" class=\"elementor elementor-580\">\n\t\t\t\t<div class=\"elementor-element elementor-element-6c651a6 e-flex e-con-boxed e-con e-parent\" data-id=\"6c651a6\" data-element_type=\"container\">\n\t\t\t\t\t<div class=\"e-con-inner\">\n\t\t<div class=\"elementor-element elementor-element-539b4c0 e-con-full e-flex e-con e-child\" data-id=\"539b4c0\" data-element_type=\"container\">\n\t\t<div class=\"elementor-element elementor-element-8f9503c e-con-full e-flex e-con e-child\" data-id=\"8f9503c\" data-element_type=\"container\">\n\t\t\t\t<div class=\"elementor-element elementor-element-511d3f1 elementor-widget elementor-widget-text-editor\" data-id=\"511d3f1\" data-element_type=\"widget\" data-widget_type=\"text-editor.default\">\n\t\t\t\t<div class=\"elementor-widget-container\">\n\t\t\t\t\t\t\t\t\t<h3>&#8220;KLIK w dzielnice &#8211; Czech\u00f3w P\u00f3\u0142nocny i Po\u0142udniowy&#8221;<\/h3><p>Projekt koncentrowa\u0142 si\u0119 na pokazaniu dzielnic oczami jej mieszka\u0144c\u00f3w. Zrealizowali\u015bmy cykl warsztat\u00f3w radiowych i fotograficznych, podczas kt\u00f3rych uczestnicy pracowali nad stworzeniem materia\u0142\u00f3w autorskich. Podczas wernisa\u017cu ko\u0144cz\u0105cego projekt zaprezentowali\u015bmy efekty ich pracy. A teraz dost\u0119pne s\u0105 one r\u00f3wnie\u017c na naszej stronie.<\/p>\t\t\t\t\t\t\t\t<\/div>\n\t\t\t\t<\/div>\n\t\t\t\t<div class=\"elementor-element elementor-element-fdfaaa4 elementor-widget elementor-widget-music-player\" data-id=\"fdfaaa4\" data-element_type=\"widget\" data-widget_type=\"music-player.default\">\n\t\t\t\t<div class=\"elementor-widget-container\">\n\t\t\t\t\t<article id=\"arbitrary-instance-69f430c9e26d5\" class=\"iron_widget_radio playlist_enabled\"><div class=\"iron-audioplayer  show-playlist playlist_has_no_ctas skin_floated\" id=\"arbitrary-instance-69f430c9e26d5-30cfd3cc48\" data-id=\"arbitrary-instance-69f430c9e26d5\" data-track-sw-cursor=\"\" data-lazyload=\"\" data-albums=\"580\" data-category=\"\" data-url-playlist=\"https:\/\/fundacjaklik.pl\/?load=playlist.json&#038;title=&#038;albums=580&#038;category=&#038;posts_not_in=&#038;category_not_in=&#038;author=&#038;feed_title=&#038;feed=1&#038;feed_img=&#038;el_widget_id=fdfaaa4&#038;artwork=&#038;posts_per_pages=-1&#038;all_category=&#038;single_playlist=&#038;reverse_tracklist=&#038;audio_meta_field=&#038;repeater_meta_field=&#038;import_file=&#038;rss_items=-1&#038;rss_item_title=&#038;is_favorite=&#038;is_recentlyplayed=&#038;srp_order=date_DESC\" data-sticky-player=\"\" data-shuffle=\"false\" data-playlist_title=\"Opowie\u015bci z Czechowa\" data-scrollbar=\"\" data-wave-color=\"\" data-wave-progress-color=\"\" data-spectro=\"\" data-no-wave=\"\" data-hide-progressbar=\"\" data-progress-bar-style=\"\"data-feedurl=\"1\" data-notrackskip=\"\" data-no-loop-tracklist=\"\" data-playertemplate =\"skin_float_tracklist\" data-hide-artwork =\"\" data-speedrate=\"1\"  data-tracks-per-page=\"\" data-pagination_scroll_offset=\"\" data-adaptive-colors=\"\" data-adaptive-colors-freeze=\"\" style=\"opacity:0;\"><div class=\"sonaar-grid\" ><div class=\"sonaar-Artwort-box \">\n                <div class=\"control\">\n                    \n                <\/div>\n                <div class=\"album\">\n                    <div class=\"album-art\">\n                        <img alt=\"album-art\">\n                    <\/div>\n                <\/div>\n                <\/div><div class=\"playlist sr_waveform_simplebar\"  id=\"playlist_arbitrary-instance-69f430c9e26d5\"><h3 class=\"sr_it-playlist-title\">Opowie\u015bci z Czechowa<\/h3><div class=\"srp_subtitle\"><\/div><div class=\"srp_tracklist\"><ul class=\"srp_list\"><li \n            class=\"sr-playlist-item\" \n            data-audiopath=\"http:\/\/fundacjaklik.pl\/wp-content\/uploads\/2025\/07\/joanna-i-daniel.mp3\"\n            data-showloading=\"1\"\n            data-albumTitle=\"\"\n            data-albumArt=\"\"\n            data-releasedate=\"\"\n            data-date=\"\"\n            data-date-formated=\"\"\n            data-show-date=\"\"\n            data-trackTitle=\"joanna i daniel\"\n            data-artist=\"\"\n            data-trackID=\"582\"\n            data-trackTime=\"5:46\"\n            data-relatedTrack=\"\"\n            data-post-url=\"\"\n            data-post-id=\"\"\n            data-track-pos=\"0\"\n            data-peakFile=\"\"\n            data-peakFile-allow=\"name\"\n            data-is-preview=\"\"\n            data-track-lyric=\"\"><div class=\"sr-playlist-item-flex\"><span class=\"store-list\"><\/span><\/div><div class=\"srp_track_description\"><\/div><\/li><li \n            class=\"sr-playlist-item\" \n            data-audiopath=\"http:\/\/fundacjaklik.pl\/wp-content\/uploads\/2025\/07\/ogrodek.mp3\"\n            data-showloading=\"1\"\n            data-albumTitle=\"\"\n            data-albumArt=\"\"\n            data-releasedate=\"\"\n            data-date=\"\"\n            data-date-formated=\"\"\n            data-show-date=\"\"\n            data-trackTitle=\"ogr\u00f3dek\"\n            data-artist=\"\"\n            data-trackID=\"583\"\n            data-trackTime=\"13:10\"\n            data-relatedTrack=\"\"\n            data-post-url=\"\"\n            data-post-id=\"\"\n            data-track-pos=\"1\"\n            data-peakFile=\"\"\n            data-peakFile-allow=\"name\"\n            data-is-preview=\"\"\n            data-track-lyric=\"\"><div class=\"sr-playlist-item-flex\"><span class=\"store-list\"><\/span><\/div><div class=\"srp_track_description\"><\/div><\/li><li \n            class=\"sr-playlist-item\" \n            data-audiopath=\"http:\/\/fundacjaklik.pl\/wp-content\/uploads\/2025\/07\/Pan-krzysztof.mp3\"\n            data-showloading=\"1\"\n            data-albumTitle=\"\"\n            data-albumArt=\"\"\n            data-releasedate=\"\"\n            data-date=\"\"\n            data-date-formated=\"\"\n            data-show-date=\"\"\n            data-trackTitle=\"Pan krzysztof\"\n            data-artist=\"\"\n            data-trackID=\"584\"\n            data-trackTime=\"5:16\"\n            data-relatedTrack=\"\"\n            data-post-url=\"\"\n            data-post-id=\"\"\n            data-track-pos=\"2\"\n            data-peakFile=\"\"\n            data-peakFile-allow=\"name\"\n            data-is-preview=\"\"\n            data-track-lyric=\"\"><div class=\"sr-playlist-item-flex\"><span class=\"store-list\"><\/span><\/div><div class=\"srp_track_description\"><\/div><\/li><\/ul><\/div><\/div><\/div><div class=\"album-player sr_waveform_simplebar\"><div class=\"srp_miniplayer_metas\"><div class=\" srp_meta srp_meta_0 track-title\" data-prefix=\"\" aria-label=\"Track title\"><\/div><\/div> <div class=\"player \" ><div class=\"sr_progressbar\">\n                \n            <div class=\"currentTime\">00:00<\/div>\n         \n                <div id=\"arbitrary-instance-69f430c9e26d5-421411b8b3-wave\" class=\"wave\" >\n                 \n        <div class=\"sonaar_fake_wave\" > \n            <audio src=\"\" class=\"sonaar_media_element\"><\/audio> \n            <div class=\"sonaar_wave_base\"> \n                <canvas id=\"sonaar_wave_base_canvas\" class=\"\" height=\"70\" width=\"2540\"><\/canvas> \n                <svg><\/svg> \n            <\/div> \n            <div class=\"sonaar_wave_cut\"> \n                <canvas id=\"sonaar_wave_cut_canvas\" class=\"\" height=\"70\" width=\"2540\"><\/canvas> \n                <svg><\/svg> \n            <\/div> \n        <\/div> \n                <\/div>\n                \n            <div class=\"totalTime\"><\/div>\n         \n             <\/div><div class=\"srp_main_control srp_oneColumn\"><div class=\"control\"><div class=\"previous sricon-back\" style=\"opacity:0;\" aria-label=\"Previous Track\" title=\"Previous\"><\/div><div class=\"play\" style=\"opacity:0;\" aria-label=\"Play\" title=\"Play\/Pause\">\n                <i class=\"sricon-play\"><\/i>\n            <\/div><div class=\"next sricon-forward\" style=\"opacity:0;\" aria-label=\"Next Track\" title=\"Next \"><\/div><\/div><div class=\"control\"><\/div><\/div><\/div><\/div><div class=\"album-store\"><\/div><\/div><script id=\"srp_js_params_69f430c9e26d5\">\n        var srp_player_params_69f430c9e26d5 = {\"title\":\"\",\"store_title_text\":\"\",\"albums\":\"580\",\"hide_artwork\":\"false\",\"sticky_player\":\"\",\"show_album_market\":\"false\",\"show_track_market\":\"true\",\"hide_timeline\":\"false\",\"elementor\":\"true\",\"tracks_per_page\":\"\",\"titletag_soundwave\":\"div\",\"titletag_playlist\":\"h3\",\"show_control_on_hover\":\"false\",\"show_playlist\":\"true\",\"reverse_tracklist\":\"\",\"wave_color\":\"\",\"wave_progress_color\":\"\",\"spectro\":\"\",\"shuffle\":\"\",\"searchbar\":\"\",\"searchbar_placeholder\":\"\",\"player_layout\":\"skin_float_tracklist\",\"playlist_title\":\"Opowie\\u015bci z Czechowa\",\"feed\":\"1\",\"el_widget_id\":\"fdfaaa4\",\"artwork\":\"\",\"orderby\":\"date\",\"order\":\"DESC\",\"use_play_label_with_icon\":\"false\",\"main_settings\":\"||\"} \n        var srp_player_params_args_69f430c9e26d5 = {\"before_widget\":\"<article id=\\\"arbitrary-instance-69f430c9e26d5\\\" class=\\\"iron_widget_radio playlist_enabled\\\">\",\"after_widget\":\"<\\\/article>\",\"before_title\":\"<span class='heading-t3'><\\\/span><h3 class=\\\"widgettitle\\\">\",\"after_title\":\"<\\\/h3>\",\"widget_id\":\"arbitrary-instance-69f430c9e26d5\"}  \n        <\/script><script>if(typeof setIronAudioplayers !== \"undefined\"){ setIronAudioplayers(\"arbitrary-instance-69f430c9e26d5\"); }<\/script><\/article>\t\t\t\t<\/div>\n\t\t\t\t<\/div>\n\t\t<div class=\"elementor-element elementor-element-1447b57 e-con-full e-flex e-con e-child\" data-id=\"1447b57\" data-element_type=\"container\">\n\t\t\t\t<div class=\"elementor-element elementor-element-1be369e elementor-widget elementor-widget-image-gallery\" data-id=\"1be369e\" data-element_type=\"widget\" data-widget_type=\"image-gallery.default\">\n\t\t\t\t<div class=\"elementor-widget-container\">\n\t\t\t\t\t\t\t<div class=\"elementor-image-gallery\">\n\t\t\t<div id='gallery-1' class='gallery galleryid-580 gallery-columns-5 gallery-size-thumbnail'><figure class='gallery-item'>\n\t\t\t<div class='gallery-icon '>\n\t\t\t\t<a data-elementor-open-lightbox=\"yes\" data-elementor-lightbox-slideshow=\"1be369e\" data-elementor-lightbox-title=\"IMG_7677\" data-e-action-hash=\"#elementor-action%3Aaction%3Dlightbox%26settings%3DeyJpZCI6NjA4LCJ1cmwiOiJodHRwczpcL1wvZnVuZGFjamFrbGlrLnBsXC93cC1jb250ZW50XC91cGxvYWRzXC8yMDI1XC8wN1wvSU1HXzc2NzcuanBlZyIsInNsaWRlc2hvdyI6IjFiZTM2OWUifQ%3D%3D\" href='https:\/\/fundacjaklik.pl\/wp-content\/uploads\/2025\/07\/IMG_7677.jpeg'><img decoding=\"async\" width=\"1\" height=\"1\" src=\"https:\/\/fundacjaklik.pl\/wp-content\/uploads\/2025\/07\/IMG_7677.jpeg\" class=\"attachment-thumbnail size-thumbnail\" alt=\"Nowoczesny ko\u015bci\u00f3\u0142 z tr\u00f3jk\u0105tnym dachem i du\u017cymi przeszkleniami. Przed wej\u015bciem \u015bcie\u017cka, drewniane drzwi i krzy\u017c. Po lewej kwitn\u0105ce magnolie, a nad ca\u0142o\u015bci\u0105 b\u0142\u0119kitne niebo.\" \/><\/a>\n\t\t\t<\/div><\/figure><figure class='gallery-item'>\n\t\t\t<div class='gallery-icon portrait'>\n\t\t\t\t<a data-elementor-open-lightbox=\"yes\" data-elementor-lightbox-slideshow=\"1be369e\" data-elementor-lightbox-title=\"IMG_4742\" data-e-action-hash=\"#elementor-action%3Aaction%3Dlightbox%26settings%3DeyJpZCI6NjA0LCJ1cmwiOiJodHRwczpcL1wvZnVuZGFjamFrbGlrLnBsXC93cC1jb250ZW50XC91cGxvYWRzXC8yMDI1XC8wN1wvSU1HXzQ3NDItc2NhbGVkLmpwZWciLCJzbGlkZXNob3ciOiIxYmUzNjllIn0%3D\" href='https:\/\/fundacjaklik.pl\/wp-content\/uploads\/2025\/07\/IMG_4742-scaled.jpeg'><img decoding=\"async\" width=\"113\" height=\"150\" src=\"https:\/\/fundacjaklik.pl\/wp-content\/uploads\/2025\/07\/IMG_4742-scaled.jpeg\" class=\"attachment-thumbnail size-thumbnail\" alt=\"Fragment bia\u0142ego domu z czarny, spadzistym dachem. W centralnej cz\u0119\u015bci zdj\u0119cia dwie bramy do gara\u017cy, na prawo od nich furtka. Z prawej strony zdj\u0119cia wida\u0107 fragment korony drzewa.\" \/><\/a>\n\t\t\t<\/div><\/figure><figure class='gallery-item'>\n\t\t\t<div class='gallery-icon portrait'>\n\t\t\t\t<a data-elementor-open-lightbox=\"yes\" data-elementor-lightbox-slideshow=\"1be369e\" data-elementor-lightbox-title=\"IMG_4617\" data-e-action-hash=\"#elementor-action%3Aaction%3Dlightbox%26settings%3DeyJpZCI6NjAzLCJ1cmwiOiJodHRwczpcL1wvZnVuZGFjamFrbGlrLnBsXC93cC1jb250ZW50XC91cGxvYWRzXC8yMDI1XC8wN1wvSU1HXzQ2MTctc2NhbGVkLmpwZWciLCJzbGlkZXNob3ciOiIxYmUzNjllIn0%3D\" href='https:\/\/fundacjaklik.pl\/wp-content\/uploads\/2025\/07\/IMG_4617-scaled.jpeg'><img decoding=\"async\" width=\"150\" height=\"150\" src=\"https:\/\/fundacjaklik.pl\/wp-content\/uploads\/2025\/07\/IMG_4617-150x150.jpeg\" class=\"attachment-thumbnail size-thumbnail\" alt=\"Plenerowa si\u0142ownia na trawie, z osob\u0105 \u0107wicz\u0105c\u0105 przy urz\u0105dzeniu i w\u00f3zkiem inwalidzkim obok. W tle drzewa i budynki mieszkalne.\" \/><\/a>\n\t\t\t<\/div><\/figure><figure class='gallery-item'>\n\t\t\t<div class='gallery-icon portrait'>\n\t\t\t\t<a data-elementor-open-lightbox=\"yes\" data-elementor-lightbox-slideshow=\"1be369e\" data-elementor-lightbox-title=\"IMG_4159\" data-e-action-hash=\"#elementor-action%3Aaction%3Dlightbox%26settings%3DeyJpZCI6NjAyLCJ1cmwiOiJodHRwczpcL1wvZnVuZGFjamFrbGlrLnBsXC93cC1jb250ZW50XC91cGxvYWRzXC8yMDI1XC8wN1wvSU1HXzQxNTktc2NhbGVkLmpwZWciLCJzbGlkZXNob3ciOiIxYmUzNjllIn0%3D\" href='https:\/\/fundacjaklik.pl\/wp-content\/uploads\/2025\/07\/IMG_4159-scaled.jpeg'><img loading=\"lazy\" decoding=\"async\" width=\"150\" height=\"150\" src=\"https:\/\/fundacjaklik.pl\/wp-content\/uploads\/2025\/07\/IMG_4159-150x150.jpeg\" class=\"attachment-thumbnail size-thumbnail\" alt=\"Budynek mieszkalny o \u017c\u00f3\u0142to-be\u017cowej elewacji z kolorow\u0105 tkanin\u0105 na jednym z balkon\u00f3w. Na pierwszym planie trawa z du\u017cym g\u0142azem oraz tabliczka zakazuj\u0105ca dokarmiania ptak\u00f3w.\" \/><\/a>\n\t\t\t<\/div><\/figure><figure class='gallery-item'>\n\t\t\t<div class='gallery-icon portrait'>\n\t\t\t\t<a data-elementor-open-lightbox=\"yes\" data-elementor-lightbox-slideshow=\"1be369e\" data-elementor-lightbox-title=\"IMG_4156\" data-e-action-hash=\"#elementor-action%3Aaction%3Dlightbox%26settings%3DeyJpZCI6NjAxLCJ1cmwiOiJodHRwczpcL1wvZnVuZGFjamFrbGlrLnBsXC93cC1jb250ZW50XC91cGxvYWRzXC8yMDI1XC8wN1wvSU1HXzQxNTYtc2NhbGVkLmpwZWciLCJzbGlkZXNob3ciOiIxYmUzNjllIn0%3D\" href='https:\/\/fundacjaklik.pl\/wp-content\/uploads\/2025\/07\/IMG_4156-scaled.jpeg'><img loading=\"lazy\" decoding=\"async\" width=\"150\" height=\"150\" src=\"https:\/\/fundacjaklik.pl\/wp-content\/uploads\/2025\/07\/IMG_4156-150x150.jpeg\" class=\"attachment-thumbnail size-thumbnail\" alt=\"Zdj\u0119cie wykonane w parku. Na pierwszym planie pani wyprowadzaj\u0105ca psa na smyczy, dalej wida\u0107 spaceruj\u0105c\u0105 osob\u0119. Po prawej wysoka trawa, w tle drzewa i budynki mieszkalne. Z lewej chodnik.\" \/><\/a>\n\t\t\t<\/div><\/figure><figure class='gallery-item'>\n\t\t\t<div class='gallery-icon portrait'>\n\t\t\t\t<a data-elementor-open-lightbox=\"yes\" data-elementor-lightbox-slideshow=\"1be369e\" data-elementor-lightbox-title=\"IMG_1443\" data-e-action-hash=\"#elementor-action%3Aaction%3Dlightbox%26settings%3DeyJpZCI6NjAwLCJ1cmwiOiJodHRwczpcL1wvZnVuZGFjamFrbGlrLnBsXC93cC1jb250ZW50XC91cGxvYWRzXC8yMDI1XC8wN1wvSU1HXzE0NDMtc2NhbGVkLmpwZWciLCJzbGlkZXNob3ciOiIxYmUzNjllIn0%3D\" href='https:\/\/fundacjaklik.pl\/wp-content\/uploads\/2025\/07\/IMG_1443-scaled.jpeg'><img loading=\"lazy\" decoding=\"async\" width=\"150\" height=\"150\" src=\"https:\/\/fundacjaklik.pl\/wp-content\/uploads\/2025\/07\/IMG_1443-150x150.jpeg\" class=\"attachment-thumbnail size-thumbnail\" alt=\"Zielony teren z \u0142awk\u0105, drzewami i budynkiem o ceglanej fasadzie w tle. Osoby spaceruj\u0105ce i siedz\u0105ce na \u0142awkach. Pogodna, miejska sceneria z elementami natury.\" \/><\/a>\n\t\t\t<\/div><\/figure><figure class='gallery-item'>\n\t\t\t<div class='gallery-icon landscape'>\n\t\t\t\t<a data-elementor-open-lightbox=\"yes\" data-elementor-lightbox-slideshow=\"1be369e\" data-elementor-lightbox-title=\"IMG_1426\" data-e-action-hash=\"#elementor-action%3Aaction%3Dlightbox%26settings%3DeyJpZCI6NTk5LCJ1cmwiOiJodHRwczpcL1wvZnVuZGFjamFrbGlrLnBsXC93cC1jb250ZW50XC91cGxvYWRzXC8yMDI1XC8wN1wvSU1HXzE0MjYtc2NhbGVkLmpwZWciLCJzbGlkZXNob3ciOiIxYmUzNjllIn0%3D\" href='https:\/\/fundacjaklik.pl\/wp-content\/uploads\/2025\/07\/IMG_1426-scaled.jpeg'><img loading=\"lazy\" decoding=\"async\" width=\"150\" height=\"113\" src=\"https:\/\/fundacjaklik.pl\/wp-content\/uploads\/2025\/07\/IMG_1426-scaled.jpeg\" class=\"attachment-thumbnail size-thumbnail\" alt=\"Plac zabaw z \u017c\u00f3\u0142tym konikiem o kresk\u00f3wkowym wygl\u0105dzie na pierwszym planie. W tle zje\u017cd\u017calnia, budynek mieszkalny i kwitn\u0105ce drzewa.\" \/><\/a>\n\t\t\t<\/div><\/figure><figure class='gallery-item'>\n\t\t\t<div class='gallery-icon landscape'>\n\t\t\t\t<a data-elementor-open-lightbox=\"yes\" data-elementor-lightbox-slideshow=\"1be369e\" data-elementor-lightbox-title=\"IMG_1414\" data-e-action-hash=\"#elementor-action%3Aaction%3Dlightbox%26settings%3DeyJpZCI6NTk4LCJ1cmwiOiJodHRwczpcL1wvZnVuZGFjamFrbGlrLnBsXC93cC1jb250ZW50XC91cGxvYWRzXC8yMDI1XC8wN1wvSU1HXzE0MTQtc2NhbGVkLmpwZWciLCJzbGlkZXNob3ciOiIxYmUzNjllIn0%3D\" href='https:\/\/fundacjaklik.pl\/wp-content\/uploads\/2025\/07\/IMG_1414-scaled.jpeg'><img loading=\"lazy\" decoding=\"async\" width=\"150\" height=\"150\" src=\"https:\/\/fundacjaklik.pl\/wp-content\/uploads\/2025\/07\/IMG_1414-150x150.jpeg\" class=\"attachment-thumbnail size-thumbnail\" alt=\"Spacerowa alejka otoczona zieleni\u0105 prowadzi obok wielopi\u0119trowego budynku mieszkalnego o ceglastej fasadzie i balkonach. Na parterze widoczny szyld, a w tle drzewa i b\u0142\u0119kitne niebo z chmurami.\" \/><\/a>\n\t\t\t<\/div><\/figure><figure class='gallery-item'>\n\t\t\t<div class='gallery-icon portrait'>\n\t\t\t\t<a data-elementor-open-lightbox=\"yes\" data-elementor-lightbox-slideshow=\"1be369e\" data-elementor-lightbox-title=\"IMG_1412\" data-e-action-hash=\"#elementor-action%3Aaction%3Dlightbox%26settings%3DeyJpZCI6NTk3LCJ1cmwiOiJodHRwczpcL1wvZnVuZGFjamFrbGlrLnBsXC93cC1jb250ZW50XC91cGxvYWRzXC8yMDI1XC8wN1wvSU1HXzE0MTItc2NhbGVkLmpwZWciLCJzbGlkZXNob3ciOiIxYmUzNjllIn0%3D\" href='https:\/\/fundacjaklik.pl\/wp-content\/uploads\/2025\/07\/IMG_1412-scaled.jpeg'><img loading=\"lazy\" decoding=\"async\" width=\"150\" height=\"150\" src=\"https:\/\/fundacjaklik.pl\/wp-content\/uploads\/2025\/07\/IMG_1412-150x150.jpeg\" class=\"attachment-thumbnail size-thumbnail\" alt=\"Wysoki budynek mieszkalny o czerwono-be\u017cowej elewacji z balkonami przy ka\u017cdym mieszkaniu. U podstawy znajduj\u0105 si\u0119 lokale us\u0142ugowe z szyldami, a wok\u00f3\u0142 zadbana ziele\u0144 \u2014 krzewy, drzewa i rabaty kwiatowe. Nad ca\u0142o\u015bci\u0105 b\u0142\u0119kitne, bezchmurne niebo.\" \/><\/a>\n\t\t\t<\/div><\/figure><figure class='gallery-item'>\n\t\t\t<div class='gallery-icon portrait'>\n\t\t\t\t<a data-elementor-open-lightbox=\"yes\" data-elementor-lightbox-slideshow=\"1be369e\" data-elementor-lightbox-title=\"IMG_1408\" data-e-action-hash=\"#elementor-action%3Aaction%3Dlightbox%26settings%3DeyJpZCI6NTk2LCJ1cmwiOiJodHRwczpcL1wvZnVuZGFjamFrbGlrLnBsXC93cC1jb250ZW50XC91cGxvYWRzXC8yMDI1XC8wN1wvSU1HXzE0MDgtc2NhbGVkLmpwZWciLCJzbGlkZXNob3ciOiIxYmUzNjllIn0%3D\" href='https:\/\/fundacjaklik.pl\/wp-content\/uploads\/2025\/07\/IMG_1408-scaled.jpeg'><img loading=\"lazy\" decoding=\"async\" width=\"150\" height=\"150\" src=\"https:\/\/fundacjaklik.pl\/wp-content\/uploads\/2025\/07\/IMG_1408-150x150.jpeg\" class=\"attachment-thumbnail size-thumbnail\" alt=\"Osoba stoj\u0105ca na chodniku przed przej\u015bciem dla pieszych. Wok\u00f3\u0142 drzewa.\" \/><\/a>\n\t\t\t<\/div><\/figure><figure class='gallery-item'>\n\t\t\t<div class='gallery-icon portrait'>\n\t\t\t\t<a data-elementor-open-lightbox=\"yes\" data-elementor-lightbox-slideshow=\"1be369e\" data-elementor-lightbox-title=\"FullSizeRender\" data-e-action-hash=\"#elementor-action%3Aaction%3Dlightbox%26settings%3DeyJpZCI6NTk1LCJ1cmwiOiJodHRwczpcL1wvZnVuZGFjamFrbGlrLnBsXC93cC1jb250ZW50XC91cGxvYWRzXC8yMDI1XC8wN1wvRnVsbFNpemVSZW5kZXItc2NhbGVkLmpwZWciLCJzbGlkZXNob3ciOiIxYmUzNjllIn0%3D\" href='https:\/\/fundacjaklik.pl\/wp-content\/uploads\/2025\/07\/FullSizeRender-scaled.jpeg'><img loading=\"lazy\" decoding=\"async\" width=\"113\" height=\"150\" src=\"https:\/\/fundacjaklik.pl\/wp-content\/uploads\/2025\/07\/FullSizeRender-scaled.jpeg\" class=\"attachment-thumbnail size-thumbnail\" alt=\"Kolorowa instalacja ogrodowa z pluszowymi zabawkami \u2014 na mozaikowej kolumnie siedzi lew z misiem na grzbiecie, wok\u00f3\u0142 inne postacie, jak Myszka Miki i czerwony ptak. W tle bujna ziele\u0144 i zawieszone biedronki. Radosna, bajkowa atmosfera.\" \/><\/a>\n\t\t\t<\/div><\/figure><figure class='gallery-item'>\n\t\t\t<div class='gallery-icon portrait'>\n\t\t\t\t<a data-elementor-open-lightbox=\"yes\" data-elementor-lightbox-slideshow=\"1be369e\" data-elementor-lightbox-title=\"20250427_140605\" data-e-action-hash=\"#elementor-action%3Aaction%3Dlightbox%26settings%3DeyJpZCI6NTk0LCJ1cmwiOiJodHRwczpcL1wvZnVuZGFjamFrbGlrLnBsXC93cC1jb250ZW50XC91cGxvYWRzXC8yMDI1XC8wN1wvMjAyNTA0MjdfMTQwNjA1LXNjYWxlZC5qcGVnIiwic2xpZGVzaG93IjoiMWJlMzY5ZSJ9\" href='https:\/\/fundacjaklik.pl\/wp-content\/uploads\/2025\/07\/20250427_140605-scaled.jpeg'><img loading=\"lazy\" decoding=\"async\" width=\"150\" height=\"150\" src=\"https:\/\/fundacjaklik.pl\/wp-content\/uploads\/2025\/07\/20250427_140605-150x150.jpeg\" class=\"attachment-thumbnail size-thumbnail\" alt=\"Nowoczesna przestrze\u0144 miejska z brukowanym chodnikiem i czarn\u0105 barierk\u0105 z bia\u0142ymi panelami. Widoczna mokra plama na nawierzchni. Po lewej stronie budynek z \u017c\u00f3\u0142to-szarym zadaszeniem, po prawej bia\u0142y budynek z p\u0142askim dachem. W tle wy\u017cszy budynek o be\u017cowo-\u017c\u00f3\u0142tej elewacji. Na \u015bcianie zamontowany czerwono-\u017c\u00f3\u0142ty kosz na \u015bmieci. Pogodny dzie\u0144, czyste niebo.\" \/><\/a>\n\t\t\t<\/div><\/figure><figure class='gallery-item'>\n\t\t\t<div class='gallery-icon portrait'>\n\t\t\t\t<a data-elementor-open-lightbox=\"yes\" data-elementor-lightbox-slideshow=\"1be369e\" data-elementor-lightbox-title=\"20250427_135746\" data-e-action-hash=\"#elementor-action%3Aaction%3Dlightbox%26settings%3DeyJpZCI6NTkzLCJ1cmwiOiJodHRwczpcL1wvZnVuZGFjamFrbGlrLnBsXC93cC1jb250ZW50XC91cGxvYWRzXC8yMDI1XC8wN1wvMjAyNTA0MjdfMTM1NzQ2LXNjYWxlZC5qcGVnIiwic2xpZGVzaG93IjoiMWJlMzY5ZSJ9\" href='https:\/\/fundacjaklik.pl\/wp-content\/uploads\/2025\/07\/20250427_135746-scaled.jpeg'><img loading=\"lazy\" decoding=\"async\" width=\"150\" height=\"150\" src=\"https:\/\/fundacjaklik.pl\/wp-content\/uploads\/2025\/07\/20250427_135746-150x150.jpeg\" class=\"attachment-thumbnail size-thumbnail\" alt=\"Osoba ubrana na czarno stoi na utwardzonej alejce w parku, zwr\u00f3cona w stron\u0119 latarni. Wok\u00f3\u0142 zielona trawa, kwitn\u0105ce mlecze i drzewa z m\u0142odymi li\u015b\u0107mi \u2014 wiosenna sceneria. Po prawej stronie niebieska por\u0119cz prowadzi na trawiasty nasyp. W tle droga, samoch\u00f3d i kolejne latarnie. Pogodne niebo i s\u0142oneczna aura.\" \/><\/a>\n\t\t\t<\/div><\/figure><figure class='gallery-item'>\n\t\t\t<div class='gallery-icon portrait'>\n\t\t\t\t<a data-elementor-open-lightbox=\"yes\" data-elementor-lightbox-slideshow=\"1be369e\" data-elementor-lightbox-title=\"20250427_135500(1)\" data-e-action-hash=\"#elementor-action%3Aaction%3Dlightbox%26settings%3DeyJpZCI6NTkyLCJ1cmwiOiJodHRwczpcL1wvZnVuZGFjamFrbGlrLnBsXC93cC1jb250ZW50XC91cGxvYWRzXC8yMDI1XC8wN1wvMjAyNTA0MjdfMTM1NTAwMS1zY2FsZWQuanBlZyIsInNsaWRlc2hvdyI6IjFiZTM2OWUifQ%3D%3D\" href='https:\/\/fundacjaklik.pl\/wp-content\/uploads\/2025\/07\/20250427_1355001-scaled.jpeg'><img loading=\"lazy\" decoding=\"async\" width=\"150\" height=\"150\" src=\"https:\/\/fundacjaklik.pl\/wp-content\/uploads\/2025\/07\/20250427_1355001-150x150.jpeg\" class=\"attachment-thumbnail size-thumbnail\" alt=\"Widok z trawiastego wzg\u00f3rza na wielopasmow\u0105 drog\u0119 z ruchem ulicznym i umieszczonymi nad ni\u0105 k\u0142adkami. Na pierwszym planie zielona trawa i \u015bcie\u017cka spacerowa, u g\u00f3ry kadru ga\u0142\u0119zie z li\u015b\u0107mi. W tle budynek z du\u017cym muralem przedstawiaj\u0105cym stylizowan\u0105 koci\u0105 twarz i napisem \u201e700\u201d. Pogodne niebo i s\u0142oneczna aura.\" \/><\/a>\n\t\t\t<\/div><\/figure><figure class='gallery-item'>\n\t\t\t<div class='gallery-icon portrait'>\n\t\t\t\t<a data-elementor-open-lightbox=\"yes\" data-elementor-lightbox-slideshow=\"1be369e\" data-elementor-lightbox-title=\"20250427_135151(1)\" data-e-action-hash=\"#elementor-action%3Aaction%3Dlightbox%26settings%3DeyJpZCI6NTkxLCJ1cmwiOiJodHRwczpcL1wvZnVuZGFjamFrbGlrLnBsXC93cC1jb250ZW50XC91cGxvYWRzXC8yMDI1XC8wN1wvMjAyNTA0MjdfMTM1MTUxMS1zY2FsZWQuanBlZyIsInNsaWRlc2hvdyI6IjFiZTM2OWUifQ%3D%3D\" href='https:\/\/fundacjaklik.pl\/wp-content\/uploads\/2025\/07\/20250427_1351511-scaled.jpeg'><img loading=\"lazy\" decoding=\"async\" width=\"150\" height=\"150\" src=\"https:\/\/fundacjaklik.pl\/wp-content\/uploads\/2025\/07\/20250427_1351511-150x150.jpeg\" class=\"attachment-thumbnail size-thumbnail\" alt=\"Nowoczesny bia\u0142y budynek o zaokr\u0105glonych kszta\u0142tach i czerwonej podstawie. Przed wej\u015bciem brukowany chodnik, otoczony zieleni\u0105. Jasny, s\u0142oneczny dzie\u0144.\" \/><\/a>\n\t\t\t<\/div><\/figure><figure class='gallery-item'>\n\t\t\t<div class='gallery-icon portrait'>\n\t\t\t\t<a data-elementor-open-lightbox=\"yes\" data-elementor-lightbox-slideshow=\"1be369e\" data-elementor-lightbox-title=\"20250427_134622\" data-e-action-hash=\"#elementor-action%3Aaction%3Dlightbox%26settings%3DeyJpZCI6NTkwLCJ1cmwiOiJodHRwczpcL1wvZnVuZGFjamFrbGlrLnBsXC93cC1jb250ZW50XC91cGxvYWRzXC8yMDI1XC8wN1wvMjAyNTA0MjdfMTM0NjIyLXNjYWxlZC5qcGVnIiwic2xpZGVzaG93IjoiMWJlMzY5ZSJ9\" href='https:\/\/fundacjaklik.pl\/wp-content\/uploads\/2025\/07\/20250427_134622-scaled.jpeg'><img loading=\"lazy\" decoding=\"async\" width=\"150\" height=\"150\" src=\"https:\/\/fundacjaklik.pl\/wp-content\/uploads\/2025\/07\/20250427_134622-150x150.jpeg\" class=\"attachment-thumbnail size-thumbnail\" alt=\"Wysoki budynek mieszkalny o jasnoszarej elewacji z r\u00f3\u017cowymi akcentami. Przed nim znajduje si\u0119 parking z kilkoma samochodami, otoczony zieleni\u0105, drzewami i g\u0142azami. Pogodny dzie\u0144, bezchmurne niebo.\" \/><\/a>\n\t\t\t<\/div><\/figure><figure class='gallery-item'>\n\t\t\t<div class='gallery-icon landscape'>\n\t\t\t\t<a data-elementor-open-lightbox=\"yes\" data-elementor-lightbox-slideshow=\"1be369e\" data-elementor-lightbox-title=\"814A6650\" data-e-action-hash=\"#elementor-action%3Aaction%3Dlightbox%26settings%3DeyJpZCI6NTg5LCJ1cmwiOiJodHRwczpcL1wvZnVuZGFjamFrbGlrLnBsXC93cC1jb250ZW50XC91cGxvYWRzXC8yMDI1XC8wN1wvODE0QTY2NTAtc2NhbGVkLmpwZWciLCJzbGlkZXNob3ciOiIxYmUzNjllIn0%3D\" href='https:\/\/fundacjaklik.pl\/wp-content\/uploads\/2025\/07\/814A6650-scaled.jpeg'><img loading=\"lazy\" decoding=\"async\" width=\"150\" height=\"150\" src=\"https:\/\/fundacjaklik.pl\/wp-content\/uploads\/2025\/07\/814A6650-150x150.jpeg\" class=\"attachment-thumbnail size-thumbnail\" alt=\"Go\u0142\u0105b stoj\u0105cy na znaku drogowym oznaczaj\u0105cym zakaz zatrzymywania si\u0119 na drodze po\u017carowej. Znak stoi tuz przy \u015bcianie budynku.\" \/><\/a>\n\t\t\t<\/div><\/figure><figure class='gallery-item'>\n\t\t\t<div class='gallery-icon landscape'>\n\t\t\t\t<a data-elementor-open-lightbox=\"yes\" data-elementor-lightbox-slideshow=\"1be369e\" data-elementor-lightbox-title=\"814A6644\" data-e-action-hash=\"#elementor-action%3Aaction%3Dlightbox%26settings%3DeyJpZCI6NTg4LCJ1cmwiOiJodHRwczpcL1wvZnVuZGFjamFrbGlrLnBsXC93cC1jb250ZW50XC91cGxvYWRzXC8yMDI1XC8wN1wvODE0QTY2NDQtc2NhbGVkLmpwZWciLCJzbGlkZXNob3ciOiIxYmUzNjllIn0%3D\" href='https:\/\/fundacjaklik.pl\/wp-content\/uploads\/2025\/07\/814A6644-scaled.jpeg'><img loading=\"lazy\" decoding=\"async\" width=\"150\" height=\"150\" src=\"https:\/\/fundacjaklik.pl\/wp-content\/uploads\/2025\/07\/814A6644-150x150.jpeg\" class=\"attachment-thumbnail size-thumbnail\" alt=\"Schody sfotografowanie od do\u0142u, po lewej barierki, po prawej \u015bciana. nad schodami wida\u0107 fragment budynku z us\u0142ugami i stoj\u0105cy za nim blok mieszkalny.\" \/><\/a>\n\t\t\t<\/div><\/figure><figure class='gallery-item'>\n\t\t\t<div class='gallery-icon portrait'>\n\t\t\t\t<a data-elementor-open-lightbox=\"yes\" data-elementor-lightbox-slideshow=\"1be369e\" data-elementor-lightbox-title=\"814A6643\" data-e-action-hash=\"#elementor-action%3Aaction%3Dlightbox%26settings%3DeyJpZCI6NTg3LCJ1cmwiOiJodHRwczpcL1wvZnVuZGFjamFrbGlrLnBsXC93cC1jb250ZW50XC91cGxvYWRzXC8yMDI1XC8wN1wvODE0QTY2NDMtc2NhbGVkLmpwZWciLCJzbGlkZXNob3ciOiIxYmUzNjllIn0%3D\" href='https:\/\/fundacjaklik.pl\/wp-content\/uploads\/2025\/07\/814A6643-scaled.jpeg'><img loading=\"lazy\" decoding=\"async\" width=\"150\" height=\"150\" src=\"https:\/\/fundacjaklik.pl\/wp-content\/uploads\/2025\/07\/814A6643-150x150.jpeg\" class=\"attachment-thumbnail size-thumbnail\" alt=\"Wielopi\u0119trowy budynek mieszkalny z jasnobe\u017cow\u0105 elewacj\u0105 i pionowym pasem w kolorze musztardowym. Liczne okna i ma\u0142e balkony. Przed budynkiem zadbana ziele\u0144: trawniki, drzewa i krzewy. Na chodniku zielona \u0142awka i kosz na \u015bmieci.\" \/><\/a>\n\t\t\t<\/div><\/figure><figure class='gallery-item'>\n\t\t\t<div class='gallery-icon landscape'>\n\t\t\t\t<a data-elementor-open-lightbox=\"yes\" data-elementor-lightbox-slideshow=\"1be369e\" data-elementor-lightbox-title=\"814A6639\" data-e-action-hash=\"#elementor-action%3Aaction%3Dlightbox%26settings%3DeyJpZCI6NTg2LCJ1cmwiOiJodHRwczpcL1wvZnVuZGFjamFrbGlrLnBsXC93cC1jb250ZW50XC91cGxvYWRzXC8yMDI1XC8wN1wvODE0QTY2Mzktc2NhbGVkLmpwZWciLCJzbGlkZXNob3ciOiIxYmUzNjllIn0%3D\" href='https:\/\/fundacjaklik.pl\/wp-content\/uploads\/2025\/07\/814A6639-scaled.jpeg'><img loading=\"lazy\" decoding=\"async\" width=\"150\" height=\"150\" src=\"https:\/\/fundacjaklik.pl\/wp-content\/uploads\/2025\/07\/814A6639-150x150.jpeg\" class=\"attachment-thumbnail size-thumbnail\" alt=\"Tunel lub przej\u015bcie podziemne z graffiti w formie du\u017cych, stylizowanych liter w kolorach czerni, bieli, czerwieni i szaro\u015bci. \u015aciana o jasnobe\u017cowej fakturze, nawierzchnia asfaltowa. Na ko\u0144cu tunelu widoczne naturalne \u015bwiat\u0142o, sugeruj\u0105ce wyj\u015bcie.\" \/><\/a>\n\t\t\t<\/div><\/figure><figure class='gallery-item'>\n\t\t\t<div class='gallery-icon landscape'>\n\t\t\t\t<a data-elementor-open-lightbox=\"yes\" data-elementor-lightbox-slideshow=\"1be369e\" data-elementor-lightbox-title=\"814A6614\" data-e-action-hash=\"#elementor-action%3Aaction%3Dlightbox%26settings%3DeyJpZCI6NTg1LCJ1cmwiOiJodHRwczpcL1wvZnVuZGFjamFrbGlrLnBsXC93cC1jb250ZW50XC91cGxvYWRzXC8yMDI1XC8wN1wvODE0QTY2MTQtc2NhbGVkLmpwZWciLCJzbGlkZXNob3ciOiIxYmUzNjllIn0%3D\" href='https:\/\/fundacjaklik.pl\/wp-content\/uploads\/2025\/07\/814A6614-scaled.jpeg'><img loading=\"lazy\" decoding=\"async\" width=\"150\" height=\"150\" src=\"https:\/\/fundacjaklik.pl\/wp-content\/uploads\/2025\/07\/814A6614-150x150.jpeg\" class=\"attachment-thumbnail size-thumbnail\" alt=\"Ulica z przej\u015bciem dla pieszych i chodnikiem w miejskiej okolicy. Wida\u0107 osob\u0119 spaceruj\u0105c\u0105 i biegn\u0105c\u0105. Oznakowany czerwony pas dla rower\u00f3w. Ziele\u0144 drzew zapewnia cie\u0144, a niebo jest pogodne. Widoczny znak uliczny z nazw\u0105 \u201eul. Jana Ch\u0119ci\u0144skiego\u201d.\" \/><\/a>\n\t\t\t<\/div><\/figure><figure class='gallery-item'>\n\t\t\t<div class='gallery-icon landscape'>\n\t\t\t\t<a data-elementor-open-lightbox=\"yes\" data-elementor-lightbox-slideshow=\"1be369e\" data-elementor-lightbox-title=\"d6 Iza Krasi\u0144ska - blok i s\u0142o\u0144ce\" data-e-action-hash=\"#elementor-action%3Aaction%3Dlightbox%26settings%3DeyJpZCI6NDYxLCJ1cmwiOiJodHRwczpcL1wvZnVuZGFjamFrbGlrLnBsXC93cC1jb250ZW50XC91cGxvYWRzXC8yMDI0XC8xMlwvZDYtSXphLUtyYXNpbnNrYS1ibG9rLWktc2xvbmNlLXNjYWxlZC5qcGciLCJzbGlkZXNob3ciOiIxYmUzNjllIn0%3D\" href='https:\/\/fundacjaklik.pl\/wp-content\/uploads\/2024\/12\/d6-Iza-Krasinska-blok-i-slonce-scaled.jpg'><img loading=\"lazy\" decoding=\"async\" width=\"150\" height=\"113\" src=\"https:\/\/fundacjaklik.pl\/wp-content\/uploads\/2024\/12\/d6-Iza-Krasinska-blok-i-slonce-scaled.jpg\" class=\"attachment-thumbnail size-thumbnail\" alt=\"Jesienny park w otoczeniu wysokich drzew z \u017c\u00f3\u0142tymi li\u015b\u0107mi. Na ziemi le\u017cy warstwa opad\u0142ych li\u015bci w odcieniach pomara\u0144czowych i br\u0105zowych. W tle widoczne s\u0105 wielopi\u0119trowe budynki mieszkalne w kolorze \u017c\u00f3\u0142tym z bia\u0142ymi oknami. Po prawej stronie \u0142awka przy \u015bcie\u017cce. S\u0142o\u0144ce rzuca d\u0142ugie cienie.\" \/><\/a>\n\t\t\t<\/div><\/figure><figure class='gallery-item'>\n\t\t\t<div class='gallery-icon landscape'>\n\t\t\t\t<a data-elementor-open-lightbox=\"yes\" data-elementor-lightbox-slideshow=\"1be369e\" data-elementor-lightbox-title=\"IMG_7717\" data-e-action-hash=\"#elementor-action%3Aaction%3Dlightbox%26settings%3DeyJpZCI6NjI1LCJ1cmwiOiJodHRwczpcL1wvZnVuZGFjamFrbGlrLnBsXC93cC1jb250ZW50XC91cGxvYWRzXC8yMDI1XC8wOVwvSU1HXzc3MTctc2NhbGVkLmpwZWciLCJzbGlkZXNob3ciOiIxYmUzNjllIn0%3D\" href='https:\/\/fundacjaklik.pl\/wp-content\/uploads\/2025\/09\/IMG_7717-scaled.jpeg'><img loading=\"lazy\" decoding=\"async\" width=\"150\" height=\"150\" src=\"https:\/\/fundacjaklik.pl\/wp-content\/uploads\/2025\/09\/IMG_7717-150x150.jpeg\" class=\"attachment-thumbnail size-thumbnail\" alt=\"Przyczepa kempingowa stoj\u0105ca na parkingu, obok blok\u00f3w mieszkalnych. Wok\u00f3\u0142 wiele drzew.\" \/><\/a>\n\t\t\t<\/div><\/figure><figure class='gallery-item'>\n\t\t\t<div class='gallery-icon landscape'>\n\t\t\t\t<a data-elementor-open-lightbox=\"yes\" data-elementor-lightbox-slideshow=\"1be369e\" data-elementor-lightbox-title=\"IMG_8062\" data-e-action-hash=\"#elementor-action%3Aaction%3Dlightbox%26settings%3DeyJpZCI6NjI3LCJ1cmwiOiJodHRwczpcL1wvZnVuZGFjamFrbGlrLnBsXC93cC1jb250ZW50XC91cGxvYWRzXC8yMDI1XC8wOVwvSU1HXzgwNjItc2NhbGVkLmpwZWciLCJzbGlkZXNob3ciOiIxYmUzNjllIn0%3D\" href='https:\/\/fundacjaklik.pl\/wp-content\/uploads\/2025\/09\/IMG_8062-scaled.jpeg'><img loading=\"lazy\" decoding=\"async\" width=\"150\" height=\"150\" src=\"https:\/\/fundacjaklik.pl\/wp-content\/uploads\/2025\/09\/IMG_8062-150x150.jpeg\" class=\"attachment-thumbnail size-thumbnail\" alt=\"Jad\u0105cy ulic\u0105 autobus miejski linii 34. Obok i dalej w tle widoczne bloki mieszkalne, znaki drogowe i drzewa. Niebo zachmurzone.\" \/><\/a>\n\t\t\t<\/div><\/figure><figure class='gallery-item'>\n\t\t\t<div class='gallery-icon portrait'>\n\t\t\t\t<a data-elementor-open-lightbox=\"yes\" data-elementor-lightbox-slideshow=\"1be369e\" data-elementor-lightbox-title=\"W IMG_7733\" data-e-action-hash=\"#elementor-action%3Aaction%3Dlightbox%26settings%3DeyJpZCI6NjMxLCJ1cmwiOiJodHRwczpcL1wvZnVuZGFjamFrbGlrLnBsXC93cC1jb250ZW50XC91cGxvYWRzXC8yMDI1XC8wOVwvVy1JTUdfNzczMy1zY2FsZWQuanBlZyIsInNsaWRlc2hvdyI6IjFiZTM2OWUifQ%3D%3D\" href='https:\/\/fundacjaklik.pl\/wp-content\/uploads\/2025\/09\/W-IMG_7733-scaled.jpeg'><img loading=\"lazy\" decoding=\"async\" width=\"150\" height=\"150\" src=\"https:\/\/fundacjaklik.pl\/wp-content\/uploads\/2025\/09\/W-IMG_7733-150x150.jpeg\" class=\"attachment-thumbnail size-thumbnail\" alt=\"Bia\u0142y samoch\u00f3d ci\u0119\u017carowy stoj\u0105cy obok placu budowy. Na owym placu stoj\u0105 trzy \u017curawie wie\u017cowe. W tle drzewa.\" \/><\/a>\n\t\t\t<\/div><\/figure>\n\t\t<\/div>\n\t\t<\/div>\n\t\t\t\t\t\t<\/div>\n\t\t\t\t<\/div>\n\t\t\t\t<\/div>\n\t\t\t\t<\/div>\n\t\t\t\t<\/div>\n\t\t\t\t\t<\/div>\n\t\t\t\t<\/div>\n\t\t\t\t<\/div>\n\t\t","protected":false},"excerpt":{"rendered":"<p>&#8220;KLIK w dzielnice &#8211; Czech\u00f3w P\u00f3\u0142nocny i Po\u0142udniowy&#8221; Projekt koncentrowa\u0142 si\u0119 na pokazaniu dzielnic oczami jej mieszka\u0144c\u00f3w. Zrealizowali\u015bmy cykl warsztat\u00f3w radiowych i fotograficznych, podczas kt\u00f3rych uczestnicy pracowali nad stworzeniem materia\u0142\u00f3w autorskich. Podczas wernisa\u017cu ko\u0144cz\u0105cego projekt zaprezentowali\u015bmy efekty ich pracy. A teraz dost\u0119pne s\u0105 one r\u00f3wnie\u017c na naszej stronie.<\/p>\n","protected":false},"author":1,"featured_media":0,"parent":36,"menu_order":1,"comment_status":"closed","ping_status":"closed","template":"","meta":{"footnotes":""},"class_list":["post-580","page","type-page","status-publish","hentry"],"yoast_head":"<!-- This site is optimized with the Yoast SEO plugin v25.5 - https:\/\/yoast.com\/wordpress\/plugins\/seo\/ -->\n<title>KLIK w Dzielnice - Czech\u00f3w P\u00f3\u0142nocny i Po\u0142udniowy - Fundacja KLIK<\/title>\n<meta name=\"robots\" content=\"index, follow, max-snippet:-1, max-image-preview:large, max-video-preview:-1\" \/>\n<link rel=\"canonical\" href=\"https:\/\/fundacjaklik.pl\/index.php\/nasze-projekty\/klik-w-dzielnice-czechow-polnocny-i-poludniowy\/\" \/>\n<meta property=\"og:locale\" content=\"pl_PL\" \/>\n<meta property=\"og:type\" content=\"article\" \/>\n<meta property=\"og:title\" content=\"KLIK w Dzielnice - Czech\u00f3w P\u00f3\u0142nocny i Po\u0142udniowy - Fundacja KLIK\" \/>\n<meta property=\"og:description\" content=\"&#8220;KLIK w dzielnice &#8211; Czech\u00f3w P\u00f3\u0142nocny i Po\u0142udniowy&#8221; Projekt koncentrowa\u0142 si\u0119 na pokazaniu dzielnic oczami jej mieszka\u0144c\u00f3w. Zrealizowali\u015bmy cykl warsztat\u00f3w radiowych i fotograficznych, podczas kt\u00f3rych uczestnicy pracowali nad stworzeniem materia\u0142\u00f3w autorskich. Podczas wernisa\u017cu ko\u0144cz\u0105cego projekt zaprezentowali\u015bmy efekty ich pracy. A teraz dost\u0119pne s\u0105 one r\u00f3wnie\u017c na naszej stronie.\" \/>\n<meta property=\"og:url\" content=\"https:\/\/fundacjaklik.pl\/index.php\/nasze-projekty\/klik-w-dzielnice-czechow-polnocny-i-poludniowy\/\" \/>\n<meta property=\"og:site_name\" content=\"Fundacja KLIK\" \/>\n<meta property=\"article:modified_time\" content=\"2025-09-11T13:12:33+00:00\" \/>\n<meta property=\"og:image\" content=\"http:\/\/fundacjaklik.pl\/wp-content\/uploads\/2025\/07\/IMG_7677.jpeg\" \/>\n<meta name=\"twitter:card\" content=\"summary_large_image\" \/>\n<meta name=\"twitter:label1\" content=\"Szacowany czas czytania\" \/>\n\t<meta name=\"twitter:data1\" content=\"7 minut\" \/>\n<script type=\"application\/ld+json\" class=\"yoast-schema-graph\">{\"@context\":\"https:\/\/schema.org\",\"@graph\":[{\"@type\":\"WebPage\",\"@id\":\"https:\/\/fundacjaklik.pl\/index.php\/nasze-projekty\/klik-w-dzielnice-czechow-polnocny-i-poludniowy\/\",\"url\":\"https:\/\/fundacjaklik.pl\/index.php\/nasze-projekty\/klik-w-dzielnice-czechow-polnocny-i-poludniowy\/\",\"name\":\"KLIK w Dzielnice - Czech\u00f3w P\u00f3\u0142nocny i Po\u0142udniowy - Fundacja KLIK\",\"isPartOf\":{\"@id\":\"https:\/\/fundacjaklik.pl\/#website\"},\"primaryImageOfPage\":{\"@id\":\"https:\/\/fundacjaklik.pl\/index.php\/nasze-projekty\/klik-w-dzielnice-czechow-polnocny-i-poludniowy\/#primaryimage\"},\"image\":{\"@id\":\"https:\/\/fundacjaklik.pl\/index.php\/nasze-projekty\/klik-w-dzielnice-czechow-polnocny-i-poludniowy\/#primaryimage\"},\"thumbnailUrl\":\"http:\/\/fundacjaklik.pl\/wp-content\/uploads\/2025\/07\/IMG_7677.jpeg\",\"datePublished\":\"2025-07-24T14:22:09+00:00\",\"dateModified\":\"2025-09-11T13:12:33+00:00\",\"breadcrumb\":{\"@id\":\"https:\/\/fundacjaklik.pl\/index.php\/nasze-projekty\/klik-w-dzielnice-czechow-polnocny-i-poludniowy\/#breadcrumb\"},\"inLanguage\":\"pl-PL\",\"potentialAction\":[{\"@type\":\"ReadAction\",\"target\":[\"https:\/\/fundacjaklik.pl\/index.php\/nasze-projekty\/klik-w-dzielnice-czechow-polnocny-i-poludniowy\/\"]}]},{\"@type\":\"ImageObject\",\"inLanguage\":\"pl-PL\",\"@id\":\"https:\/\/fundacjaklik.pl\/index.php\/nasze-projekty\/klik-w-dzielnice-czechow-polnocny-i-poludniowy\/#primaryimage\",\"url\":\"http:\/\/fundacjaklik.pl\/wp-content\/uploads\/2025\/07\/IMG_7677.jpeg\",\"contentUrl\":\"http:\/\/fundacjaklik.pl\/wp-content\/uploads\/2025\/07\/IMG_7677.jpeg\"},{\"@type\":\"BreadcrumbList\",\"@id\":\"https:\/\/fundacjaklik.pl\/index.php\/nasze-projekty\/klik-w-dzielnice-czechow-polnocny-i-poludniowy\/#breadcrumb\",\"itemListElement\":[{\"@type\":\"ListItem\",\"position\":1,\"name\":\"Strona g\u0142\u00f3wna\",\"item\":\"https:\/\/fundacjaklik.pl\/\"},{\"@type\":\"ListItem\",\"position\":2,\"name\":\"Nasze projekty\",\"item\":\"https:\/\/fundacjaklik.pl\/index.php\/nasze-projekty\/\"},{\"@type\":\"ListItem\",\"position\":3,\"name\":\"KLIK w Dzielnice &#8211; Czech\u00f3w P\u00f3\u0142nocny i Po\u0142udniowy\"}]},{\"@type\":\"WebSite\",\"@id\":\"https:\/\/fundacjaklik.pl\/#website\",\"url\":\"https:\/\/fundacjaklik.pl\/\",\"name\":\"Fundacja KLIK\",\"description\":\"Fundacja KLIK tworzy przestrze\u0144 dla os\u00f3b chc\u0105cych rozwija\u0107 si\u0119 w r\u00f3\u017cnych dziedzinach kultury, dzia\u0142alno\u015bci artystycznej i edukacji.\",\"publisher\":{\"@id\":\"https:\/\/fundacjaklik.pl\/#organization\"},\"potentialAction\":[{\"@type\":\"SearchAction\",\"target\":{\"@type\":\"EntryPoint\",\"urlTemplate\":\"https:\/\/fundacjaklik.pl\/?s={search_term_string}\"},\"query-input\":{\"@type\":\"PropertyValueSpecification\",\"valueRequired\":true,\"valueName\":\"search_term_string\"}}],\"inLanguage\":\"pl-PL\"},{\"@type\":\"Organization\",\"@id\":\"https:\/\/fundacjaklik.pl\/#organization\",\"name\":\"Fundacja KLIK\",\"url\":\"https:\/\/fundacjaklik.pl\/\",\"logo\":{\"@type\":\"ImageObject\",\"inLanguage\":\"pl-PL\",\"@id\":\"https:\/\/fundacjaklik.pl\/#\/schema\/logo\/image\/\",\"url\":\"https:\/\/fundacjaklik.pl\/wp-content\/uploads\/2023\/10\/cropped-Projekt-bez-nazwy.png\",\"contentUrl\":\"https:\/\/fundacjaklik.pl\/wp-content\/uploads\/2023\/10\/cropped-Projekt-bez-nazwy.png\",\"width\":384,\"height\":264,\"caption\":\"Fundacja KLIK\"},\"image\":{\"@id\":\"https:\/\/fundacjaklik.pl\/#\/schema\/logo\/image\/\"}}]}<\/script>\n<!-- \/ Yoast SEO plugin. -->","yoast_head_json":{"title":"KLIK w Dzielnice - Czech\u00f3w P\u00f3\u0142nocny i Po\u0142udniowy - Fundacja KLIK","robots":{"index":"index","follow":"follow","max-snippet":"max-snippet:-1","max-image-preview":"max-image-preview:large","max-video-preview":"max-video-preview:-1"},"canonical":"https:\/\/fundacjaklik.pl\/index.php\/nasze-projekty\/klik-w-dzielnice-czechow-polnocny-i-poludniowy\/","og_locale":"pl_PL","og_type":"article","og_title":"KLIK w Dzielnice - Czech\u00f3w P\u00f3\u0142nocny i Po\u0142udniowy - Fundacja KLIK","og_description":"&#8220;KLIK w dzielnice &#8211; Czech\u00f3w P\u00f3\u0142nocny i Po\u0142udniowy&#8221; Projekt koncentrowa\u0142 si\u0119 na pokazaniu dzielnic oczami jej mieszka\u0144c\u00f3w. Zrealizowali\u015bmy cykl warsztat\u00f3w radiowych i fotograficznych, podczas kt\u00f3rych uczestnicy pracowali nad stworzeniem materia\u0142\u00f3w autorskich. Podczas wernisa\u017cu ko\u0144cz\u0105cego projekt zaprezentowali\u015bmy efekty ich pracy. A teraz dost\u0119pne s\u0105 one r\u00f3wnie\u017c na naszej stronie.","og_url":"https:\/\/fundacjaklik.pl\/index.php\/nasze-projekty\/klik-w-dzielnice-czechow-polnocny-i-poludniowy\/","og_site_name":"Fundacja KLIK","article_modified_time":"2025-09-11T13:12:33+00:00","og_image":[{"url":"http:\/\/fundacjaklik.pl\/wp-content\/uploads\/2025\/07\/IMG_7677.jpeg","type":"","width":"","height":""}],"twitter_card":"summary_large_image","twitter_misc":{"Szacowany czas czytania":"7 minut"},"schema":{"@context":"https:\/\/schema.org","@graph":[{"@type":"WebPage","@id":"https:\/\/fundacjaklik.pl\/index.php\/nasze-projekty\/klik-w-dzielnice-czechow-polnocny-i-poludniowy\/","url":"https:\/\/fundacjaklik.pl\/index.php\/nasze-projekty\/klik-w-dzielnice-czechow-polnocny-i-poludniowy\/","name":"KLIK w Dzielnice - Czech\u00f3w P\u00f3\u0142nocny i Po\u0142udniowy - Fundacja KLIK","isPartOf":{"@id":"https:\/\/fundacjaklik.pl\/#website"},"primaryImageOfPage":{"@id":"https:\/\/fundacjaklik.pl\/index.php\/nasze-projekty\/klik-w-dzielnice-czechow-polnocny-i-poludniowy\/#primaryimage"},"image":{"@id":"https:\/\/fundacjaklik.pl\/index.php\/nasze-projekty\/klik-w-dzielnice-czechow-polnocny-i-poludniowy\/#primaryimage"},"thumbnailUrl":"http:\/\/fundacjaklik.pl\/wp-content\/uploads\/2025\/07\/IMG_7677.jpeg","datePublished":"2025-07-24T14:22:09+00:00","dateModified":"2025-09-11T13:12:33+00:00","breadcrumb":{"@id":"https:\/\/fundacjaklik.pl\/index.php\/nasze-projekty\/klik-w-dzielnice-czechow-polnocny-i-poludniowy\/#breadcrumb"},"inLanguage":"pl-PL","potentialAction":[{"@type":"ReadAction","target":["https:\/\/fundacjaklik.pl\/index.php\/nasze-projekty\/klik-w-dzielnice-czechow-polnocny-i-poludniowy\/"]}]},{"@type":"ImageObject","inLanguage":"pl-PL","@id":"https:\/\/fundacjaklik.pl\/index.php\/nasze-projekty\/klik-w-dzielnice-czechow-polnocny-i-poludniowy\/#primaryimage","url":"http:\/\/fundacjaklik.pl\/wp-content\/uploads\/2025\/07\/IMG_7677.jpeg","contentUrl":"http:\/\/fundacjaklik.pl\/wp-content\/uploads\/2025\/07\/IMG_7677.jpeg"},{"@type":"BreadcrumbList","@id":"https:\/\/fundacjaklik.pl\/index.php\/nasze-projekty\/klik-w-dzielnice-czechow-polnocny-i-poludniowy\/#breadcrumb","itemListElement":[{"@type":"ListItem","position":1,"name":"Strona g\u0142\u00f3wna","item":"https:\/\/fundacjaklik.pl\/"},{"@type":"ListItem","position":2,"name":"Nasze projekty","item":"https:\/\/fundacjaklik.pl\/index.php\/nasze-projekty\/"},{"@type":"ListItem","position":3,"name":"KLIK w Dzielnice &#8211; Czech\u00f3w P\u00f3\u0142nocny i Po\u0142udniowy"}]},{"@type":"WebSite","@id":"https:\/\/fundacjaklik.pl\/#website","url":"https:\/\/fundacjaklik.pl\/","name":"Fundacja KLIK","description":"Fundacja KLIK tworzy przestrze\u0144 dla os\u00f3b chc\u0105cych rozwija\u0107 si\u0119 w r\u00f3\u017cnych dziedzinach kultury, dzia\u0142alno\u015bci artystycznej i edukacji.","publisher":{"@id":"https:\/\/fundacjaklik.pl\/#organization"},"potentialAction":[{"@type":"SearchAction","target":{"@type":"EntryPoint","urlTemplate":"https:\/\/fundacjaklik.pl\/?s={search_term_string}"},"query-input":{"@type":"PropertyValueSpecification","valueRequired":true,"valueName":"search_term_string"}}],"inLanguage":"pl-PL"},{"@type":"Organization","@id":"https:\/\/fundacjaklik.pl\/#organization","name":"Fundacja KLIK","url":"https:\/\/fundacjaklik.pl\/","logo":{"@type":"ImageObject","inLanguage":"pl-PL","@id":"https:\/\/fundacjaklik.pl\/#\/schema\/logo\/image\/","url":"https:\/\/fundacjaklik.pl\/wp-content\/uploads\/2023\/10\/cropped-Projekt-bez-nazwy.png","contentUrl":"https:\/\/fundacjaklik.pl\/wp-content\/uploads\/2023\/10\/cropped-Projekt-bez-nazwy.png","width":384,"height":264,"caption":"Fundacja KLIK"},"image":{"@id":"https:\/\/fundacjaklik.pl\/#\/schema\/logo\/image\/"}}]}},"_links":{"self":[{"href":"https:\/\/fundacjaklik.pl\/index.php\/wp-json\/wp\/v2\/pages\/580","targetHints":{"allow":["GET"]}}],"collection":[{"href":"https:\/\/fundacjaklik.pl\/index.php\/wp-json\/wp\/v2\/pages"}],"about":[{"href":"https:\/\/fundacjaklik.pl\/index.php\/wp-json\/wp\/v2\/types\/page"}],"author":[{"embeddable":true,"href":"https:\/\/fundacjaklik.pl\/index.php\/wp-json\/wp\/v2\/users\/1"}],"replies":[{"embeddable":true,"href":"https:\/\/fundacjaklik.pl\/index.php\/wp-json\/wp\/v2\/comments?post=580"}],"version-history":[{"count":11,"href":"https:\/\/fundacjaklik.pl\/index.php\/wp-json\/wp\/v2\/pages\/580\/revisions"}],"predecessor-version":[{"id":644,"href":"https:\/\/fundacjaklik.pl\/index.php\/wp-json\/wp\/v2\/pages\/580\/revisions\/644"}],"up":[{"embeddable":true,"href":"https:\/\/fundacjaklik.pl\/index.php\/wp-json\/wp\/v2\/pages\/36"}],"wp:attachment":[{"href":"https:\/\/fundacjaklik.pl\/index.php\/wp-json\/wp\/v2\/media?parent=580"}],"curies":[{"name":"wp","href":"https:\/\/api.w.org\/{rel}","templated":true}]}}