{"id":487,"date":"2025-02-20T19:47:47","date_gmt":"2025-02-20T18:47:47","guid":{"rendered":"https:\/\/fundacjaklik.pl\/?page_id=487"},"modified":"2025-07-24T16:24:19","modified_gmt":"2025-07-24T14:24:19","slug":"klik-w-dzielnice-rury","status":"publish","type":"page","link":"https:\/\/fundacjaklik.pl\/index.php\/nasze-projekty\/klik-w-dzielnice-rury\/","title":{"rendered":"KLIK w dzielnic\u0119 &#8211; Rury"},"content":{"rendered":"\t\t<div data-elementor-type=\"wp-page\" data-elementor-id=\"487\" class=\"elementor elementor-487\">\n\t\t\t\t<div class=\"elementor-element elementor-element-81fff5e e-flex e-con-boxed e-con e-parent\" data-id=\"81fff5e\" data-element_type=\"container\">\n\t\t\t\t\t<div class=\"e-con-inner\">\n\t\t<div class=\"elementor-element elementor-element-1a75be4 e-con-full e-flex e-con e-child\" data-id=\"1a75be4\" data-element_type=\"container\">\n\t\t\t\t<div class=\"elementor-element elementor-element-732d9da elementor-widget elementor-widget-text-editor\" data-id=\"732d9da\" data-element_type=\"widget\" data-widget_type=\"text-editor.default\">\n\t\t\t\t<div class=\"elementor-widget-container\">\n\t\t\t\t\t\t\t\t\t<h3>&#8220;KLIK w dzielnic\u0119 &#8211; Rury&#8221;<\/h3><p>Projekt koncentrowa\u0142 si\u0119 na pokazaniu dzielnicy Rury oczami jej mieszka\u0144c\u00f3w. Zrealizowali\u015bmy cykl warsztat\u00f3w radiowych i fotograficznych, podczas kt\u00f3rych uczestnicy pracowali nad stworzeniem materia\u0142\u00f3w autorskich. Podczas wernisa\u017cu ko\u0144cz\u0105cego projekt zaprezentowali\u015bmy efekty ich pracy. A teraz dost\u0119pne s\u0105 one r\u00f3wnie\u017c na naszej stronie.<\/p>\t\t\t\t\t\t\t\t<\/div>\n\t\t\t\t<\/div>\n\t\t\t\t<div class=\"elementor-element elementor-element-66f8941 elementor-widget elementor-widget-music-player\" data-id=\"66f8941\" data-element_type=\"widget\" data-widget_type=\"music-player.default\">\n\t\t\t\t<div class=\"elementor-widget-container\">\n\t\t\t\t\t<article id=\"arbitrary-instance-69f41b536ded1\" class=\"iron_widget_radio playlist_enabled\"><div class=\"iron-audioplayer  show-playlist playlist_has_no_ctas skin_floated\" id=\"arbitrary-instance-69f41b536ded1-ea5abd8d34\" data-id=\"arbitrary-instance-69f41b536ded1\" data-track-sw-cursor=\"\" data-lazyload=\"\" data-albums=\"487\" data-category=\"\" data-url-playlist=\"https:\/\/fundacjaklik.pl\/?load=playlist.json&#038;title=&#038;albums=487&#038;category=&#038;posts_not_in=&#038;category_not_in=&#038;author=&#038;feed_title=&#038;feed=1&#038;feed_img=&#038;el_widget_id=66f8941&#038;artwork=&#038;posts_per_pages=-1&#038;all_category=&#038;single_playlist=&#038;reverse_tracklist=&#038;audio_meta_field=&#038;repeater_meta_field=&#038;import_file=&#038;rss_items=-1&#038;rss_item_title=&#038;is_favorite=&#038;is_recentlyplayed=&#038;srp_order=date_DESC\" data-sticky-player=\"\" data-shuffle=\"false\" data-playlist_title=\"\" data-scrollbar=\"\" data-wave-color=\"\" data-wave-progress-color=\"\" data-spectro=\"\" data-no-wave=\"\" data-hide-progressbar=\"\" data-progress-bar-style=\"\"data-feedurl=\"1\" data-notrackskip=\"\" data-no-loop-tracklist=\"\" data-playertemplate =\"skin_float_tracklist\" data-hide-artwork =\"\" data-speedrate=\"1\"  data-tracks-per-page=\"\" data-pagination_scroll_offset=\"\" data-adaptive-colors=\"\" data-adaptive-colors-freeze=\"\" style=\"opacity:0;\"><div class=\"sonaar-grid\" ><div class=\"sonaar-Artwort-box \">\n                <div class=\"control\">\n                    \n                <\/div>\n                <div class=\"album\">\n                    <div class=\"album-art\">\n                        <img alt=\"album-art\">\n                    <\/div>\n                <\/div>\n                <\/div><div class=\"playlist sr_waveform_simplebar\"  id=\"playlist_arbitrary-instance-69f41b536ded1\"><h3 class=\"sr_it-playlist-title\"><\/h3><div class=\"srp_subtitle\"><\/div><div class=\"srp_tracklist\"><ul class=\"srp_list\"><li \n            class=\"sr-playlist-item\" \n            data-audiopath=\"http:\/\/fundacjaklik.pl\/wp-content\/uploads\/2024\/12\/LSM-material-na-wernisaz.mp3\"\n            data-showloading=\"1\"\n            data-albumTitle=\"\"\n            data-albumArt=\"\"\n            data-releasedate=\"\"\n            data-date=\"\"\n            data-date-formated=\"\"\n            data-show-date=\"\"\n            data-trackTitle=\"\u201cPrace spo\u0142eczne, widoczki i \u015bwinia w wannie \u2013 wspomnienia o LSM\u201d\"\n            data-artist=\"\"\n            data-trackID=\"358\"\n            data-trackTime=\"5:24\"\n            data-relatedTrack=\"\"\n            data-post-url=\"\"\n            data-post-id=\"\"\n            data-track-pos=\"0\"\n            data-peakFile=\"\"\n            data-peakFile-allow=\"name\"\n            data-is-preview=\"\"\n            data-track-lyric=\"\"><div class=\"sr-playlist-item-flex\"><span class=\"store-list\"><\/span><\/div><div class=\"srp_track_description\"><\/div><\/li><\/ul><\/div><\/div><\/div><div class=\"album-player sr_waveform_simplebar\"><div class=\"srp_miniplayer_metas\"><div class=\" srp_meta srp_meta_0 track-title\" data-prefix=\"\" aria-label=\"Track title\"><\/div><\/div> <div class=\"player \" ><div class=\"sr_progressbar\">\n                \n            <div class=\"currentTime\">00:00<\/div>\n         \n                <div id=\"arbitrary-instance-69f41b536ded1-18568bf7e6-wave\" class=\"wave\" >\n                 \n        <div class=\"sonaar_fake_wave\" > \n            <audio src=\"\" class=\"sonaar_media_element\"><\/audio> \n            <div class=\"sonaar_wave_base\"> \n                <canvas id=\"sonaar_wave_base_canvas\" class=\"\" height=\"70\" width=\"2540\"><\/canvas> \n                <svg><\/svg> \n            <\/div> \n            <div class=\"sonaar_wave_cut\"> \n                <canvas id=\"sonaar_wave_cut_canvas\" class=\"\" height=\"70\" width=\"2540\"><\/canvas> \n                <svg><\/svg> \n            <\/div> \n        <\/div> \n                <\/div>\n                \n            <div class=\"totalTime\"><\/div>\n         \n             <\/div><div class=\"srp_main_control srp_oneColumn\"><div class=\"control\"><div class=\"play\" style=\"opacity:0;\" aria-label=\"Play\" title=\"Play\/Pause\">\n                <i class=\"sricon-play\"><\/i>\n            <\/div><\/div><div class=\"control\"><\/div><\/div><\/div><\/div><div class=\"album-store\"><\/div><\/div><script id=\"srp_js_params_69f41b536ded1\">\n        var srp_player_params_69f41b536ded1 = {\"title\":\"\",\"store_title_text\":\"\",\"albums\":\"487\",\"hide_artwork\":\"false\",\"sticky_player\":\"\",\"show_album_market\":\"false\",\"show_track_market\":\"true\",\"hide_timeline\":\"false\",\"elementor\":\"true\",\"tracks_per_page\":\"\",\"titletag_soundwave\":\"div\",\"titletag_playlist\":\"h3\",\"show_control_on_hover\":\"false\",\"show_playlist\":\"true\",\"reverse_tracklist\":\"\",\"wave_color\":\"\",\"wave_progress_color\":\"\",\"spectro\":\"\",\"shuffle\":\"\",\"searchbar\":\"\",\"searchbar_placeholder\":\"\",\"player_layout\":\"skin_float_tracklist\",\"playlist_title\":\"\",\"0\":\"i\",\"1\":\"\\u015bwinia\",\"2\":\"w\",\"3\":\"wannie\\\"\",\"feed\":\"1\",\"el_widget_id\":\"66f8941\",\"artwork\":\"\",\"orderby\":\"date\",\"order\":\"DESC\",\"use_play_label_with_icon\":\"false\",\"main_settings\":\"||\"} \n        var srp_player_params_args_69f41b536ded1 = {\"before_widget\":\"<article id=\\\"arbitrary-instance-69f41b536ded1\\\" class=\\\"iron_widget_radio playlist_enabled\\\">\",\"after_widget\":\"<\\\/article>\",\"before_title\":\"<span class='heading-t3'><\\\/span><h3 class=\\\"widgettitle\\\">\",\"after_title\":\"<\\\/h3>\",\"widget_id\":\"arbitrary-instance-69f41b536ded1\"}  \n        <\/script><script>if(typeof setIronAudioplayers !== \"undefined\"){ setIronAudioplayers(\"arbitrary-instance-69f41b536ded1\"); }<\/script><\/article>\t\t\t\t<\/div>\n\t\t\t\t<\/div>\n\t\t<div class=\"elementor-element elementor-element-13ade8b e-con-full e-flex e-con e-child\" data-id=\"13ade8b\" data-element_type=\"container\">\n\t\t\t\t<div class=\"elementor-element elementor-element-6272cab elementor-widget elementor-widget-image-gallery\" data-id=\"6272cab\" data-element_type=\"widget\" data-widget_type=\"image-gallery.default\">\n\t\t\t\t<div class=\"elementor-widget-container\">\n\t\t\t\t\t\t\t<div class=\"elementor-image-gallery\">\n\t\t\t<div id='gallery-1' class='gallery galleryid-487 gallery-columns-5 gallery-size-thumbnail'><figure class='gallery-item'>\n\t\t\t<div class='gallery-icon portrait'>\n\t\t\t\t<a data-elementor-open-lightbox=\"yes\" data-elementor-lightbox-slideshow=\"6272cab\" data-elementor-lightbox-title=\"IMG_20241113_115432\" data-e-action-hash=\"#elementor-action%3Aaction%3Dlightbox%26settings%3DeyJpZCI6MzU5LCJ1cmwiOiJodHRwczpcL1wvZnVuZGFjamFrbGlrLnBsXC93cC1jb250ZW50XC91cGxvYWRzXC8yMDI0XC8xMlwvSU1HXzIwMjQxMTEzXzExNTQzMi5qcGciLCJzbGlkZXNob3ciOiI2MjcyY2FiIn0%3D\" href='https:\/\/fundacjaklik.pl\/wp-content\/uploads\/2024\/12\/IMG_20241113_115432.jpg'><img decoding=\"async\" width=\"150\" height=\"150\" src=\"https:\/\/fundacjaklik.pl\/wp-content\/uploads\/2024\/12\/IMG_20241113_115432-150x150.jpg\" class=\"attachment-thumbnail size-thumbnail\" alt=\"Nowoczesny budynek z dachem w kszta\u0142cie litery \u201eV\u201d. Fasada r\u00f3\u017cowo-zielona z du\u017cymi oknami. Przed wej\u015bciem schody, na pierwszym planie krzew przy chodniku. Wok\u00f3\u0142 drzewa i ziele\u0144.\" \/><\/a>\n\t\t\t<\/div><\/figure><figure class='gallery-item'>\n\t\t\t<div class='gallery-icon portrait'>\n\t\t\t\t<a data-elementor-open-lightbox=\"yes\" data-elementor-lightbox-slideshow=\"6272cab\" data-elementor-lightbox-title=\"IMG_20241113_115624\" data-e-action-hash=\"#elementor-action%3Aaction%3Dlightbox%26settings%3DeyJpZCI6MzYwLCJ1cmwiOiJodHRwczpcL1wvZnVuZGFjamFrbGlrLnBsXC93cC1jb250ZW50XC91cGxvYWRzXC8yMDI0XC8xMlwvSU1HXzIwMjQxMTEzXzExNTYyNC5qcGciLCJzbGlkZXNob3ciOiI2MjcyY2FiIn0%3D\" href='https:\/\/fundacjaklik.pl\/wp-content\/uploads\/2024\/12\/IMG_20241113_115624.jpg'><img decoding=\"async\" width=\"150\" height=\"150\" src=\"https:\/\/fundacjaklik.pl\/wp-content\/uploads\/2024\/12\/IMG_20241113_115624-150x150.jpg\" class=\"attachment-thumbnail size-thumbnail\" alt=\"Mural wykonany na elewacji budynku, przedstawiaj\u0105cy wagonik kolejki z naniesionym numerem 25. Z prawej strony zdj\u0119cia wida\u0107 schody, fragment terenu, a w tle drugi budynek.\" \/><\/a>\n\t\t\t<\/div><\/figure><figure class='gallery-item'>\n\t\t\t<div class='gallery-icon portrait'>\n\t\t\t\t<a data-elementor-open-lightbox=\"yes\" data-elementor-lightbox-slideshow=\"6272cab\" data-elementor-lightbox-title=\"IMG_20241109_162054\" data-e-action-hash=\"#elementor-action%3Aaction%3Dlightbox%26settings%3DeyJpZCI6MzYxLCJ1cmwiOiJodHRwczpcL1wvZnVuZGFjamFrbGlrLnBsXC93cC1jb250ZW50XC91cGxvYWRzXC8yMDI0XC8xMlwvSU1HXzIwMjQxMTA5XzE2MjA1NC1zY2FsZWQuanBnIiwic2xpZGVzaG93IjoiNjI3MmNhYiJ9\" href='https:\/\/fundacjaklik.pl\/wp-content\/uploads\/2024\/12\/IMG_20241109_162054-scaled.jpg'><img decoding=\"async\" width=\"150\" height=\"150\" src=\"https:\/\/fundacjaklik.pl\/wp-content\/uploads\/2024\/12\/IMG_20241109_162054-150x150.jpg\" class=\"attachment-thumbnail size-thumbnail\" alt=\"Dwa budynki po bokach zdj\u0119cia, po\u015brodku ulica i zaparkowane na wprost samochody. W tle kopu\u0142a Hali Globus w Lublinie.\" \/><\/a>\n\t\t\t<\/div><\/figure><figure class='gallery-item'>\n\t\t\t<div class='gallery-icon portrait'>\n\t\t\t\t<a data-elementor-open-lightbox=\"yes\" data-elementor-lightbox-slideshow=\"6272cab\" data-elementor-lightbox-title=\"IMG_20241109_162315\" data-e-action-hash=\"#elementor-action%3Aaction%3Dlightbox%26settings%3DeyJpZCI6MzYyLCJ1cmwiOiJodHRwczpcL1wvZnVuZGFjamFrbGlrLnBsXC93cC1jb250ZW50XC91cGxvYWRzXC8yMDI0XC8xMlwvSU1HXzIwMjQxMTA5XzE2MjMxNS1zY2FsZWQuanBnIiwic2xpZGVzaG93IjoiNjI3MmNhYiJ9\" href='https:\/\/fundacjaklik.pl\/wp-content\/uploads\/2024\/12\/IMG_20241109_162315-scaled.jpg'><img loading=\"lazy\" decoding=\"async\" width=\"150\" height=\"150\" src=\"https:\/\/fundacjaklik.pl\/wp-content\/uploads\/2024\/12\/IMG_20241109_162315-150x150.jpg\" class=\"attachment-thumbnail size-thumbnail\" alt=\"Blok mieszkalny widziany od do\u0142u. Po\u015brodku zdj\u0119cia okna, na brzegach balkony.\" \/><\/a>\n\t\t\t<\/div><\/figure><figure class='gallery-item'>\n\t\t\t<div class='gallery-icon portrait'>\n\t\t\t\t<a data-elementor-open-lightbox=\"yes\" data-elementor-lightbox-slideshow=\"6272cab\" data-elementor-lightbox-title=\"IMG_20241109_162241\" data-e-action-hash=\"#elementor-action%3Aaction%3Dlightbox%26settings%3DeyJpZCI6MzYzLCJ1cmwiOiJodHRwczpcL1wvZnVuZGFjamFrbGlrLnBsXC93cC1jb250ZW50XC91cGxvYWRzXC8yMDI0XC8xMlwvSU1HXzIwMjQxMTA5XzE2MjI0MS1zY2FsZWQuanBnIiwic2xpZGVzaG93IjoiNjI3MmNhYiJ9\" href='https:\/\/fundacjaklik.pl\/wp-content\/uploads\/2024\/12\/IMG_20241109_162241-scaled.jpg'><img loading=\"lazy\" decoding=\"async\" width=\"150\" height=\"150\" src=\"https:\/\/fundacjaklik.pl\/wp-content\/uploads\/2024\/12\/IMG_20241109_162241-150x150.jpg\" class=\"attachment-thumbnail size-thumbnail\" alt=\"Szara por\u0119cz z domontowanym, zaokr\u0105glonym elementem ozdobnym, kt\u00f3ry w \u015brodku jest prze\u017aroczysty. W tle ulica i bloki mieszkalne.\" \/><\/a>\n\t\t\t<\/div><\/figure><figure class='gallery-item'>\n\t\t\t<div class='gallery-icon portrait'>\n\t\t\t\t<a data-elementor-open-lightbox=\"yes\" data-elementor-lightbox-slideshow=\"6272cab\" data-elementor-lightbox-title=\"IMG_20241113_114242\" data-e-action-hash=\"#elementor-action%3Aaction%3Dlightbox%26settings%3DeyJpZCI6MzY0LCJ1cmwiOiJodHRwczpcL1wvZnVuZGFjamFrbGlrLnBsXC93cC1jb250ZW50XC91cGxvYWRzXC8yMDI0XC8xMlwvSU1HXzIwMjQxMTEzXzExNDI0Mi5qcGciLCJzbGlkZXNob3ciOiI2MjcyY2FiIn0%3D\" href='https:\/\/fundacjaklik.pl\/wp-content\/uploads\/2024\/12\/IMG_20241113_114242.jpg'><img loading=\"lazy\" decoding=\"async\" width=\"150\" height=\"150\" src=\"https:\/\/fundacjaklik.pl\/wp-content\/uploads\/2024\/12\/IMG_20241113_114242-150x150.jpg\" class=\"attachment-thumbnail size-thumbnail\" alt=\"Ptak siedz\u0105cy na szczycie wzg\u00f3rza. Na g\u00f3rze fragment pozbawionej li\u015bci korony drzewa.\" \/><\/a>\n\t\t\t<\/div><\/figure><figure class='gallery-item'>\n\t\t\t<div class='gallery-icon portrait'>\n\t\t\t\t<a data-elementor-open-lightbox=\"yes\" data-elementor-lightbox-slideshow=\"6272cab\" data-elementor-lightbox-title=\"Iza Krasi\u0144ska -x 3\" data-e-action-hash=\"#elementor-action%3Aaction%3Dlightbox%26settings%3DeyJpZCI6MzY1LCJ1cmwiOiJodHRwczpcL1wvZnVuZGFjamFrbGlrLnBsXC93cC1jb250ZW50XC91cGxvYWRzXC8yMDI0XC8xMlwvSXphLUtyYXNpbnNrYS14LTMtc2NhbGVkLmpwZyIsInNsaWRlc2hvdyI6IjYyNzJjYWIifQ%3D%3D\" href='https:\/\/fundacjaklik.pl\/wp-content\/uploads\/2024\/12\/Iza-Krasinska-x-3-scaled.jpg'><img loading=\"lazy\" decoding=\"async\" width=\"150\" height=\"150\" src=\"https:\/\/fundacjaklik.pl\/wp-content\/uploads\/2024\/12\/Iza-Krasinska-x-3-150x150.jpg\" class=\"attachment-thumbnail size-thumbnail\" alt=\"Fragment \u015bciany budynku z mozaik\u0105 kamiennych element\u00f3w w metalowych ramach. Obok bia\u0142y filar w kszta\u0142cie litery \u201eX\u201d.\" \/><\/a>\n\t\t\t<\/div><\/figure><figure class='gallery-item'>\n\t\t\t<div class='gallery-icon portrait'>\n\t\t\t\t<a data-elementor-open-lightbox=\"yes\" data-elementor-lightbox-slideshow=\"6272cab\" data-elementor-lightbox-title=\"a1 Iza Krasi\u0144ska - anio\u0142\" data-e-action-hash=\"#elementor-action%3Aaction%3Dlightbox%26settings%3DeyJpZCI6MzY2LCJ1cmwiOiJodHRwczpcL1wvZnVuZGFjamFrbGlrLnBsXC93cC1jb250ZW50XC91cGxvYWRzXC8yMDI0XC8xMlwvYTEtSXphLUtyYXNpbnNrYS1hbmlvbC1zY2FsZWQuanBnIiwic2xpZGVzaG93IjoiNjI3MmNhYiJ9\" href='https:\/\/fundacjaklik.pl\/wp-content\/uploads\/2024\/12\/a1-Iza-Krasinska-aniol-scaled.jpg'><img loading=\"lazy\" decoding=\"async\" width=\"150\" height=\"150\" src=\"https:\/\/fundacjaklik.pl\/wp-content\/uploads\/2024\/12\/a1-Iza-Krasinska-aniol-150x150.jpg\" class=\"attachment-thumbnail size-thumbnail\" alt=\"Wysoka latarnia uliczna z okr\u0105g\u0142ym kloszem, widziana z do\u0142u na tle dw\u00f3ch wielopi\u0119trowych budynk\u00f3w. Elewacje budynk\u00f3w w kolorach be\u017cowym i czerwonym, z rz\u0119dami okien.\" \/><\/a>\n\t\t\t<\/div><\/figure><figure class='gallery-item'>\n\t\t\t<div class='gallery-icon portrait'>\n\t\t\t\t<a data-elementor-open-lightbox=\"yes\" data-elementor-lightbox-slideshow=\"6272cab\" data-elementor-lightbox-title=\"a9 Iza Krasi\u0144ska - ko\u015bcio\u0142 w rurce\" data-e-action-hash=\"#elementor-action%3Aaction%3Dlightbox%26settings%3DeyJpZCI6MzY3LCJ1cmwiOiJodHRwczpcL1wvZnVuZGFjamFrbGlrLnBsXC93cC1jb250ZW50XC91cGxvYWRzXC8yMDI0XC8xMlwvYTktSXphLUtyYXNpbnNrYS1rb3NjaW9sLXctcnVyY2Utc2NhbGVkLmpwZyIsInNsaWRlc2hvdyI6IjYyNzJjYWIifQ%3D%3D\" href='https:\/\/fundacjaklik.pl\/wp-content\/uploads\/2024\/12\/a9-Iza-Krasinska-kosciol-w-rurce-scaled.jpg'><img loading=\"lazy\" decoding=\"async\" width=\"150\" height=\"150\" src=\"https:\/\/fundacjaklik.pl\/wp-content\/uploads\/2024\/12\/a9-Iza-Krasinska-kosciol-w-rurce-150x150.jpg\" class=\"attachment-thumbnail size-thumbnail\" alt=\"Widok przez u\u0142o\u017cone geometrycznie metalowe rury, tworz\u0105ce okr\u0105g\u0142e ramy. W tle nowoczesny ko\u015bci\u00f3\u0142 z czerwonym dachem i bia\u0142ym krzy\u017cem na wie\u017cy. Na chodniku id\u0105 dwie osoby, obok droga, drzewa i ogrodzenie.\" \/><\/a>\n\t\t\t<\/div><\/figure><figure class='gallery-item'>\n\t\t\t<div class='gallery-icon portrait'>\n\t\t\t\t<a data-elementor-open-lightbox=\"yes\" data-elementor-lightbox-slideshow=\"6272cab\" data-elementor-lightbox-title=\"IMG_20241109_152308\" data-e-action-hash=\"#elementor-action%3Aaction%3Dlightbox%26settings%3DeyJpZCI6MzY4LCJ1cmwiOiJodHRwczpcL1wvZnVuZGFjamFrbGlrLnBsXC93cC1jb250ZW50XC91cGxvYWRzXC8yMDI0XC8xMlwvSU1HXzIwMjQxMTA5XzE1MjMwOC1zY2FsZWQuanBnIiwic2xpZGVzaG93IjoiNjI3MmNhYiJ9\" href='https:\/\/fundacjaklik.pl\/wp-content\/uploads\/2024\/12\/IMG_20241109_152308-scaled.jpg'><img loading=\"lazy\" decoding=\"async\" width=\"150\" height=\"150\" src=\"https:\/\/fundacjaklik.pl\/wp-content\/uploads\/2024\/12\/IMG_20241109_152308-150x150.jpg\" class=\"attachment-thumbnail size-thumbnail\" alt=\"Odbity w ka\u0142u\u017cy samoch\u00f3d, obok kratka \u015bciekowa.\" \/><\/a>\n\t\t\t<\/div><\/figure><figure class='gallery-item'>\n\t\t\t<div class='gallery-icon landscape'>\n\t\t\t\t<a data-elementor-open-lightbox=\"yes\" data-elementor-lightbox-slideshow=\"6272cab\" data-elementor-lightbox-title=\"Zdjecie2 (1) (1)\" data-e-action-hash=\"#elementor-action%3Aaction%3Dlightbox%26settings%3DeyJpZCI6MzY5LCJ1cmwiOiJodHRwczpcL1wvZnVuZGFjamFrbGlrLnBsXC93cC1jb250ZW50XC91cGxvYWRzXC8yMDI0XC8xMlwvWmRqZWNpZTItMS0xLXNjYWxlZC5qcGciLCJzbGlkZXNob3ciOiI2MjcyY2FiIn0%3D\" href='https:\/\/fundacjaklik.pl\/wp-content\/uploads\/2024\/12\/Zdjecie2-1-1-scaled.jpg'><img loading=\"lazy\" decoding=\"async\" width=\"150\" height=\"150\" src=\"https:\/\/fundacjaklik.pl\/wp-content\/uploads\/2024\/12\/Zdjecie2-1-1-150x150.jpg\" class=\"attachment-thumbnail size-thumbnail\" alt=\"Go\u0142\u0105b siedz\u0105cy na du\u017cej metalowej rurze, w\u015br\u00f3d innych rur u\u0142o\u017conych w nieregularny wz\u00f3r. W tle nowoczesny ko\u015bci\u00f3\u0142 z wysok\u0105 wie\u017c\u0105 i bia\u0142ym krzy\u017cem na szczycie. Nad budynkiem jasne niebo z rozproszonymi chmurami.\" \/><\/a>\n\t\t\t<\/div><\/figure><figure class='gallery-item'>\n\t\t\t<div class='gallery-icon landscape'>\n\t\t\t\t<a data-elementor-open-lightbox=\"yes\" data-elementor-lightbox-slideshow=\"6272cab\" data-elementor-lightbox-title=\"IMG_20241103_124252\" data-e-action-hash=\"#elementor-action%3Aaction%3Dlightbox%26settings%3DeyJpZCI6MzcwLCJ1cmwiOiJodHRwczpcL1wvZnVuZGFjamFrbGlrLnBsXC93cC1jb250ZW50XC91cGxvYWRzXC8yMDI0XC8xMlwvSU1HXzIwMjQxMTAzXzEyNDI1Mi1zY2FsZWQuanBnIiwic2xpZGVzaG93IjoiNjI3MmNhYiJ9\" href='https:\/\/fundacjaklik.pl\/wp-content\/uploads\/2024\/12\/IMG_20241103_124252-scaled.jpg'><img loading=\"lazy\" decoding=\"async\" width=\"150\" height=\"150\" src=\"https:\/\/fundacjaklik.pl\/wp-content\/uploads\/2024\/12\/IMG_20241103_124252-150x150.jpg\" class=\"attachment-thumbnail size-thumbnail\" alt=\"Dwie zabawki w kszta\u0142cie kaczek, zamocowane na zielonych pr\u0119tach w ogrodzie przed domem. Wi\u0119ksza kaczka ma niebieski kapelusz i ubranie, mniejsza \u2014 bia\u0142o-niebieskie paski. Obok nich stoi doniczka z r\u00f3\u017cowymi kwiatami. W tle widoczna elewacja domu z oknem i skrzynkami na kwiaty.\" \/><\/a>\n\t\t\t<\/div><\/figure><figure class='gallery-item'>\n\t\t\t<div class='gallery-icon portrait'>\n\t\t\t\t<a data-elementor-open-lightbox=\"yes\" data-elementor-lightbox-slideshow=\"6272cab\" data-elementor-lightbox-title=\"IMG_20241109_162254\" data-e-action-hash=\"#elementor-action%3Aaction%3Dlightbox%26settings%3DeyJpZCI6MzcxLCJ1cmwiOiJodHRwczpcL1wvZnVuZGFjamFrbGlrLnBsXC93cC1jb250ZW50XC91cGxvYWRzXC8yMDI0XC8xMlwvSU1HXzIwMjQxMTA5XzE2MjI1NC1zY2FsZWQuanBnIiwic2xpZGVzaG93IjoiNjI3MmNhYiJ9\" href='https:\/\/fundacjaklik.pl\/wp-content\/uploads\/2024\/12\/IMG_20241109_162254-scaled.jpg'><img loading=\"lazy\" decoding=\"async\" width=\"100\" height=\"150\" src=\"https:\/\/fundacjaklik.pl\/wp-content\/uploads\/2024\/12\/IMG_20241109_162254-scaled.jpg\" class=\"attachment-thumbnail size-thumbnail\" alt=\"Osoba w ciemnym p\u0142aszczu i kapeluszu stoi przed zielon\u0105 kas\u0105 biletow\u0105 oznaczon\u0105 \u201eKASA 1\u201d, pochylona i rozmawiaj\u0105ca przez nisko umieszczone okienko. W r\u0119ku trzyma parasol. W tle odbicia drzew i samochod\u00f3w w szybie oraz fragmenty chodnika.\" \/><\/a>\n\t\t\t<\/div><\/figure><figure class='gallery-item'>\n\t\t\t<div class='gallery-icon portrait'>\n\t\t\t\t<a data-elementor-open-lightbox=\"yes\" data-elementor-lightbox-slideshow=\"6272cab\" data-elementor-lightbox-title=\"IMG_20241113_114902\" data-e-action-hash=\"#elementor-action%3Aaction%3Dlightbox%26settings%3DeyJpZCI6MzcyLCJ1cmwiOiJodHRwczpcL1wvZnVuZGFjamFrbGlrLnBsXC93cC1jb250ZW50XC91cGxvYWRzXC8yMDI0XC8xMlwvSU1HXzIwMjQxMTEzXzExNDkwMi1zY2FsZWQuanBnIiwic2xpZGVzaG93IjoiNjI3MmNhYiJ9\" href='https:\/\/fundacjaklik.pl\/wp-content\/uploads\/2024\/12\/IMG_20241113_114902-scaled.jpg'><img loading=\"lazy\" decoding=\"async\" width=\"150\" height=\"150\" src=\"https:\/\/fundacjaklik.pl\/wp-content\/uploads\/2024\/12\/IMG_20241113_114902-150x150.jpg\" class=\"attachment-thumbnail size-thumbnail\" alt=\"Model bociana stoi na trawie w\u015br\u00f3d jesiennych li\u015bci. Po obu stronach bociana znajduj\u0105 si\u0119 kolorowe wiatraki na \u017c\u00f3\u0142tych pr\u0119tach \u2014 jeden metaliczny, wielobarwny, drugi zielono-srebrny z r\u00f3\u017cow\u0105 wst\u0105\u017ck\u0105. W tle bloki mieszkalne, zaparkowane auta i drzewa z po\u017c\u00f3\u0142k\u0142ymi li\u015b\u0107mi.\" \/><\/a>\n\t\t\t<\/div><\/figure><figure class='gallery-item'>\n\t\t\t<div class='gallery-icon portrait'>\n\t\t\t\t<a data-elementor-open-lightbox=\"yes\" data-elementor-lightbox-slideshow=\"6272cab\" data-elementor-lightbox-title=\"IMG_20241109_162328\" data-e-action-hash=\"#elementor-action%3Aaction%3Dlightbox%26settings%3DeyJpZCI6MzczLCJ1cmwiOiJodHRwczpcL1wvZnVuZGFjamFrbGlrLnBsXC93cC1jb250ZW50XC91cGxvYWRzXC8yMDI0XC8xMlwvSU1HXzIwMjQxMTA5XzE2MjMyOC1zY2FsZWQuanBnIiwic2xpZGVzaG93IjoiNjI3MmNhYiJ9\" href='https:\/\/fundacjaklik.pl\/wp-content\/uploads\/2024\/12\/IMG_20241109_162328-scaled.jpg'><img loading=\"lazy\" decoding=\"async\" width=\"150\" height=\"150\" src=\"https:\/\/fundacjaklik.pl\/wp-content\/uploads\/2024\/12\/IMG_20241109_162328-150x150.jpg\" class=\"attachment-thumbnail size-thumbnail\" alt=\"Widziany od do\u0142u wielopi\u0119trowy budynek mieszkalny z balkonami po lewej stronie i fasad\u0105 z szarymi oraz bia\u0142ymi panelami.\" \/><\/a>\n\t\t\t<\/div><\/figure><figure class='gallery-item'>\n\t\t\t<div class='gallery-icon landscape'>\n\t\t\t\t<a data-elementor-open-lightbox=\"yes\" data-elementor-lightbox-slideshow=\"6272cab\" data-elementor-lightbox-title=\"e3\" data-e-action-hash=\"#elementor-action%3Aaction%3Dlightbox%26settings%3DeyJpZCI6Mzc0LCJ1cmwiOiJodHRwczpcL1wvZnVuZGFjamFrbGlrLnBsXC93cC1jb250ZW50XC91cGxvYWRzXC8yMDI0XC8xMlwvZTMtc2NhbGVkLmpwZyIsInNsaWRlc2hvdyI6IjYyNzJjYWIifQ%3D%3D\" href='https:\/\/fundacjaklik.pl\/wp-content\/uploads\/2024\/12\/e3-scaled.jpg'><img loading=\"lazy\" decoding=\"async\" width=\"150\" height=\"150\" src=\"https:\/\/fundacjaklik.pl\/wp-content\/uploads\/2024\/12\/e3-150x150.jpg\" class=\"attachment-thumbnail size-thumbnail\" alt=\"Fragment \u015bciany budynku z mozaik\u0105 kamiennych element\u00f3w w metalowych ramach. Obok bia\u0142y filar w kszta\u0142cie litery \u201eX\u201d. Na chodniku widoczne s\u0105 betonowe p\u0142yty i suche li\u015bcie.\" \/><\/a>\n\t\t\t<\/div><\/figure><figure class='gallery-item'>\n\t\t\t<div class='gallery-icon portrait'>\n\t\t\t\t<a data-elementor-open-lightbox=\"yes\" data-elementor-lightbox-slideshow=\"6272cab\" data-elementor-lightbox-title=\"IMG_20241109_163044\" data-e-action-hash=\"#elementor-action%3Aaction%3Dlightbox%26settings%3DeyJpZCI6Mzc1LCJ1cmwiOiJodHRwczpcL1wvZnVuZGFjamFrbGlrLnBsXC93cC1jb250ZW50XC91cGxvYWRzXC8yMDI0XC8xMlwvSU1HXzIwMjQxMTA5XzE2MzA0NC1zY2FsZWQuanBnIiwic2xpZGVzaG93IjoiNjI3MmNhYiJ9\" href='https:\/\/fundacjaklik.pl\/wp-content\/uploads\/2024\/12\/IMG_20241109_163044-scaled.jpg'><img loading=\"lazy\" decoding=\"async\" width=\"84\" height=\"150\" src=\"https:\/\/fundacjaklik.pl\/wp-content\/uploads\/2024\/12\/IMG_20241109_163044-scaled.jpg\" class=\"attachment-thumbnail size-thumbnail\" alt=\"Mozaika w kszta\u0142cie wyd\u0142u\u017conego owalu z ciemnym okr\u0119giem u g\u00f3ry, wkomponowana w \u015bcian\u0119. Wewn\u0105trz jasne kafelki na dole i ciemne, nieregularne na g\u00f3rze. T\u0142o z jasnoniebieskich p\u0142ytek u\u0142o\u017conych falami.\" \/><\/a>\n\t\t\t<\/div><\/figure><figure class='gallery-item'>\n\t\t\t<div class='gallery-icon portrait'>\n\t\t\t\t<a data-elementor-open-lightbox=\"yes\" data-elementor-lightbox-slideshow=\"6272cab\" data-elementor-lightbox-title=\"Daria 6-1\" data-e-action-hash=\"#elementor-action%3Aaction%3Dlightbox%26settings%3DeyJpZCI6Mzc2LCJ1cmwiOiJodHRwczpcL1wvZnVuZGFjamFrbGlrLnBsXC93cC1jb250ZW50XC91cGxvYWRzXC8yMDI0XC8xMlwvRGFyaWEtNi0xLnBuZyIsInNsaWRlc2hvdyI6IjYyNzJjYWIifQ%3D%3D\" href='https:\/\/fundacjaklik.pl\/wp-content\/uploads\/2024\/12\/Daria-6-1.png'><img loading=\"lazy\" decoding=\"async\" width=\"113\" height=\"150\" src=\"https:\/\/fundacjaklik.pl\/wp-content\/uploads\/2024\/12\/Daria-6-1.png\" class=\"attachment-thumbnail size-thumbnail\" alt=\"Ceglany budynek z ciemn\u0105 iglic\u0105 zako\u0144czon\u0105 krzy\u017cem. Na tle b\u0142\u0119kitnego nieba widoczna bia\u0142a smuga przecinaj\u0105ca obraz uko\u015bnie, sprawiaj\u0105ca wra\u017cenie, jakby wychodzi\u0142a z iglicy.\" \/><\/a>\n\t\t\t<\/div><\/figure><figure class='gallery-item'>\n\t\t\t<div class='gallery-icon portrait'>\n\t\t\t\t<a data-elementor-open-lightbox=\"yes\" data-elementor-lightbox-slideshow=\"6272cab\" data-elementor-lightbox-title=\"IMG_20241109_162342\" data-e-action-hash=\"#elementor-action%3Aaction%3Dlightbox%26settings%3DeyJpZCI6Mzc3LCJ1cmwiOiJodHRwczpcL1wvZnVuZGFjamFrbGlrLnBsXC93cC1jb250ZW50XC91cGxvYWRzXC8yMDI0XC8xMlwvSU1HXzIwMjQxMTA5XzE2MjM0Mi1zY2FsZWQuanBnIiwic2xpZGVzaG93IjoiNjI3MmNhYiJ9\" href='https:\/\/fundacjaklik.pl\/wp-content\/uploads\/2024\/12\/IMG_20241109_162342-scaled.jpg'><img loading=\"lazy\" decoding=\"async\" width=\"150\" height=\"150\" src=\"https:\/\/fundacjaklik.pl\/wp-content\/uploads\/2024\/12\/IMG_20241109_162342-150x150.jpg\" class=\"attachment-thumbnail size-thumbnail\" alt=\"W\u0105ska pionowa przestrze\u0144 mi\u0119dzy budynkami, widziana z do\u0142u. Centralna cz\u0119\u015b\u0107 z oknami w kratach, otoczona panelami o pionowych \u017c\u0142obieniach.\" \/><\/a>\n\t\t\t<\/div><\/figure><figure class='gallery-item'>\n\t\t\t<div class='gallery-icon portrait'>\n\t\t\t\t<a data-elementor-open-lightbox=\"yes\" data-elementor-lightbox-slideshow=\"6272cab\" data-elementor-lightbox-title=\"Iza Krasi\u0144ska -odbicie w samochodach 1\" data-e-action-hash=\"#elementor-action%3Aaction%3Dlightbox%26settings%3DeyJpZCI6Mzc4LCJ1cmwiOiJodHRwczpcL1wvZnVuZGFjamFrbGlrLnBsXC93cC1jb250ZW50XC91cGxvYWRzXC8yMDI0XC8xMlwvSXphLUtyYXNpbnNrYS1vZGJpY2llLXctc2Ftb2Nob2RhY2gtMS1zY2FsZWQuanBnIiwic2xpZGVzaG93IjoiNjI3MmNhYiJ9\" href='https:\/\/fundacjaklik.pl\/wp-content\/uploads\/2024\/12\/Iza-Krasinska-odbicie-w-samochodach-1-scaled.jpg'><img loading=\"lazy\" decoding=\"async\" width=\"113\" height=\"150\" src=\"https:\/\/fundacjaklik.pl\/wp-content\/uploads\/2024\/12\/Iza-Krasinska-odbicie-w-samochodach-1-scaled.jpg\" class=\"attachment-thumbnail size-thumbnail\" alt=\"Zbli\u017cenie na zaparkowane samochody w miejskim otoczeniu. Na pierwszym planie widoczny bok srebrnego auta z lusterkiem bocznym i fragmentem szyby. Na czarnym samochodzie odbijaj\u0105 si\u0119 budynki i drzewa. W tle wida\u0107 wi\u0119cej pojazd\u00f3w, bezlistne drzewa oraz wielopi\u0119trowy budynek z balkonami.\" \/><\/a>\n\t\t\t<\/div><\/figure><figure class='gallery-item'>\n\t\t\t<div class='gallery-icon portrait'>\n\t\t\t\t<a data-elementor-open-lightbox=\"yes\" data-elementor-lightbox-slideshow=\"6272cab\" data-elementor-lightbox-title=\"IMG_20241109_162210\" data-e-action-hash=\"#elementor-action%3Aaction%3Dlightbox%26settings%3DeyJpZCI6Mzc5LCJ1cmwiOiJodHRwczpcL1wvZnVuZGFjamFrbGlrLnBsXC93cC1jb250ZW50XC91cGxvYWRzXC8yMDI0XC8xMlwvSU1HXzIwMjQxMTA5XzE2MjIxMC1zY2FsZWQuanBnIiwic2xpZGVzaG93IjoiNjI3MmNhYiJ9\" href='https:\/\/fundacjaklik.pl\/wp-content\/uploads\/2024\/12\/IMG_20241109_162210-scaled.jpg'><img loading=\"lazy\" decoding=\"async\" width=\"150\" height=\"150\" src=\"https:\/\/fundacjaklik.pl\/wp-content\/uploads\/2024\/12\/IMG_20241109_162210-150x150.jpg\" class=\"attachment-thumbnail size-thumbnail\" alt=\"Realistyczny mural ludzkiego oka namalowany na ceglanej \u015bcianie. Oko przedstawione z du\u017c\u0105 precyzj\u0105, z odbiciami budynk\u00f3w i \u015bwiate\u0142 w t\u0119cz\u00f3wce. Nad muralem znajduje si\u0119 metalowe ogrodzenie, w tle drzewa. Nawierzchnia wy\u0142o\u017cona czerwon\u0105 kostk\u0105 brukow\u0105.\" \/><\/a>\n\t\t\t<\/div><\/figure><figure class='gallery-item'>\n\t\t\t<div class='gallery-icon landscape'>\n\t\t\t\t<a data-elementor-open-lightbox=\"yes\" data-elementor-lightbox-slideshow=\"6272cab\" data-elementor-lightbox-title=\"IMG_20241109_163011\" data-e-action-hash=\"#elementor-action%3Aaction%3Dlightbox%26settings%3DeyJpZCI6MzgwLCJ1cmwiOiJodHRwczpcL1wvZnVuZGFjamFrbGlrLnBsXC93cC1jb250ZW50XC91cGxvYWRzXC8yMDI0XC8xMlwvSU1HXzIwMjQxMTA5XzE2MzAxMS1zY2FsZWQuanBnIiwic2xpZGVzaG93IjoiNjI3MmNhYiJ9\" href='https:\/\/fundacjaklik.pl\/wp-content\/uploads\/2024\/12\/IMG_20241109_163011-scaled.jpg'><img loading=\"lazy\" decoding=\"async\" width=\"150\" height=\"150\" src=\"https:\/\/fundacjaklik.pl\/wp-content\/uploads\/2024\/12\/IMG_20241109_163011-150x150.jpg\" class=\"attachment-thumbnail size-thumbnail\" alt=\"\u015aciana budynku pokryta kolorowym graffiti z abstrakcyjnymi kszta\u0142tami, stylizowanymi literami i postaci\u0105. Dwa okna zabezpieczone kratami. Dach wsparty na s\u0142upach w kszta\u0142cie litery V. W tle zaparkowane auta i drzewa \u2014 typowe miejskie otoczenie.\" \/><\/a>\n\t\t\t<\/div><\/figure><figure class='gallery-item'>\n\t\t\t<div class='gallery-icon landscape'>\n\t\t\t\t<a data-elementor-open-lightbox=\"yes\" data-elementor-lightbox-slideshow=\"6272cab\" data-elementor-lightbox-title=\"IMG_20241103_143212\" data-e-action-hash=\"#elementor-action%3Aaction%3Dlightbox%26settings%3DeyJpZCI6MzgxLCJ1cmwiOiJodHRwczpcL1wvZnVuZGFjamFrbGlrLnBsXC93cC1jb250ZW50XC91cGxvYWRzXC8yMDI0XC8xMlwvSU1HXzIwMjQxMTAzXzE0MzIxMi1zY2FsZWQuanBnIiwic2xpZGVzaG93IjoiNjI3MmNhYiJ9\" href='https:\/\/fundacjaklik.pl\/wp-content\/uploads\/2024\/12\/IMG_20241103_143212-scaled.jpg'><img loading=\"lazy\" decoding=\"async\" width=\"150\" height=\"150\" src=\"https:\/\/fundacjaklik.pl\/wp-content\/uploads\/2024\/12\/IMG_20241103_143212-150x150.jpg\" class=\"attachment-thumbnail size-thumbnail\" alt=\"Drzewo z przymocowanym do pnia karmnikiem. Obok drugie drzewo z po\u017c\u00f3\u0142k\u0142ymi li\u015b\u0107mi.\" \/><\/a>\n\t\t\t<\/div><\/figure><figure class='gallery-item'>\n\t\t\t<div class='gallery-icon portrait'>\n\t\t\t\t<a data-elementor-open-lightbox=\"yes\" data-elementor-lightbox-slideshow=\"6272cab\" data-elementor-lightbox-title=\"a2 Iza Krasi\u0144ska - blok  niebieskie balkony\" data-e-action-hash=\"#elementor-action%3Aaction%3Dlightbox%26settings%3DeyJpZCI6MzgyLCJ1cmwiOiJodHRwczpcL1wvZnVuZGFjamFrbGlrLnBsXC93cC1jb250ZW50XC91cGxvYWRzXC8yMDI0XC8xMlwvYTItSXphLUtyYXNpbnNrYS1ibG9rLW5pZWJpZXNraWUtYmFsa29ueS1zY2FsZWQuanBnIiwic2xpZGVzaG93IjoiNjI3MmNhYiJ9\" href='https:\/\/fundacjaklik.pl\/wp-content\/uploads\/2024\/12\/a2-Iza-Krasinska-blok-niebieskie-balkony-scaled.jpg'><img loading=\"lazy\" decoding=\"async\" width=\"113\" height=\"150\" src=\"https:\/\/fundacjaklik.pl\/wp-content\/uploads\/2024\/12\/a2-Iza-Krasinska-blok-niebieskie-balkony-scaled.jpg\" class=\"attachment-thumbnail size-thumbnail\" alt=\"\u015aciana bloku mieszkalnego, widoczne okna i niebieskie balkony.\" \/><\/a>\n\t\t\t<\/div><\/figure><figure class='gallery-item'>\n\t\t\t<div class='gallery-icon portrait'>\n\t\t\t\t<a data-elementor-open-lightbox=\"yes\" data-elementor-lightbox-slideshow=\"6272cab\" data-elementor-lightbox-title=\"Iza Krasi\u0144ska - znak drogowy 1\" data-e-action-hash=\"#elementor-action%3Aaction%3Dlightbox%26settings%3DeyJpZCI6MzgzLCJ1cmwiOiJodHRwczpcL1wvZnVuZGFjamFrbGlrLnBsXC93cC1jb250ZW50XC91cGxvYWRzXC8yMDI0XC8xMlwvSXphLUtyYXNpbnNrYS16bmFrLWRyb2dvd3ktMS1zY2FsZWQuanBnIiwic2xpZGVzaG93IjoiNjI3MmNhYiJ9\" href='https:\/\/fundacjaklik.pl\/wp-content\/uploads\/2024\/12\/Iza-Krasinska-znak-drogowy-1-scaled.jpg'><img loading=\"lazy\" decoding=\"async\" width=\"113\" height=\"150\" src=\"https:\/\/fundacjaklik.pl\/wp-content\/uploads\/2024\/12\/Iza-Krasinska-znak-drogowy-1-scaled.jpg\" class=\"attachment-thumbnail size-thumbnail\" alt=\"Na pierwszym planie znak oznaczaj\u0105cy przej\u015bcie dla pieszych. Dalej nowoczesny, okr\u0105g\u0142y, szklany budynek, za nim blok mieszkalny.\" \/><\/a>\n\t\t\t<\/div><\/figure><figure class='gallery-item'>\n\t\t\t<div class='gallery-icon portrait'>\n\t\t\t\t<a data-elementor-open-lightbox=\"yes\" data-elementor-lightbox-slideshow=\"6272cab\" data-elementor-lightbox-title=\"a3 Iza Krasi\u0144ska - blok  z wie\u017cb\u0105\" data-e-action-hash=\"#elementor-action%3Aaction%3Dlightbox%26settings%3DeyJpZCI6Mzg0LCJ1cmwiOiJodHRwczpcL1wvZnVuZGFjamFrbGlrLnBsXC93cC1jb250ZW50XC91cGxvYWRzXC8yMDI0XC8xMlwvYTMtSXphLUtyYXNpbnNrYS1ibG9rLXotd2llemJhLXNjYWxlZC5qcGciLCJzbGlkZXNob3ciOiI2MjcyY2FiIn0%3D\" href='https:\/\/fundacjaklik.pl\/wp-content\/uploads\/2024\/12\/a3-Iza-Krasinska-blok-z-wiezba-scaled.jpg'><img loading=\"lazy\" decoding=\"async\" width=\"113\" height=\"150\" src=\"https:\/\/fundacjaklik.pl\/wp-content\/uploads\/2024\/12\/a3-Iza-Krasinska-blok-z-wiezba-scaled.jpg\" class=\"attachment-thumbnail size-thumbnail\" alt=\"Wysoki budynek mieszkalny w kolorach bia\u0142ym i czerwonym, cz\u0119\u015bciowo zas\u0142oni\u0119ty przez roz\u0142o\u017cyste drzewo. Na pierwszym planie nowoczesna konstrukcja z geometryczn\u0105 fasad\u0105 i bia\u0142ymi belkami w kszta\u0142cie litery X.\" \/><\/a>\n\t\t\t<\/div><\/figure><figure class='gallery-item'>\n\t\t\t<div class='gallery-icon portrait'>\n\t\t\t\t<a data-elementor-open-lightbox=\"yes\" data-elementor-lightbox-slideshow=\"6272cab\" data-elementor-lightbox-title=\"IMG_20241109_161612\" data-e-action-hash=\"#elementor-action%3Aaction%3Dlightbox%26settings%3DeyJpZCI6Mzg1LCJ1cmwiOiJodHRwczpcL1wvZnVuZGFjamFrbGlrLnBsXC93cC1jb250ZW50XC91cGxvYWRzXC8yMDI0XC8xMlwvSU1HXzIwMjQxMTA5XzE2MTYxMi1zY2FsZWQuanBnIiwic2xpZGVzaG93IjoiNjI3MmNhYiJ9\" href='https:\/\/fundacjaklik.pl\/wp-content\/uploads\/2024\/12\/IMG_20241109_161612-scaled.jpg'><img loading=\"lazy\" decoding=\"async\" width=\"150\" height=\"150\" src=\"https:\/\/fundacjaklik.pl\/wp-content\/uploads\/2024\/12\/IMG_20241109_161612-150x150.jpg\" class=\"attachment-thumbnail size-thumbnail\" alt=\"Motocykl stoj\u0105cy przed podniszczonym, pomalowanym sprayem budynkiem ze spadzistym dachem.\" \/><\/a>\n\t\t\t<\/div><\/figure><figure class='gallery-item'>\n\t\t\t<div class='gallery-icon portrait'>\n\t\t\t\t<a data-elementor-open-lightbox=\"yes\" data-elementor-lightbox-slideshow=\"6272cab\" data-elementor-lightbox-title=\"IMG_20241109_162542\" data-e-action-hash=\"#elementor-action%3Aaction%3Dlightbox%26settings%3DeyJpZCI6Mzg2LCJ1cmwiOiJodHRwczpcL1wvZnVuZGFjamFrbGlrLnBsXC93cC1jb250ZW50XC91cGxvYWRzXC8yMDI0XC8xMlwvSU1HXzIwMjQxMTA5XzE2MjU0Mi1zY2FsZWQuanBnIiwic2xpZGVzaG93IjoiNjI3MmNhYiJ9\" href='https:\/\/fundacjaklik.pl\/wp-content\/uploads\/2024\/12\/IMG_20241109_162542-scaled.jpg'><img loading=\"lazy\" decoding=\"async\" width=\"150\" height=\"150\" src=\"https:\/\/fundacjaklik.pl\/wp-content\/uploads\/2024\/12\/IMG_20241109_162542-150x150.jpg\" class=\"attachment-thumbnail size-thumbnail\" alt=\"Zje\u017cd\u017calnia w kszta\u0142cie bia\u0142o - czerwonej rakiety, wok\u00f3\u0142 drzewa z po\u017c\u00f3\u0142k\u0142ymi li\u015b\u0107mi i budynki mieszkalne.\" \/><\/a>\n\t\t\t<\/div><\/figure><figure class='gallery-item'>\n\t\t\t<div class='gallery-icon portrait'>\n\t\t\t\t<a data-elementor-open-lightbox=\"yes\" data-elementor-lightbox-slideshow=\"6272cab\" data-elementor-lightbox-title=\"c6 Iza Krasi\u0144ska - ko\u015bci\u00f3\u0142 1\" data-e-action-hash=\"#elementor-action%3Aaction%3Dlightbox%26settings%3DeyJpZCI6Mzg3LCJ1cmwiOiJodHRwczpcL1wvZnVuZGFjamFrbGlrLnBsXC93cC1jb250ZW50XC91cGxvYWRzXC8yMDI0XC8xMlwvYzYtSXphLUtyYXNpbnNrYS1rb3NjaW9sLTEtc2NhbGVkLmpwZyIsInNsaWRlc2hvdyI6IjYyNzJjYWIifQ%3D%3D\" href='https:\/\/fundacjaklik.pl\/wp-content\/uploads\/2024\/12\/c6-Iza-Krasinska-kosciol-1-scaled.jpg'><img loading=\"lazy\" decoding=\"async\" width=\"150\" height=\"150\" src=\"https:\/\/fundacjaklik.pl\/wp-content\/uploads\/2024\/12\/c6-Iza-Krasinska-kosciol-1-150x150.jpg\" class=\"attachment-thumbnail size-thumbnail\" alt=\"Scena miejska z k\u0142adk\u0105 dla pieszych na pierwszym planie, ko\u015bcio\u0142em z krzy\u017cem na dachu po\u015brodku oraz budynkami mieszkalnymi w tle. K\u0142adka ma barierk\u0119 i przezroczyste panele. Ko\u015bci\u00f3\u0142 o nowoczesnej bryle z tr\u00f3jk\u0105tnym dachem. Widoczne latarnie uliczne, cz\u0119\u015bciowe zachmurzenie i \u015bwiat\u0142o s\u0142oneczne z lewej strony.\" \/><\/a>\n\t\t\t<\/div><\/figure><figure class='gallery-item'>\n\t\t\t<div class='gallery-icon landscape'>\n\t\t\t\t<a data-elementor-open-lightbox=\"yes\" data-elementor-lightbox-slideshow=\"6272cab\" data-elementor-lightbox-title=\"a5 Iza Krasi\u0144ska - blok 2\" data-e-action-hash=\"#elementor-action%3Aaction%3Dlightbox%26settings%3DeyJpZCI6Mzg4LCJ1cmwiOiJodHRwczpcL1wvZnVuZGFjamFrbGlrLnBsXC93cC1jb250ZW50XC91cGxvYWRzXC8yMDI0XC8xMlwvYTUtSXphLUtyYXNpbnNrYS1ibG9rLTItc2NhbGVkLmpwZyIsInNsaWRlc2hvdyI6IjYyNzJjYWIifQ%3D%3D\" href='https:\/\/fundacjaklik.pl\/wp-content\/uploads\/2024\/12\/a5-Iza-Krasinska-blok-2-scaled.jpg'><img loading=\"lazy\" decoding=\"async\" width=\"150\" height=\"150\" src=\"https:\/\/fundacjaklik.pl\/wp-content\/uploads\/2024\/12\/a5-Iza-Krasinska-blok-2-150x150.jpg\" class=\"attachment-thumbnail size-thumbnail\" alt=\"Wielopi\u0119trowy budynek mieszkalny z kolorow\u0105 elewacj\u0105 w odcieniach \u017c\u00f3\u0142ci, pomara\u0144czu i turkusu. Na parterze przej\u015bcie prowadz\u0105ce na ty\u0142 budynku. Przed budynkiem drzewa z jesiennymi li\u015b\u0107mi i opadni\u0119te li\u015bcie na chodniku. Przed budynkiem dwie spaceruj\u0105ce osoby.\" \/><\/a>\n\t\t\t<\/div><\/figure><figure class='gallery-item'>\n\t\t\t<div class='gallery-icon landscape'>\n\t\t\t\t<a data-elementor-open-lightbox=\"yes\" data-elementor-lightbox-slideshow=\"6272cab\" data-elementor-lightbox-title=\"20241103_124418\" data-e-action-hash=\"#elementor-action%3Aaction%3Dlightbox%26settings%3DeyJpZCI6Mzg5LCJ1cmwiOiJodHRwczpcL1wvZnVuZGFjamFrbGlrLnBsXC93cC1jb250ZW50XC91cGxvYWRzXC8yMDI0XC8xMlwvMjAyNDExMDNfMTI0NDE4LXNjYWxlZC5qcGciLCJzbGlkZXNob3ciOiI2MjcyY2FiIn0%3D\" href='https:\/\/fundacjaklik.pl\/wp-content\/uploads\/2024\/12\/20241103_124418-scaled.jpg'><img loading=\"lazy\" decoding=\"async\" width=\"150\" height=\"150\" src=\"https:\/\/fundacjaklik.pl\/wp-content\/uploads\/2024\/12\/20241103_124418-150x150.jpg\" class=\"attachment-thumbnail size-thumbnail\" alt=\"Stare zabawki umieszczone na zielonym ogrodzeniu. W tle drzewo i budynek.\" \/><\/a>\n\t\t\t<\/div><\/figure><figure class='gallery-item'>\n\t\t\t<div class='gallery-icon portrait'>\n\t\t\t\t<a data-elementor-open-lightbox=\"yes\" data-elementor-lightbox-slideshow=\"6272cab\" data-elementor-lightbox-title=\"IMG_20241109_163059\" data-e-action-hash=\"#elementor-action%3Aaction%3Dlightbox%26settings%3DeyJpZCI6MzkwLCJ1cmwiOiJodHRwczpcL1wvZnVuZGFjamFrbGlrLnBsXC93cC1jb250ZW50XC91cGxvYWRzXC8yMDI0XC8xMlwvSU1HXzIwMjQxMTA5XzE2MzA1OS1zY2FsZWQuanBnIiwic2xpZGVzaG93IjoiNjI3MmNhYiJ9\" href='https:\/\/fundacjaklik.pl\/wp-content\/uploads\/2024\/12\/IMG_20241109_163059-scaled.jpg'><img loading=\"lazy\" decoding=\"async\" width=\"100\" height=\"150\" src=\"https:\/\/fundacjaklik.pl\/wp-content\/uploads\/2024\/12\/IMG_20241109_163059-scaled.jpg\" class=\"attachment-thumbnail size-thumbnail\" alt=\"Zdj\u0119cie wykonane z pomi\u0119dzy drzew na widoczny w tle budynek mieszkalny z balkonami.\" \/><\/a>\n\t\t\t<\/div><\/figure><figure class='gallery-item'>\n\t\t\t<div class='gallery-icon landscape'>\n\t\t\t\t<a data-elementor-open-lightbox=\"yes\" data-elementor-lightbox-slideshow=\"6272cab\" data-elementor-lightbox-title=\"e 1\" data-e-action-hash=\"#elementor-action%3Aaction%3Dlightbox%26settings%3DeyJpZCI6MzkxLCJ1cmwiOiJodHRwczpcL1wvZnVuZGFjamFrbGlrLnBsXC93cC1jb250ZW50XC91cGxvYWRzXC8yMDI0XC8xMlwvZS0xLXNjYWxlZC5qcGciLCJzbGlkZXNob3ciOiI2MjcyY2FiIn0%3D\" href='https:\/\/fundacjaklik.pl\/wp-content\/uploads\/2024\/12\/e-1-scaled.jpg'><img loading=\"lazy\" decoding=\"async\" width=\"150\" height=\"150\" src=\"https:\/\/fundacjaklik.pl\/wp-content\/uploads\/2024\/12\/e-1-150x150.jpg\" class=\"attachment-thumbnail size-thumbnail\" alt=\"Nowoczesne biurowce, jeden zaokr\u0105glony i oszklony. Przed nimi znak przej\u015bcia dla pieszych.\" \/><\/a>\n\t\t\t<\/div><\/figure><figure class='gallery-item'>\n\t\t\t<div class='gallery-icon portrait'>\n\t\t\t\t<a data-elementor-open-lightbox=\"yes\" data-elementor-lightbox-slideshow=\"6272cab\" data-elementor-lightbox-title=\"IMG_20241103_124224\" data-e-action-hash=\"#elementor-action%3Aaction%3Dlightbox%26settings%3DeyJpZCI6MzkyLCJ1cmwiOiJodHRwczpcL1wvZnVuZGFjamFrbGlrLnBsXC93cC1jb250ZW50XC91cGxvYWRzXC8yMDI0XC8xMlwvSU1HXzIwMjQxMTAzXzEyNDIyNC1zY2FsZWQuanBnIiwic2xpZGVzaG93IjoiNjI3MmNhYiJ9\" href='https:\/\/fundacjaklik.pl\/wp-content\/uploads\/2024\/12\/IMG_20241103_124224-scaled.jpg'><img loading=\"lazy\" decoding=\"async\" width=\"84\" height=\"150\" src=\"https:\/\/fundacjaklik.pl\/wp-content\/uploads\/2024\/12\/IMG_20241103_124224-scaled.jpg\" class=\"attachment-thumbnail size-thumbnail\" alt=\"Ma\u0142y bia\u0142y dom z ciemnym, sko\u015bnym dachem i kominem. Pod oknami skrzynki z kolorowymi kwiatami. Przed domem zielona metalowa brama, lekko uchylona. Przy wej\u015bciu r\u00f3\u017cne przedmioty: miot\u0142a, wiadra, zielona plandeka. Na brukowanym podje\u017adzie po prawej stronie zaparkowany niebieski samoch\u00f3d. W tle bezlistne drzewa i cz\u0119\u015bciowo zachmurzone niebo \u2014 p\u00f3\u017ana jesie\u0144 lub wczesna zima.\" \/><\/a>\n\t\t\t<\/div><\/figure><figure class='gallery-item'>\n\t\t\t<div class='gallery-icon portrait'>\n\t\t\t\t<a data-elementor-open-lightbox=\"yes\" data-elementor-lightbox-slideshow=\"6272cab\" data-elementor-lightbox-title=\"IMG_20241113_114422\" data-e-action-hash=\"#elementor-action%3Aaction%3Dlightbox%26settings%3DeyJpZCI6MzkzLCJ1cmwiOiJodHRwczpcL1wvZnVuZGFjamFrbGlrLnBsXC93cC1jb250ZW50XC91cGxvYWRzXC8yMDI0XC8xMlwvSU1HXzIwMjQxMTEzXzExNDQyMi1zY2FsZWQuanBnIiwic2xpZGVzaG93IjoiNjI3MmNhYiJ9\" href='https:\/\/fundacjaklik.pl\/wp-content\/uploads\/2024\/12\/IMG_20241113_114422-scaled.jpg'><img loading=\"lazy\" decoding=\"async\" width=\"150\" height=\"150\" src=\"https:\/\/fundacjaklik.pl\/wp-content\/uploads\/2024\/12\/IMG_20241113_114422-150x150.jpg\" class=\"attachment-thumbnail size-thumbnail\" alt=\"Pod betonowym wiaduktem wida\u0107 du\u017ce filary, z kt\u00f3rych jeden pokryty jest kolorowym graffiti. W tle znajduje si\u0119 trawiasty teren z drzewami i b\u0142\u0119kitnym niebem.\" \/><\/a>\n\t\t\t<\/div><\/figure><figure class='gallery-item'>\n\t\t\t<div class='gallery-icon portrait'>\n\t\t\t\t<a data-elementor-open-lightbox=\"yes\" data-elementor-lightbox-slideshow=\"6272cab\" data-elementor-lightbox-title=\"IMG_20241109_163152\" data-e-action-hash=\"#elementor-action%3Aaction%3Dlightbox%26settings%3DeyJpZCI6Mzk0LCJ1cmwiOiJodHRwczpcL1wvZnVuZGFjamFrbGlrLnBsXC93cC1jb250ZW50XC91cGxvYWRzXC8yMDI0XC8xMlwvSU1HXzIwMjQxMTA5XzE2MzE1Mi1zY2FsZWQuanBnIiwic2xpZGVzaG93IjoiNjI3MmNhYiJ9\" href='https:\/\/fundacjaklik.pl\/wp-content\/uploads\/2024\/12\/IMG_20241109_163152-scaled.jpg'><img loading=\"lazy\" decoding=\"async\" width=\"100\" height=\"150\" src=\"https:\/\/fundacjaklik.pl\/wp-content\/uploads\/2024\/12\/IMG_20241109_163152-scaled.jpg\" class=\"attachment-thumbnail size-thumbnail\" alt=\"Krzewy i widoczne w oddali blok mieszkalny i drzewa.\" \/><\/a>\n\t\t\t<\/div><\/figure><figure class='gallery-item'>\n\t\t\t<div class='gallery-icon portrait'>\n\t\t\t\t<a data-elementor-open-lightbox=\"yes\" data-elementor-lightbox-slideshow=\"6272cab\" data-elementor-lightbox-title=\"IMG_20241109_162112\" data-e-action-hash=\"#elementor-action%3Aaction%3Dlightbox%26settings%3DeyJpZCI6Mzk1LCJ1cmwiOiJodHRwczpcL1wvZnVuZGFjamFrbGlrLnBsXC93cC1jb250ZW50XC91cGxvYWRzXC8yMDI0XC8xMlwvSU1HXzIwMjQxMTA5XzE2MjExMi1zY2FsZWQuanBnIiwic2xpZGVzaG93IjoiNjI3MmNhYiJ9\" href='https:\/\/fundacjaklik.pl\/wp-content\/uploads\/2024\/12\/IMG_20241109_162112-scaled.jpg'><img loading=\"lazy\" decoding=\"async\" width=\"100\" height=\"150\" src=\"https:\/\/fundacjaklik.pl\/wp-content\/uploads\/2024\/12\/IMG_20241109_162112-scaled.jpg\" class=\"attachment-thumbnail size-thumbnail\" alt=\"Mural na \u015bcianie budynku przedstawiaj\u0105cy otwarte okno. Obok budynku rosn\u0105 drzewa.\" \/><\/a>\n\t\t\t<\/div><\/figure><figure class='gallery-item'>\n\t\t\t<div class='gallery-icon landscape'>\n\t\t\t\t<a data-elementor-open-lightbox=\"yes\" data-elementor-lightbox-slideshow=\"6272cab\" data-elementor-lightbox-title=\"IMG_20241109_162936\" data-e-action-hash=\"#elementor-action%3Aaction%3Dlightbox%26settings%3DeyJpZCI6Mzk2LCJ1cmwiOiJodHRwczpcL1wvZnVuZGFjamFrbGlrLnBsXC93cC1jb250ZW50XC91cGxvYWRzXC8yMDI0XC8xMlwvSU1HXzIwMjQxMTA5XzE2MjkzNi1zY2FsZWQuanBnIiwic2xpZGVzaG93IjoiNjI3MmNhYiJ9\" href='https:\/\/fundacjaklik.pl\/wp-content\/uploads\/2024\/12\/IMG_20241109_162936-scaled.jpg'><img loading=\"lazy\" decoding=\"async\" width=\"150\" height=\"150\" src=\"https:\/\/fundacjaklik.pl\/wp-content\/uploads\/2024\/12\/IMG_20241109_162936-150x150.jpg\" class=\"attachment-thumbnail size-thumbnail\" alt=\"Metalowa rze\u017aba pegaza, obok fotografuj\u0105cy j\u0105 przechodzie\u0144. W tle drzewa i blok mieszkalny.\" \/><\/a>\n\t\t\t<\/div><\/figure><figure class='gallery-item'>\n\t\t\t<div class='gallery-icon '>\n\t\t\t\t<a data-elementor-open-lightbox=\"yes\" data-elementor-lightbox-slideshow=\"6272cab\" data-elementor-lightbox-title=\"20240921_175818\" data-e-action-hash=\"#elementor-action%3Aaction%3Dlightbox%26settings%3DeyJpZCI6Mzk3LCJ1cmwiOiJodHRwczpcL1wvZnVuZGFjamFrbGlrLnBsXC93cC1jb250ZW50XC91cGxvYWRzXC8yMDI0XC8xMlwvMjAyNDA5MjFfMTc1ODE4LmpwZyIsInNsaWRlc2hvdyI6IjYyNzJjYWIifQ%3D%3D\" href='https:\/\/fundacjaklik.pl\/wp-content\/uploads\/2024\/12\/20240921_175818.jpg'><img loading=\"lazy\" decoding=\"async\" width=\"1\" height=\"1\" src=\"https:\/\/fundacjaklik.pl\/wp-content\/uploads\/2024\/12\/20240921_175818.jpg\" class=\"attachment-thumbnail size-thumbnail\" alt=\"Na ceglanej \u015bcianie widnieje fragment muralu, namalowany dynamicznymi liniami w kolorach czerni, bieli i czerwieni. Nad pojazdem widnieje s\u0142owo \u201eCze\u015b\u0107\u201d w ozdobnym, \u017c\u00f3\u0142to-czerwonym stylu.\" \/><\/a>\n\t\t\t<\/div><\/figure><figure class='gallery-item'>\n\t\t\t<div class='gallery-icon landscape'>\n\t\t\t\t<a data-elementor-open-lightbox=\"yes\" data-elementor-lightbox-slideshow=\"6272cab\" data-elementor-lightbox-title=\"Daria 5-1\" data-e-action-hash=\"#elementor-action%3Aaction%3Dlightbox%26settings%3DeyJpZCI6Mzk4LCJ1cmwiOiJodHRwczpcL1wvZnVuZGFjamFrbGlrLnBsXC93cC1jb250ZW50XC91cGxvYWRzXC8yMDI0XC8xMlwvRGFyaWEtNS0xLnBuZyIsInNsaWRlc2hvdyI6IjYyNzJjYWIifQ%3D%3D\" href='https:\/\/fundacjaklik.pl\/wp-content\/uploads\/2024\/12\/Daria-5-1.png'><img loading=\"lazy\" decoding=\"async\" width=\"150\" height=\"113\" src=\"https:\/\/fundacjaklik.pl\/wp-content\/uploads\/2024\/12\/Daria-5-1.png\" class=\"attachment-thumbnail size-thumbnail\" alt=\"Rze\u017aba wykonana z rur o r\u00f3\u017cnych \u015brednicach i d\u0142ugo\u015bciach. Za ni\u0105 widoczny zaokr\u0105glony budynek zwany &quot;Globusem&quot;.\" \/><\/a>\n\t\t\t<\/div><\/figure><figure class='gallery-item'>\n\t\t\t<div class='gallery-icon landscape'>\n\t\t\t\t<a data-elementor-open-lightbox=\"yes\" data-elementor-lightbox-slideshow=\"6272cab\" data-elementor-lightbox-title=\"20241025_143928 (1)\" data-e-action-hash=\"#elementor-action%3Aaction%3Dlightbox%26settings%3DeyJpZCI6Mzk5LCJ1cmwiOiJodHRwczpcL1wvZnVuZGFjamFrbGlrLnBsXC93cC1jb250ZW50XC91cGxvYWRzXC8yMDI0XC8xMlwvMjAyNDEwMjVfMTQzOTI4LTEtc2NhbGVkLmpwZyIsInNsaWRlc2hvdyI6IjYyNzJjYWIifQ%3D%3D\" href='https:\/\/fundacjaklik.pl\/wp-content\/uploads\/2024\/12\/20241025_143928-1-scaled.jpg'><img loading=\"lazy\" decoding=\"async\" width=\"150\" height=\"80\" src=\"https:\/\/fundacjaklik.pl\/wp-content\/uploads\/2024\/12\/20241025_143928-1-scaled.jpg\" class=\"attachment-thumbnail size-thumbnail\" alt=\"Plac zabaw z bawi\u0105cymi si\u0119 na nim dzie\u0107mi. Dooko\u0142a bloki i drzewa.\" \/><\/a>\n\t\t\t<\/div><\/figure><figure class='gallery-item'>\n\t\t\t<div class='gallery-icon portrait'>\n\t\t\t\t<a data-elementor-open-lightbox=\"yes\" data-elementor-lightbox-slideshow=\"6272cab\" data-elementor-lightbox-title=\"IMG_20241109_162636\" data-e-action-hash=\"#elementor-action%3Aaction%3Dlightbox%26settings%3DeyJpZCI6NDAwLCJ1cmwiOiJodHRwczpcL1wvZnVuZGFjamFrbGlrLnBsXC93cC1jb250ZW50XC91cGxvYWRzXC8yMDI0XC8xMlwvSU1HXzIwMjQxMTA5XzE2MjYzNi1zY2FsZWQuanBnIiwic2xpZGVzaG93IjoiNjI3MmNhYiJ9\" href='https:\/\/fundacjaklik.pl\/wp-content\/uploads\/2024\/12\/IMG_20241109_162636-scaled.jpg'><img loading=\"lazy\" decoding=\"async\" width=\"100\" height=\"150\" src=\"https:\/\/fundacjaklik.pl\/wp-content\/uploads\/2024\/12\/IMG_20241109_162636-scaled.jpg\" class=\"attachment-thumbnail size-thumbnail\" alt=\"Atrakcja na placu zabaw w kszta\u0142cie samochodu terenowego. W tle drzewa.\" \/><\/a>\n\t\t\t<\/div><\/figure><figure class='gallery-item'>\n\t\t\t<div class='gallery-icon landscape'>\n\t\t\t\t<a data-elementor-open-lightbox=\"yes\" data-elementor-lightbox-slideshow=\"6272cab\" data-elementor-lightbox-title=\"IMG_20241109_161630\" data-e-action-hash=\"#elementor-action%3Aaction%3Dlightbox%26settings%3DeyJpZCI6NDAxLCJ1cmwiOiJodHRwczpcL1wvZnVuZGFjamFrbGlrLnBsXC93cC1jb250ZW50XC91cGxvYWRzXC8yMDI0XC8xMlwvSU1HXzIwMjQxMTA5XzE2MTYzMC1zY2FsZWQuanBnIiwic2xpZGVzaG93IjoiNjI3MmNhYiJ9\" href='https:\/\/fundacjaklik.pl\/wp-content\/uploads\/2024\/12\/IMG_20241109_161630-scaled.jpg'><img loading=\"lazy\" decoding=\"async\" width=\"150\" height=\"78\" src=\"https:\/\/fundacjaklik.pl\/wp-content\/uploads\/2024\/12\/IMG_20241109_161630-scaled.jpg\" class=\"attachment-thumbnail size-thumbnail\" alt=\"W\u0105ska przestrze\u0144 miejska z zaparkowanym \u017c\u00f3\u0142tym samochodem na pierwszym planie. W tle znajduje si\u0119 zniszczony budynek z ceg\u0142y, pokryty graffiti, z wybitymi oknami i bujn\u0105 ro\u015blinno\u015bci\u0105 wok\u00f3\u0142 wej\u015bcia.\" \/><\/a>\n\t\t\t<\/div><\/figure><figure class='gallery-item'>\n\t\t\t<div class='gallery-icon portrait'>\n\t\t\t\t<a data-elementor-open-lightbox=\"yes\" data-elementor-lightbox-slideshow=\"6272cab\" data-elementor-lightbox-title=\"IMG_20241103_131319\" data-e-action-hash=\"#elementor-action%3Aaction%3Dlightbox%26settings%3DeyJpZCI6NDAyLCJ1cmwiOiJodHRwczpcL1wvZnVuZGFjamFrbGlrLnBsXC93cC1jb250ZW50XC91cGxvYWRzXC8yMDI0XC8xMlwvSU1HXzIwMjQxMTAzXzEzMTMxOS1zY2FsZWQuanBnIiwic2xpZGVzaG93IjoiNjI3MmNhYiJ9\" href='https:\/\/fundacjaklik.pl\/wp-content\/uploads\/2024\/12\/IMG_20241103_131319-scaled.jpg'><img loading=\"lazy\" decoding=\"async\" width=\"113\" height=\"150\" src=\"https:\/\/fundacjaklik.pl\/wp-content\/uploads\/2024\/12\/IMG_20241103_131319-scaled.jpg\" class=\"attachment-thumbnail size-thumbnail\" alt=\"S\u0142o\u0144ce \u015bwiec\u0105ce nad blokami mieszkalnymi i drzewami.\" \/><\/a>\n\t\t\t<\/div><\/figure><figure class='gallery-item'>\n\t\t\t<div class='gallery-icon portrait'>\n\t\t\t\t<a data-elementor-open-lightbox=\"yes\" data-elementor-lightbox-slideshow=\"6272cab\" data-elementor-lightbox-title=\"c4 Iza Krasi\u0144ska - bia\u0142e bloki\" data-e-action-hash=\"#elementor-action%3Aaction%3Dlightbox%26settings%3DeyJpZCI6NDAzLCJ1cmwiOiJodHRwczpcL1wvZnVuZGFjamFrbGlrLnBsXC93cC1jb250ZW50XC91cGxvYWRzXC8yMDI0XC8xMlwvYzQtSXphLUtyYXNpbnNrYS1iaWFsZS1ibG9raS1zY2FsZWQuanBnIiwic2xpZGVzaG93IjoiNjI3MmNhYiJ9\" href='https:\/\/fundacjaklik.pl\/wp-content\/uploads\/2024\/12\/c4-Iza-Krasinska-biale-bloki-scaled.jpg'><img loading=\"lazy\" decoding=\"async\" width=\"113\" height=\"150\" src=\"https:\/\/fundacjaklik.pl\/wp-content\/uploads\/2024\/12\/c4-Iza-Krasinska-biale-bloki-scaled.jpg\" class=\"attachment-thumbnail size-thumbnail\" alt=\"Budynki mieszkalne i stoj\u0105ce przed nimi trzy bezlistne drzewa.\" \/><\/a>\n\t\t\t<\/div><\/figure><figure class='gallery-item'>\n\t\t\t<div class='gallery-icon portrait'>\n\t\t\t\t<a data-elementor-open-lightbox=\"yes\" data-elementor-lightbox-slideshow=\"6272cab\" data-elementor-lightbox-title=\"IMG_20241109_163241\" data-e-action-hash=\"#elementor-action%3Aaction%3Dlightbox%26settings%3DeyJpZCI6NDA0LCJ1cmwiOiJodHRwczpcL1wvZnVuZGFjamFrbGlrLnBsXC93cC1jb250ZW50XC91cGxvYWRzXC8yMDI0XC8xMlwvSU1HXzIwMjQxMTA5XzE2MzI0MS1zY2FsZWQuanBnIiwic2xpZGVzaG93IjoiNjI3MmNhYiJ9\" href='https:\/\/fundacjaklik.pl\/wp-content\/uploads\/2024\/12\/IMG_20241109_163241-scaled.jpg'><img loading=\"lazy\" decoding=\"async\" width=\"100\" height=\"150\" src=\"https:\/\/fundacjaklik.pl\/wp-content\/uploads\/2024\/12\/IMG_20241109_163241-scaled.jpg\" class=\"attachment-thumbnail size-thumbnail\" alt=\"Atrakcja na placu zabaw wykonana z kolorowych rur. W tle drzewo z \u017c\u00f3\u0142tymi li\u015b\u0107mi.\" \/><\/a>\n\t\t\t<\/div><\/figure><figure class='gallery-item'>\n\t\t\t<div class='gallery-icon landscape'>\n\t\t\t\t<a data-elementor-open-lightbox=\"yes\" data-elementor-lightbox-slideshow=\"6272cab\" data-elementor-lightbox-title=\"c1 Iza Krasi\u0144ska - \u0142aweczka na placu zabaw\" data-e-action-hash=\"#elementor-action%3Aaction%3Dlightbox%26settings%3DeyJpZCI6NDA1LCJ1cmwiOiJodHRwczpcL1wvZnVuZGFjamFrbGlrLnBsXC93cC1jb250ZW50XC91cGxvYWRzXC8yMDI0XC8xMlwvYzEtSXphLUtyYXNpbnNrYS1sYXdlY3prYS1uYS1wbGFjdS16YWJhdy1zY2FsZWQuanBnIiwic2xpZGVzaG93IjoiNjI3MmNhYiJ9\" href='https:\/\/fundacjaklik.pl\/wp-content\/uploads\/2024\/12\/c1-Iza-Krasinska-laweczka-na-placu-zabaw-scaled.jpg'><img loading=\"lazy\" decoding=\"async\" width=\"150\" height=\"114\" src=\"https:\/\/fundacjaklik.pl\/wp-content\/uploads\/2024\/12\/c1-Iza-Krasinska-laweczka-na-placu-zabaw-scaled.jpg\" class=\"attachment-thumbnail size-thumbnail\" alt=\"\u0141awki na placu zabaw, obok osoba bawi\u0105ca si\u0119 z dzieckiem. Nieco dalej widoczna hu\u015btawka i krzewy.\" \/><\/a>\n\t\t\t<\/div><\/figure><figure class='gallery-item'>\n\t\t\t<div class='gallery-icon portrait'>\n\t\t\t\t<a data-elementor-open-lightbox=\"yes\" data-elementor-lightbox-slideshow=\"6272cab\" data-elementor-lightbox-title=\"Daria 3-1\" data-e-action-hash=\"#elementor-action%3Aaction%3Dlightbox%26settings%3DeyJpZCI6NDA2LCJ1cmwiOiJodHRwczpcL1wvZnVuZGFjamFrbGlrLnBsXC93cC1jb250ZW50XC91cGxvYWRzXC8yMDI0XC8xMlwvRGFyaWEtMy0xLnBuZyIsInNsaWRlc2hvdyI6IjYyNzJjYWIifQ%3D%3D\" href='https:\/\/fundacjaklik.pl\/wp-content\/uploads\/2024\/12\/Daria-3-1.png'><img loading=\"lazy\" decoding=\"async\" width=\"113\" height=\"150\" src=\"https:\/\/fundacjaklik.pl\/wp-content\/uploads\/2024\/12\/Daria-3-1.png\" class=\"attachment-thumbnail size-thumbnail\" alt=\"Balkon mieszkania na parterze. W oknie stoj\u0105cy na parapecie pies.\" \/><\/a>\n\t\t\t<\/div><\/figure><figure class='gallery-item'>\n\t\t\t<div class='gallery-icon '>\n\t\t\t\t<a data-elementor-open-lightbox=\"yes\" data-elementor-lightbox-slideshow=\"6272cab\" data-elementor-lightbox-title=\"20241103_135325\" data-e-action-hash=\"#elementor-action%3Aaction%3Dlightbox%26settings%3DeyJpZCI6NDA3LCJ1cmwiOiJodHRwczpcL1wvZnVuZGFjamFrbGlrLnBsXC93cC1jb250ZW50XC91cGxvYWRzXC8yMDI0XC8xMlwvMjAyNDExMDNfMTM1MzI1LmpwZyIsInNsaWRlc2hvdyI6IjYyNzJjYWIifQ%3D%3D\" href='https:\/\/fundacjaklik.pl\/wp-content\/uploads\/2024\/12\/20241103_135325.jpg'><img loading=\"lazy\" decoding=\"async\" width=\"1\" height=\"1\" src=\"https:\/\/fundacjaklik.pl\/wp-content\/uploads\/2024\/12\/20241103_135325.jpg\" class=\"attachment-thumbnail size-thumbnail\" alt=\"Krajobraz miasta z blokami, ulic\u0105 samochodami widziany przez rur\u0119.\" \/><\/a>\n\t\t\t<\/div><\/figure><figure class='gallery-item'>\n\t\t\t<div class='gallery-icon landscape'>\n\t\t\t\t<a data-elementor-open-lightbox=\"yes\" data-elementor-lightbox-slideshow=\"6272cab\" data-elementor-lightbox-title=\"IMG_20241109_162619\" data-e-action-hash=\"#elementor-action%3Aaction%3Dlightbox%26settings%3DeyJpZCI6NDA4LCJ1cmwiOiJodHRwczpcL1wvZnVuZGFjamFrbGlrLnBsXC93cC1jb250ZW50XC91cGxvYWRzXC8yMDI0XC8xMlwvSU1HXzIwMjQxMTA5XzE2MjYxOS1zY2FsZWQuanBnIiwic2xpZGVzaG93IjoiNjI3MmNhYiJ9\" href='https:\/\/fundacjaklik.pl\/wp-content\/uploads\/2024\/12\/IMG_20241109_162619-scaled.jpg'><img loading=\"lazy\" decoding=\"async\" width=\"150\" height=\"150\" src=\"https:\/\/fundacjaklik.pl\/wp-content\/uploads\/2024\/12\/IMG_20241109_162619-150x150.jpg\" class=\"attachment-thumbnail size-thumbnail\" alt=\"Element placu zabaw w kszta\u0142cie przypominaj\u0105cym samolot ze \u015bmig\u0142em, widziany od przodu. W tle drzewa, \u0142awka i bloki mieszkalne.\" \/><\/a>\n\t\t\t<\/div><\/figure><figure class='gallery-item'>\n\t\t\t<div class='gallery-icon '>\n\t\t\t\t<a data-elementor-open-lightbox=\"yes\" data-elementor-lightbox-slideshow=\"6272cab\" data-elementor-lightbox-title=\"c5 Iza Krasi\u0144ska - plakat 3\" data-e-action-hash=\"#elementor-action%3Aaction%3Dlightbox%26settings%3DeyJpZCI6NDA5LCJ1cmwiOiJodHRwczpcL1wvZnVuZGFjamFrbGlrLnBsXC93cC1jb250ZW50XC91cGxvYWRzXC8yMDI0XC8xMlwvYzUtSXphLUtyYXNpbnNrYS1wbGFrYXQtMy5qcGciLCJzbGlkZXNob3ciOiI2MjcyY2FiIn0%3D\" href='https:\/\/fundacjaklik.pl\/wp-content\/uploads\/2024\/12\/c5-Iza-Krasinska-plakat-3.jpg'><img loading=\"lazy\" decoding=\"async\" width=\"1\" height=\"1\" src=\"https:\/\/fundacjaklik.pl\/wp-content\/uploads\/2024\/12\/c5-Iza-Krasinska-plakat-3.jpg\" class=\"attachment-thumbnail size-thumbnail\" alt=\"S\u0142up og\u0142oszeniowy z wieloma naklejonymi i poniszczonymi plakatami. W centralnej cz\u0119\u015bci zdj\u0119cia twarz m\u0119\u017cczyzny w okularach przeciws\u0142onecznych.\" \/><\/a>\n\t\t\t<\/div><\/figure><figure class='gallery-item'>\n\t\t\t<div class='gallery-icon portrait'>\n\t\t\t\t<a data-elementor-open-lightbox=\"yes\" data-elementor-lightbox-slideshow=\"6272cab\" data-elementor-lightbox-title=\"IMG_20241109_163113\" data-e-action-hash=\"#elementor-action%3Aaction%3Dlightbox%26settings%3DeyJpZCI6NDEwLCJ1cmwiOiJodHRwczpcL1wvZnVuZGFjamFrbGlrLnBsXC93cC1jb250ZW50XC91cGxvYWRzXC8yMDI0XC8xMlwvSU1HXzIwMjQxMTA5XzE2MzExMy1zY2FsZWQuanBnIiwic2xpZGVzaG93IjoiNjI3MmNhYiJ9\" href='https:\/\/fundacjaklik.pl\/wp-content\/uploads\/2024\/12\/IMG_20241109_163113-scaled.jpg'><img loading=\"lazy\" decoding=\"async\" width=\"100\" height=\"150\" src=\"https:\/\/fundacjaklik.pl\/wp-content\/uploads\/2024\/12\/IMG_20241109_163113-scaled.jpg\" class=\"attachment-thumbnail size-thumbnail\" alt=\"Plac zabaw w jesiennej scenerii z metalow\u0105 kulist\u0105 konstrukcj\u0105 do wspinania. Wok\u00f3\u0142 rosn\u0105 wysokie drzewa z li\u015b\u0107mi w odcieniach zieleni, \u017c\u00f3\u0142ci i br\u0105zu, a ziemi\u0119 pokrywa warstwa opad\u0142ych li\u015bci. Pogoda s\u0142oneczna, niebo bezchmurne.\" \/><\/a>\n\t\t\t<\/div><\/figure><figure class='gallery-item'>\n\t\t\t<div class='gallery-icon portrait'>\n\t\t\t\t<a data-elementor-open-lightbox=\"yes\" data-elementor-lightbox-slideshow=\"6272cab\" data-elementor-lightbox-title=\"b8 Iza Krasi\u0144ska - stru\u015b je drzewo 2\" data-e-action-hash=\"#elementor-action%3Aaction%3Dlightbox%26settings%3DeyJpZCI6NDExLCJ1cmwiOiJodHRwczpcL1wvZnVuZGFjamFrbGlrLnBsXC93cC1jb250ZW50XC91cGxvYWRzXC8yMDI0XC8xMlwvYjgtSXphLUtyYXNpbnNrYS1zdHJ1cy1qZS1kcnpld28tMi1zY2FsZWQuanBnIiwic2xpZGVzaG93IjoiNjI3MmNhYiJ9\" href='https:\/\/fundacjaklik.pl\/wp-content\/uploads\/2024\/12\/b8-Iza-Krasinska-strus-je-drzewo-2-scaled.jpg'><img loading=\"lazy\" decoding=\"async\" width=\"113\" height=\"150\" src=\"https:\/\/fundacjaklik.pl\/wp-content\/uploads\/2024\/12\/b8-Iza-Krasinska-strus-je-drzewo-2-scaled.jpg\" class=\"attachment-thumbnail size-thumbnail\" alt=\"Widziany od do\u0142u fragment pod\u0142u\u017cnej i postrz\u0119pionej rze\u017aby. Obok drzewa, w tle pochmurne niebo.\" \/><\/a>\n\t\t\t<\/div><\/figure><figure class='gallery-item'>\n\t\t\t<div class='gallery-icon landscape'>\n\t\t\t\t<a data-elementor-open-lightbox=\"yes\" data-elementor-lightbox-slideshow=\"6272cab\" data-elementor-lightbox-title=\"20240921_181019\" data-e-action-hash=\"#elementor-action%3Aaction%3Dlightbox%26settings%3DeyJpZCI6NDEyLCJ1cmwiOiJodHRwczpcL1wvZnVuZGFjamFrbGlrLnBsXC93cC1jb250ZW50XC91cGxvYWRzXC8yMDI0XC8xMlwvMjAyNDA5MjFfMTgxMDE5LXNjYWxlZC5qcGciLCJzbGlkZXNob3ciOiI2MjcyY2FiIn0%3D\" href='https:\/\/fundacjaklik.pl\/wp-content\/uploads\/2024\/12\/20240921_181019-scaled.jpg'><img loading=\"lazy\" decoding=\"async\" width=\"150\" height=\"84\" src=\"https:\/\/fundacjaklik.pl\/wp-content\/uploads\/2024\/12\/20240921_181019-scaled.jpg\" class=\"attachment-thumbnail size-thumbnail\" alt=\"Mural przedstawiaj\u0105cy samoch\u00f3d Fiat 126p, wykonany na ceglanej \u015bcianie. Samoch\u00f3d jest \u017c\u00f3\u0142ty, przedstawiony z profilu.\" \/><\/a>\n\t\t\t<\/div><\/figure><figure class='gallery-item'>\n\t\t\t<div class='gallery-icon landscape'>\n\t\t\t\t<a data-elementor-open-lightbox=\"yes\" data-elementor-lightbox-slideshow=\"6272cab\" data-elementor-lightbox-title=\"20241026_164050\" data-e-action-hash=\"#elementor-action%3Aaction%3Dlightbox%26settings%3DeyJpZCI6NDEzLCJ1cmwiOiJodHRwczpcL1wvZnVuZGFjamFrbGlrLnBsXC93cC1jb250ZW50XC91cGxvYWRzXC8yMDI0XC8xMlwvMjAyNDEwMjZfMTY0MDUwLXNjYWxlZC5qcGciLCJzbGlkZXNob3ciOiI2MjcyY2FiIn0%3D\" href='https:\/\/fundacjaklik.pl\/wp-content\/uploads\/2024\/12\/20241026_164050-scaled.jpg'><img loading=\"lazy\" decoding=\"async\" width=\"150\" height=\"84\" src=\"https:\/\/fundacjaklik.pl\/wp-content\/uploads\/2024\/12\/20241026_164050-scaled.jpg\" class=\"attachment-thumbnail size-thumbnail\" alt=\"Zbli\u017cenie na ceglan\u0105 \u015bcian\u0119 z r\u00f3\u017cnokolorowymi, cz\u0119\u015bciowo wytartymi ceg\u0142ami, z kt\u00f3rych wiele ma wygrawerowane napisy, m.in. \u201eRURY\u201d czy \u201eROLA\u201d. \u015aciana wygl\u0105da na dekoracyjn\u0105 lub pami\u0105tkow\u0105.\" \/><\/a>\n\t\t\t<\/div><\/figure><figure class='gallery-item'>\n\t\t\t<div class='gallery-icon portrait'>\n\t\t\t\t<a data-elementor-open-lightbox=\"yes\" data-elementor-lightbox-slideshow=\"6272cab\" data-elementor-lightbox-title=\"20241030_142457\" data-e-action-hash=\"#elementor-action%3Aaction%3Dlightbox%26settings%3DeyJpZCI6NDE0LCJ1cmwiOiJodHRwczpcL1wvZnVuZGFjamFrbGlrLnBsXC93cC1jb250ZW50XC91cGxvYWRzXC8yMDI0XC8xMlwvMjAyNDEwMzBfMTQyNDU3LXNjYWxlZC5qcGciLCJzbGlkZXNob3ciOiI2MjcyY2FiIn0%3D\" href='https:\/\/fundacjaklik.pl\/wp-content\/uploads\/2024\/12\/20241030_142457-scaled.jpg'><img loading=\"lazy\" decoding=\"async\" width=\"84\" height=\"150\" src=\"https:\/\/fundacjaklik.pl\/wp-content\/uploads\/2024\/12\/20241030_142457-scaled.jpg\" class=\"attachment-thumbnail size-thumbnail\" alt=\"Jesienny parkowy chodnik wy\u0142o\u017cony sze\u015bciok\u0105tnymi p\u0142ytkami, otoczony metalowymi pergolami. Po prawej stronie rosn\u0105 krzewy z li\u015b\u0107mi w odcieniach czerwieni, r\u00f3\u017cu i zieleni. Na ziemi le\u017c\u0105 \u017c\u00f3\u0142te i br\u0105zowe li\u015bcie, a w tle wida\u0107 drzewa w jesiennych barwach.\" \/><\/a>\n\t\t\t<\/div><\/figure><figure class='gallery-item'>\n\t\t\t<div class='gallery-icon '>\n\t\t\t\t<a data-elementor-open-lightbox=\"yes\" data-elementor-lightbox-slideshow=\"6272cab\" data-elementor-lightbox-title=\"20241030_143033\" data-e-action-hash=\"#elementor-action%3Aaction%3Dlightbox%26settings%3DeyJpZCI6NDE1LCJ1cmwiOiJodHRwczpcL1wvZnVuZGFjamFrbGlrLnBsXC93cC1jb250ZW50XC91cGxvYWRzXC8yMDI0XC8xMlwvMjAyNDEwMzBfMTQzMDMzLmpwZyIsInNsaWRlc2hvdyI6IjYyNzJjYWIifQ%3D%3D\" href='https:\/\/fundacjaklik.pl\/wp-content\/uploads\/2024\/12\/20241030_143033.jpg'><img loading=\"lazy\" decoding=\"async\" width=\"1\" height=\"1\" src=\"https:\/\/fundacjaklik.pl\/wp-content\/uploads\/2024\/12\/20241030_143033.jpg\" class=\"attachment-thumbnail size-thumbnail\" alt=\"Widziane od do\u0142u, w du\u017cym przybli\u017ceniu drzewo. Obok stoj\u0105cy blok mieszkalny.\" \/><\/a>\n\t\t\t<\/div><\/figure><figure class='gallery-item'>\n\t\t\t<div class='gallery-icon landscape'>\n\t\t\t\t<a data-elementor-open-lightbox=\"yes\" data-elementor-lightbox-slideshow=\"6272cab\" data-elementor-lightbox-title=\"Iza Krasi\u0144ska - wiatraki\" data-e-action-hash=\"#elementor-action%3Aaction%3Dlightbox%26settings%3DeyJpZCI6NDE2LCJ1cmwiOiJodHRwczpcL1wvZnVuZGFjamFrbGlrLnBsXC93cC1jb250ZW50XC91cGxvYWRzXC8yMDI0XC8xMlwvSXphLUtyYXNpbnNrYS13aWF0cmFraS1zY2FsZWQuanBnIiwic2xpZGVzaG93IjoiNjI3MmNhYiJ9\" href='https:\/\/fundacjaklik.pl\/wp-content\/uploads\/2024\/12\/Iza-Krasinska-wiatraki-scaled.jpg'><img loading=\"lazy\" decoding=\"async\" width=\"150\" height=\"150\" src=\"https:\/\/fundacjaklik.pl\/wp-content\/uploads\/2024\/12\/Iza-Krasinska-wiatraki-150x150.jpg\" class=\"attachment-thumbnail size-thumbnail\" alt=\"Zbli\u017cenie na mieni\u0105cy si\u0119 r\u00f3\u017cnymi kolorami wiatrak, w tle zaparkowane samochody i blok.\" \/><\/a>\n\t\t\t<\/div><\/figure><figure class='gallery-item'>\n\t\t\t<div class='gallery-icon '>\n\t\t\t\t<a data-elementor-open-lightbox=\"yes\" data-elementor-lightbox-slideshow=\"6272cab\" data-elementor-lightbox-title=\"IMG_20241103_125022\" data-e-action-hash=\"#elementor-action%3Aaction%3Dlightbox%26settings%3DeyJpZCI6NDE3LCJ1cmwiOiJodHRwczpcL1wvZnVuZGFjamFrbGlrLnBsXC93cC1jb250ZW50XC91cGxvYWRzXC8yMDI0XC8xMlwvSU1HXzIwMjQxMTAzXzEyNTAyMi5qcGciLCJzbGlkZXNob3ciOiI2MjcyY2FiIn0%3D\" href='https:\/\/fundacjaklik.pl\/wp-content\/uploads\/2024\/12\/IMG_20241103_125022.jpg'><img loading=\"lazy\" decoding=\"async\" width=\"1\" height=\"1\" src=\"https:\/\/fundacjaklik.pl\/wp-content\/uploads\/2024\/12\/IMG_20241103_125022.jpg\" class=\"attachment-thumbnail size-thumbnail\" alt=\"Jesienny park z osob\u0105 spaceruj\u0105c\u0105 po utwardzonej \u015bcie\u017cce. Na pierwszym planie zwisaj\u0105 ga\u0142\u0119zie z \u017c\u00f3\u0142tymi li\u015b\u0107mi. W tle widoczna trawiasta skarpa z czerwonymi krzewami, latarni\u0105 i drzewami w jesiennych barwach, w tym pomara\u0144czowym klonem i wierzb\u0105 p\u0142acz\u0105c\u0105. W lewym g\u00f3rnym rogu wida\u0107 r\u00f3\u017cowo-bia\u0142y budynek mieszkalny.\" \/><\/a>\n\t\t\t<\/div><\/figure><figure class='gallery-item'>\n\t\t\t<div class='gallery-icon landscape'>\n\t\t\t\t<a data-elementor-open-lightbox=\"yes\" data-elementor-lightbox-slideshow=\"6272cab\" data-elementor-lightbox-title=\"c7 Iza Krasi\u0144ska - blok 1\" data-e-action-hash=\"#elementor-action%3Aaction%3Dlightbox%26settings%3DeyJpZCI6NDE4LCJ1cmwiOiJodHRwczpcL1wvZnVuZGFjamFrbGlrLnBsXC93cC1jb250ZW50XC91cGxvYWRzXC8yMDI0XC8xMlwvYzctSXphLUtyYXNpbnNrYS1ibG9rLTEtc2NhbGVkLmpwZyIsInNsaWRlc2hvdyI6IjYyNzJjYWIifQ%3D%3D\" href='https:\/\/fundacjaklik.pl\/wp-content\/uploads\/2024\/12\/c7-Iza-Krasinska-blok-1-scaled.jpg'><img loading=\"lazy\" decoding=\"async\" width=\"150\" height=\"113\" src=\"https:\/\/fundacjaklik.pl\/wp-content\/uploads\/2024\/12\/c7-Iza-Krasinska-blok-1-scaled.jpg\" class=\"attachment-thumbnail size-thumbnail\" alt=\"Blok mieszkalny z czerwonymi balkonami cz\u0119\u015bciowo zas\u0142oni\u0119ty przez drzewa. S\u0142o\u0144ce przebija si\u0119 przez li\u015bcie, tworz\u0105c jesienn\u0105 atmosfer\u0119 z \u017c\u00f3\u0142tymi barwami i opad\u0142ymi li\u015b\u0107mi.\" \/><\/a>\n\t\t\t<\/div><\/figure><figure class='gallery-item'>\n\t\t\t<div class='gallery-icon portrait'>\n\t\t\t\t<a data-elementor-open-lightbox=\"yes\" data-elementor-lightbox-slideshow=\"6272cab\" data-elementor-lightbox-title=\"Daria 4-1\" data-e-action-hash=\"#elementor-action%3Aaction%3Dlightbox%26settings%3DeyJpZCI6NDE5LCJ1cmwiOiJodHRwczpcL1wvZnVuZGFjamFrbGlrLnBsXC93cC1jb250ZW50XC91cGxvYWRzXC8yMDI0XC8xMlwvRGFyaWEtNC0xLnBuZyIsInNsaWRlc2hvdyI6IjYyNzJjYWIifQ%3D%3D\" href='https:\/\/fundacjaklik.pl\/wp-content\/uploads\/2024\/12\/Daria-4-1.png'><img loading=\"lazy\" decoding=\"async\" width=\"150\" height=\"150\" src=\"https:\/\/fundacjaklik.pl\/wp-content\/uploads\/2024\/12\/Daria-4-1-150x150.png\" class=\"attachment-thumbnail size-thumbnail\" alt=\"Scena z miejskiego targu warzywnego \u2014 marchew, pory, buraki i topinambur u\u0142o\u017cone w skrzynkach z r\u0119cznie wypisanymi cenami w z\u0142ot\u00f3wkach. W centrum stoi betonowy s\u0142up oblepiony plakatami, w tym jednym z napisem \u201eUWAGA! STREFA BEZPIECZNA\u201d. W tle wida\u0107 zabudowania i zadaszenie, typowe dla miejskiego otoczenia.\" \/><\/a>\n\t\t\t<\/div><\/figure><figure class='gallery-item'>\n\t\t\t<div class='gallery-icon landscape'>\n\t\t\t\t<a data-elementor-open-lightbox=\"yes\" data-elementor-lightbox-slideshow=\"6272cab\" data-elementor-lightbox-title=\"Zdjecie4 (3)\" data-e-action-hash=\"#elementor-action%3Aaction%3Dlightbox%26settings%3DeyJpZCI6NDIwLCJ1cmwiOiJodHRwczpcL1wvZnVuZGFjamFrbGlrLnBsXC93cC1jb250ZW50XC91cGxvYWRzXC8yMDI0XC8xMlwvWmRqZWNpZTQtMy1zY2FsZWQuanBnIiwic2xpZGVzaG93IjoiNjI3MmNhYiJ9\" href='https:\/\/fundacjaklik.pl\/wp-content\/uploads\/2024\/12\/Zdjecie4-3-scaled.jpg'><img loading=\"lazy\" decoding=\"async\" width=\"150\" height=\"150\" src=\"https:\/\/fundacjaklik.pl\/wp-content\/uploads\/2024\/12\/Zdjecie4-3-150x150.jpg\" class=\"attachment-thumbnail size-thumbnail\" alt=\"Wielokolorowa \u015bciana bloku mieszkalnego. Nad nim zachmurzone niebo.\" \/><\/a>\n\t\t\t<\/div><\/figure><figure class='gallery-item'>\n\t\t\t<div class='gallery-icon landscape'>\n\t\t\t\t<a data-elementor-open-lightbox=\"yes\" data-elementor-lightbox-slideshow=\"6272cab\" data-elementor-lightbox-title=\"b5 Iza Krasi\u0144ska - plc zabaw drewniany\" data-e-action-hash=\"#elementor-action%3Aaction%3Dlightbox%26settings%3DeyJpZCI6NDIxLCJ1cmwiOiJodHRwczpcL1wvZnVuZGFjamFrbGlrLnBsXC93cC1jb250ZW50XC91cGxvYWRzXC8yMDI0XC8xMlwvYjUtSXphLUtyYXNpbnNrYS1wbGMtemFiYXctZHJld25pYW55LXNjYWxlZC5qcGciLCJzbGlkZXNob3ciOiI2MjcyY2FiIn0%3D\" href='https:\/\/fundacjaklik.pl\/wp-content\/uploads\/2024\/12\/b5-Iza-Krasinska-plc-zabaw-drewniany-scaled.jpg'><img loading=\"lazy\" decoding=\"async\" width=\"150\" height=\"113\" src=\"https:\/\/fundacjaklik.pl\/wp-content\/uploads\/2024\/12\/b5-Iza-Krasinska-plc-zabaw-drewniany-scaled.jpg\" class=\"attachment-thumbnail size-thumbnail\" alt=\"Drewniany tor przeszk\u00f3d dla dzieci. Wok\u00f3\u0142 opad\u0142e li\u015bcie.\" \/><\/a>\n\t\t\t<\/div><\/figure><figure class='gallery-item'>\n\t\t\t<div class='gallery-icon portrait'>\n\t\t\t\t<a data-elementor-open-lightbox=\"yes\" data-elementor-lightbox-slideshow=\"6272cab\" data-elementor-lightbox-title=\"IMG_20241103_125144\" data-e-action-hash=\"#elementor-action%3Aaction%3Dlightbox%26settings%3DeyJpZCI6NDIyLCJ1cmwiOiJodHRwczpcL1wvZnVuZGFjamFrbGlrLnBsXC93cC1jb250ZW50XC91cGxvYWRzXC8yMDI0XC8xMlwvSU1HXzIwMjQxMTAzXzEyNTE0NC1zY2FsZWQuanBnIiwic2xpZGVzaG93IjoiNjI3MmNhYiJ9\" href='https:\/\/fundacjaklik.pl\/wp-content\/uploads\/2024\/12\/IMG_20241103_125144-scaled.jpg'><img loading=\"lazy\" decoding=\"async\" width=\"113\" height=\"150\" src=\"https:\/\/fundacjaklik.pl\/wp-content\/uploads\/2024\/12\/IMG_20241103_125144-scaled.jpg\" class=\"attachment-thumbnail size-thumbnail\" alt=\"\u015acie\u017cka z kostki brukowej prowadz\u0105ca pomi\u0119dzy drzewami. Daleko w tle budynek mieszkalny.\" \/><\/a>\n\t\t\t<\/div><\/figure><figure class='gallery-item'>\n\t\t\t<div class='gallery-icon landscape'>\n\t\t\t\t<a data-elementor-open-lightbox=\"yes\" data-elementor-lightbox-slideshow=\"6272cab\" data-elementor-lightbox-title=\"Zdjecie1 (1)\" data-e-action-hash=\"#elementor-action%3Aaction%3Dlightbox%26settings%3DeyJpZCI6NDIzLCJ1cmwiOiJodHRwczpcL1wvZnVuZGFjamFrbGlrLnBsXC93cC1jb250ZW50XC91cGxvYWRzXC8yMDI0XC8xMlwvWmRqZWNpZTEtMS1zY2FsZWQuanBnIiwic2xpZGVzaG93IjoiNjI3MmNhYiJ9\" href='https:\/\/fundacjaklik.pl\/wp-content\/uploads\/2024\/12\/Zdjecie1-1-scaled.jpg'><img loading=\"lazy\" decoding=\"async\" width=\"150\" height=\"113\" src=\"https:\/\/fundacjaklik.pl\/wp-content\/uploads\/2024\/12\/Zdjecie1-1-scaled.jpg\" class=\"attachment-thumbnail size-thumbnail\" alt=\"Przystanek autobusowy widziany od ty\u0142u, z prze\u017aroczystymi \u015bcianami, przez kt\u00f3re wida\u0107 pi\u0107 os\u00f3b. Jedna z nich siedzi na \u0142awce w \u015brodku przystanku.\" \/><\/a>\n\t\t\t<\/div><\/figure><figure class='gallery-item'>\n\t\t\t<div class='gallery-icon landscape'>\n\t\t\t\t<a data-elementor-open-lightbox=\"yes\" data-elementor-lightbox-slideshow=\"6272cab\" data-elementor-lightbox-title=\"Daria 2-1\" data-e-action-hash=\"#elementor-action%3Aaction%3Dlightbox%26settings%3DeyJpZCI6NDI0LCJ1cmwiOiJodHRwczpcL1wvZnVuZGFjamFrbGlrLnBsXC93cC1jb250ZW50XC91cGxvYWRzXC8yMDI0XC8xMlwvRGFyaWEtMi0xLnBuZyIsInNsaWRlc2hvdyI6IjYyNzJjYWIifQ%3D%3D\" href='https:\/\/fundacjaklik.pl\/wp-content\/uploads\/2024\/12\/Daria-2-1.png'><img loading=\"lazy\" decoding=\"async\" width=\"150\" height=\"113\" src=\"https:\/\/fundacjaklik.pl\/wp-content\/uploads\/2024\/12\/Daria-2-1.png\" class=\"attachment-thumbnail size-thumbnail\" alt=\"\u015aciana bloku mieszkalnego z balkonami i oknami.\" \/><\/a>\n\t\t\t<\/div><\/figure><figure class='gallery-item'>\n\t\t\t<div class='gallery-icon '>\n\t\t\t\t<a data-elementor-open-lightbox=\"yes\" data-elementor-lightbox-slideshow=\"6272cab\" data-elementor-lightbox-title=\"20241030_142642\" data-e-action-hash=\"#elementor-action%3Aaction%3Dlightbox%26settings%3DeyJpZCI6NDI1LCJ1cmwiOiJodHRwczpcL1wvZnVuZGFjamFrbGlrLnBsXC93cC1jb250ZW50XC91cGxvYWRzXC8yMDI0XC8xMlwvMjAyNDEwMzBfMTQyNjQyLmpwZyIsInNsaWRlc2hvdyI6IjYyNzJjYWIifQ%3D%3D\" href='https:\/\/fundacjaklik.pl\/wp-content\/uploads\/2024\/12\/20241030_142642.jpg'><img loading=\"lazy\" decoding=\"async\" width=\"1\" height=\"1\" src=\"https:\/\/fundacjaklik.pl\/wp-content\/uploads\/2024\/12\/20241030_142642.jpg\" class=\"attachment-thumbnail size-thumbnail\" alt=\"Jesienny park z kamiennym placem pokrytym opad\u0142ymi li\u015b\u0107mi. W centrum znajduje si\u0119 okr\u0105g\u0142a przestrze\u0144 z niebiesk\u0105 plandek\u0105 i betonowymi blokami, na kt\u00f3rych le\u017c\u0105 du\u017ce kamienie. W tle \u0142awki, drzewa w jesiennych barwach i budynki mieszkalne.\" \/><\/a>\n\t\t\t<\/div><\/figure><figure class='gallery-item'>\n\t\t\t<div class='gallery-icon landscape'>\n\t\t\t\t<a data-elementor-open-lightbox=\"yes\" data-elementor-lightbox-slideshow=\"6272cab\" data-elementor-lightbox-title=\"Zdjecie1 (4)\" data-e-action-hash=\"#elementor-action%3Aaction%3Dlightbox%26settings%3DeyJpZCI6NDI2LCJ1cmwiOiJodHRwczpcL1wvZnVuZGFjamFrbGlrLnBsXC93cC1jb250ZW50XC91cGxvYWRzXC8yMDI0XC8xMlwvWmRqZWNpZTEtNC1zY2FsZWQuanBnIiwic2xpZGVzaG93IjoiNjI3MmNhYiJ9\" href='https:\/\/fundacjaklik.pl\/wp-content\/uploads\/2024\/12\/Zdjecie1-4-scaled.jpg'><img loading=\"lazy\" decoding=\"async\" width=\"150\" height=\"113\" src=\"https:\/\/fundacjaklik.pl\/wp-content\/uploads\/2024\/12\/Zdjecie1-4-scaled.jpg\" class=\"attachment-thumbnail size-thumbnail\" alt=\"Pusta hala parkingowa z niskim, \u017cebrowanym sufitem i rz\u0119dami kolumn. Promienie s\u0142o\u0144ca wpadaj\u0105 z lewej strony, tworz\u0105c d\u0142ugie cienie. Po prawej ustawione s\u0105 bia\u0142o-czerwone bariery, a w oddali wida\u0107 drzewa.\" \/><\/a>\n\t\t\t<\/div><\/figure><figure class='gallery-item'>\n\t\t\t<div class='gallery-icon '>\n\t\t\t\t<a data-elementor-open-lightbox=\"yes\" data-elementor-lightbox-slideshow=\"6272cab\" data-elementor-lightbox-title=\"a7 Iza Krasi\u0144ska - drzewo 2\" data-e-action-hash=\"#elementor-action%3Aaction%3Dlightbox%26settings%3DeyJpZCI6NDI3LCJ1cmwiOiJodHRwczpcL1wvZnVuZGFjamFrbGlrLnBsXC93cC1jb250ZW50XC91cGxvYWRzXC8yMDI0XC8xMlwvYTctSXphLUtyYXNpbnNrYS1kcnpld28tMi5qcGciLCJzbGlkZXNob3ciOiI2MjcyY2FiIn0%3D\" href='https:\/\/fundacjaklik.pl\/wp-content\/uploads\/2024\/12\/a7-Iza-Krasinska-drzewo-2.jpg'><img loading=\"lazy\" decoding=\"async\" width=\"1\" height=\"1\" src=\"https:\/\/fundacjaklik.pl\/wp-content\/uploads\/2024\/12\/a7-Iza-Krasinska-drzewo-2.jpg\" class=\"attachment-thumbnail size-thumbnail\" alt=\"Zbli\u017cenie na pie\u0144 drzewa z wyra\u017an\u0105 kor\u0105 i \u015bladami uszkodze\u0144. W tle kolorowa mozaika z nieregularnych kafelk\u00f3w przypominaj\u0105cych witra\u017c, w odcieniach czerwieni, zieleni, b\u0142\u0119kitu i bieli. Nad mozaik\u0105 widoczne s\u0105 okna z \u017caluzjami, cz\u0119\u015bciowo zas\u0142oni\u0119te zwisaj\u0105cymi ga\u0142\u0119ziami \u2014 prawdopodobnie wierzby. Ca\u0142o\u015b\u0107 osadzona na brukowanym pod\u0142o\u017cu.\" \/><\/a>\n\t\t\t<\/div><\/figure><figure class='gallery-item'>\n\t\t\t<div class='gallery-icon '>\n\t\t\t\t<a data-elementor-open-lightbox=\"yes\" data-elementor-lightbox-slideshow=\"6272cab\" data-elementor-lightbox-title=\"Zdjecie3 (2)\" data-e-action-hash=\"#elementor-action%3Aaction%3Dlightbox%26settings%3DeyJpZCI6NDI4LCJ1cmwiOiJodHRwczpcL1wvZnVuZGFjamFrbGlrLnBsXC93cC1jb250ZW50XC91cGxvYWRzXC8yMDI0XC8xMlwvWmRqZWNpZTMtMi5qcGciLCJzbGlkZXNob3ciOiI2MjcyY2FiIn0%3D\" href='https:\/\/fundacjaklik.pl\/wp-content\/uploads\/2024\/12\/Zdjecie3-2.jpg'><img loading=\"lazy\" decoding=\"async\" width=\"1\" height=\"1\" src=\"https:\/\/fundacjaklik.pl\/wp-content\/uploads\/2024\/12\/Zdjecie3-2.jpg\" class=\"attachment-thumbnail size-thumbnail\" alt=\"Zielone ogrodzenie z umieszonymi na nim zabawkami. Za nim bezlistne drzewo. W tle blok mieszkalny.\" \/><\/a>\n\t\t\t<\/div><\/figure><figure class='gallery-item'>\n\t\t\t<div class='gallery-icon landscape'>\n\t\t\t\t<a data-elementor-open-lightbox=\"yes\" data-elementor-lightbox-slideshow=\"6272cab\" data-elementor-lightbox-title=\"Pi\" data-e-action-hash=\"#elementor-action%3Aaction%3Dlightbox%26settings%3DeyJpZCI6NDI5LCJ1cmwiOiJodHRwczpcL1wvZnVuZGFjamFrbGlrLnBsXC93cC1jb250ZW50XC91cGxvYWRzXC8yMDI0XC8xMlwvUGktc2NhbGVkLmpwZyIsInNsaWRlc2hvdyI6IjYyNzJjYWIifQ%3D%3D\" href='https:\/\/fundacjaklik.pl\/wp-content\/uploads\/2024\/12\/Pi-scaled.jpg'><img loading=\"lazy\" decoding=\"async\" width=\"150\" height=\"84\" src=\"https:\/\/fundacjaklik.pl\/wp-content\/uploads\/2024\/12\/Pi-scaled.jpg\" class=\"attachment-thumbnail size-thumbnail\" alt=\"Widok spod dw\u00f3ch r\u00f3wnoleg\u0142ych wiadukt\u00f3w, wspartych na betonowych filarach pokrytych graffiti. Pod nimi biegnie utwardzona \u015bcie\u017cka przez trawiasty teren. Promienie s\u0142o\u0144ca rzucaj\u0105 d\u0142ugie cienie, a w tle wida\u0107 drzewa \u2014 scena \u0142\u0105czy surow\u0105 infrastruktur\u0119 z elementami natury.\" \/><\/a>\n\t\t\t<\/div><\/figure><figure class='gallery-item'>\n\t\t\t<div class='gallery-icon '>\n\t\t\t\t<a data-elementor-open-lightbox=\"yes\" data-elementor-lightbox-slideshow=\"6272cab\" data-elementor-lightbox-title=\"Zdjecie3 (3)\" data-e-action-hash=\"#elementor-action%3Aaction%3Dlightbox%26settings%3DeyJpZCI6NDMwLCJ1cmwiOiJodHRwczpcL1wvZnVuZGFjamFrbGlrLnBsXC93cC1jb250ZW50XC91cGxvYWRzXC8yMDI0XC8xMlwvWmRqZWNpZTMtMy5qcGciLCJzbGlkZXNob3ciOiI2MjcyY2FiIn0%3D\" href='https:\/\/fundacjaklik.pl\/wp-content\/uploads\/2024\/12\/Zdjecie3-3.jpg'><img loading=\"lazy\" decoding=\"async\" width=\"1\" height=\"1\" src=\"https:\/\/fundacjaklik.pl\/wp-content\/uploads\/2024\/12\/Zdjecie3-3.jpg\" class=\"attachment-thumbnail size-thumbnail\" alt=\"Na pierwszym planie zielony p\u0142ot z pionowych pr\u0119t\u00f3w, do kt\u00f3rego przyczepiony jest czarno-bia\u0142y plakat z portretem kobiety o falowanych w\u0142osach i ciemnych ustach. W tle wysoki budynek mieszkalny w kolorach od pomara\u0144czowego u g\u00f3ry do niebieskiego u do\u0142u, drzewa z jesiennymi li\u015b\u0107mi i pochmurne niebo.\" \/><\/a>\n\t\t\t<\/div><\/figure><figure class='gallery-item'>\n\t\t\t<div class='gallery-icon landscape'>\n\t\t\t\t<a data-elementor-open-lightbox=\"yes\" data-elementor-lightbox-slideshow=\"6272cab\" data-elementor-lightbox-title=\"b2 Iza Krasi\u0144ska - nogi strusia\" data-e-action-hash=\"#elementor-action%3Aaction%3Dlightbox%26settings%3DeyJpZCI6NDMxLCJ1cmwiOiJodHRwczpcL1wvZnVuZGFjamFrbGlrLnBsXC93cC1jb250ZW50XC91cGxvYWRzXC8yMDI0XC8xMlwvYjItSXphLUtyYXNpbnNrYS1ub2dpLXN0cnVzaWEtc2NhbGVkLmpwZyIsInNsaWRlc2hvdyI6IjYyNzJjYWIifQ%3D%3D\" href='https:\/\/fundacjaklik.pl\/wp-content\/uploads\/2024\/12\/b2-Iza-Krasinska-nogi-strusia-scaled.jpg'><img loading=\"lazy\" decoding=\"async\" width=\"150\" height=\"113\" src=\"https:\/\/fundacjaklik.pl\/wp-content\/uploads\/2024\/12\/b2-Iza-Krasinska-nogi-strusia-scaled.jpg\" class=\"attachment-thumbnail size-thumbnail\" alt=\"Na pierwszym planie nogi srebrnej rze\u017aby du\u017cego ptaka stoj\u0105cej na chodniku w parku. Na drugim planie nogi przechodz\u0105cej osoby. W tle opad\u0142e li\u015bcie, drzewa, samochody i bloki mieszkalne.\" \/><\/a>\n\t\t\t<\/div><\/figure><figure class='gallery-item'>\n\t\t\t<div class='gallery-icon portrait'>\n\t\t\t\t<a data-elementor-open-lightbox=\"yes\" data-elementor-lightbox-slideshow=\"6272cab\" data-elementor-lightbox-title=\"20241103_124021\" data-e-action-hash=\"#elementor-action%3Aaction%3Dlightbox%26settings%3DeyJpZCI6NDMyLCJ1cmwiOiJodHRwczpcL1wvZnVuZGFjamFrbGlrLnBsXC93cC1jb250ZW50XC91cGxvYWRzXC8yMDI0XC8xMlwvMjAyNDExMDNfMTI0MDIxLXNjYWxlZC5qcGciLCJzbGlkZXNob3ciOiI2MjcyY2FiIn0%3D\" href='https:\/\/fundacjaklik.pl\/wp-content\/uploads\/2024\/12\/20241103_124021-scaled.jpg'><img loading=\"lazy\" decoding=\"async\" width=\"84\" height=\"150\" src=\"https:\/\/fundacjaklik.pl\/wp-content\/uploads\/2024\/12\/20241103_124021-scaled.jpg\" class=\"attachment-thumbnail size-thumbnail\" alt=\"Metalowa rze\u017aba g\u0142owy z wyci\u0119ciem w \u015brodku, ustawiona na tle jesiennych drzew. Materia\u0142 rze\u017aby ma postarzan\u0105 faktur\u0119, a niebo jest czyste i b\u0142\u0119kitne.\" \/><\/a>\n\t\t\t<\/div><\/figure><figure class='gallery-item'>\n\t\t\t<div class='gallery-icon landscape'>\n\t\t\t\t<a data-elementor-open-lightbox=\"yes\" data-elementor-lightbox-slideshow=\"6272cab\" data-elementor-lightbox-title=\"Zdjecie1 (3)\" data-e-action-hash=\"#elementor-action%3Aaction%3Dlightbox%26settings%3DeyJpZCI6NDMzLCJ1cmwiOiJodHRwczpcL1wvZnVuZGFjamFrbGlrLnBsXC93cC1jb250ZW50XC91cGxvYWRzXC8yMDI0XC8xMlwvWmRqZWNpZTEtMy1zY2FsZWQuanBnIiwic2xpZGVzaG93IjoiNjI3MmNhYiJ9\" href='https:\/\/fundacjaklik.pl\/wp-content\/uploads\/2024\/12\/Zdjecie1-3-scaled.jpg'><img loading=\"lazy\" decoding=\"async\" width=\"150\" height=\"113\" src=\"https:\/\/fundacjaklik.pl\/wp-content\/uploads\/2024\/12\/Zdjecie1-3-scaled.jpg\" class=\"attachment-thumbnail size-thumbnail\" alt=\"Na pierwszym planie pusty parking. Dalej blok mieszkalny, z widocznymi wieloma oknami i balkonami.\" \/><\/a>\n\t\t\t<\/div><\/figure><figure class='gallery-item'>\n\t\t\t<div class='gallery-icon portrait'>\n\t\t\t\t<a data-elementor-open-lightbox=\"yes\" data-elementor-lightbox-slideshow=\"6272cab\" data-elementor-lightbox-title=\"IMG_20241109_163330\" data-e-action-hash=\"#elementor-action%3Aaction%3Dlightbox%26settings%3DeyJpZCI6NDM0LCJ1cmwiOiJodHRwczpcL1wvZnVuZGFjamFrbGlrLnBsXC93cC1jb250ZW50XC91cGxvYWRzXC8yMDI0XC8xMlwvSU1HXzIwMjQxMTA5XzE2MzMzMC1zY2FsZWQuanBnIiwic2xpZGVzaG93IjoiNjI3MmNhYiJ9\" href='https:\/\/fundacjaklik.pl\/wp-content\/uploads\/2024\/12\/IMG_20241109_163330-scaled.jpg'><img loading=\"lazy\" decoding=\"async\" width=\"100\" height=\"150\" src=\"https:\/\/fundacjaklik.pl\/wp-content\/uploads\/2024\/12\/IMG_20241109_163330-scaled.jpg\" class=\"attachment-thumbnail size-thumbnail\" alt=\"Rowerzysta jad\u0105cy po drodze dla rower\u00f3w, obok chodnika. W tle drzewa i bloki.\" \/><\/a>\n\t\t\t<\/div><\/figure><figure class='gallery-item'>\n\t\t\t<div class='gallery-icon '>\n\t\t\t\t<a data-elementor-open-lightbox=\"yes\" data-elementor-lightbox-slideshow=\"6272cab\" data-elementor-lightbox-title=\"20241025_144130\" data-e-action-hash=\"#elementor-action%3Aaction%3Dlightbox%26settings%3DeyJpZCI6NDM1LCJ1cmwiOiJodHRwczpcL1wvZnVuZGFjamFrbGlrLnBsXC93cC1jb250ZW50XC91cGxvYWRzXC8yMDI0XC8xMlwvMjAyNDEwMjVfMTQ0MTMwLmpwZyIsInNsaWRlc2hvdyI6IjYyNzJjYWIifQ%3D%3D\" href='https:\/\/fundacjaklik.pl\/wp-content\/uploads\/2024\/12\/20241025_144130.jpg'><img loading=\"lazy\" decoding=\"async\" width=\"1\" height=\"1\" src=\"https:\/\/fundacjaklik.pl\/wp-content\/uploads\/2024\/12\/20241025_144130.jpg\" class=\"attachment-thumbnail size-thumbnail\" alt=\"Uj\u0119cie od do\u0142u pnia drzewa z wyra\u017an\u0105, chropowat\u0105 kor\u0105. Ga\u0142\u0119zie rozchodz\u0105 si\u0119 ku g\u00f3rze, s\u0105 niemal go\u0142e, z kilkoma \u017c\u00f3\u0142to-br\u0105zowymi li\u015b\u0107mi. W tle czyste, b\u0142\u0119kitne niebo.\" \/><\/a>\n\t\t\t<\/div><\/figure><figure class='gallery-item'>\n\t\t\t<div class='gallery-icon landscape'>\n\t\t\t\t<a data-elementor-open-lightbox=\"yes\" data-elementor-lightbox-slideshow=\"6272cab\" data-elementor-lightbox-title=\"Daria 1-1\" data-e-action-hash=\"#elementor-action%3Aaction%3Dlightbox%26settings%3DeyJpZCI6NDM2LCJ1cmwiOiJodHRwczpcL1wvZnVuZGFjamFrbGlrLnBsXC93cC1jb250ZW50XC91cGxvYWRzXC8yMDI0XC8xMlwvRGFyaWEtMS0xLnBuZyIsInNsaWRlc2hvdyI6IjYyNzJjYWIifQ%3D%3D\" href='https:\/\/fundacjaklik.pl\/wp-content\/uploads\/2024\/12\/Daria-1-1.png'><img loading=\"lazy\" decoding=\"async\" width=\"150\" height=\"113\" src=\"https:\/\/fundacjaklik.pl\/wp-content\/uploads\/2024\/12\/Daria-1-1.png\" class=\"attachment-thumbnail size-thumbnail\" alt=\"Odbicie budynku w lustrze. W tle \u015bciana innego budynku.\" \/><\/a>\n\t\t\t<\/div><\/figure><figure class='gallery-item'>\n\t\t\t<div class='gallery-icon '>\n\t\t\t\t<a data-elementor-open-lightbox=\"yes\" data-elementor-lightbox-slideshow=\"6272cab\" data-elementor-lightbox-title=\"c3 Iza Krasi\u0144ska - przejscie u\u015bmiechy\" data-e-action-hash=\"#elementor-action%3Aaction%3Dlightbox%26settings%3DeyJpZCI6NDM3LCJ1cmwiOiJodHRwczpcL1wvZnVuZGFjamFrbGlrLnBsXC93cC1jb250ZW50XC91cGxvYWRzXC8yMDI0XC8xMlwvYzMtSXphLUtyYXNpbnNrYS1wcnplanNjaWUtdXNtaWVjaHkuanBnIiwic2xpZGVzaG93IjoiNjI3MmNhYiJ9\" href='https:\/\/fundacjaklik.pl\/wp-content\/uploads\/2024\/12\/c3-Iza-Krasinska-przejscie-usmiechy.jpg'><img loading=\"lazy\" decoding=\"async\" width=\"1\" height=\"1\" src=\"https:\/\/fundacjaklik.pl\/wp-content\/uploads\/2024\/12\/c3-Iza-Krasinska-przejscie-usmiechy.jpg\" class=\"attachment-thumbnail size-thumbnail\" alt=\"Znak poziomy na chodniku, przedstawiaj\u0105cy osob\u0119 doros\u0142\u0105 id\u0105c\u0105 za r\u0119k\u0119 z dzieckiem. Doros\u0142y ma domalowan\u0105 czerwon\u0105 farb\u0105 u\u015bmiechni\u0119t\u0105 min\u0119, a dziecko - smutn\u0105.\" \/><\/a>\n\t\t\t<\/div><\/figure><figure class='gallery-item'>\n\t\t\t<div class='gallery-icon '>\n\t\t\t\t<a data-elementor-open-lightbox=\"yes\" data-elementor-lightbox-slideshow=\"6272cab\" data-elementor-lightbox-title=\"Zdjecie3\" data-e-action-hash=\"#elementor-action%3Aaction%3Dlightbox%26settings%3DeyJpZCI6NDM4LCJ1cmwiOiJodHRwczpcL1wvZnVuZGFjamFrbGlrLnBsXC93cC1jb250ZW50XC91cGxvYWRzXC8yMDI0XC8xMlwvWmRqZWNpZTMuanBnIiwic2xpZGVzaG93IjoiNjI3MmNhYiJ9\" href='https:\/\/fundacjaklik.pl\/wp-content\/uploads\/2024\/12\/Zdjecie3.jpg'><img loading=\"lazy\" decoding=\"async\" width=\"1\" height=\"1\" src=\"https:\/\/fundacjaklik.pl\/wp-content\/uploads\/2024\/12\/Zdjecie3.jpg\" class=\"attachment-thumbnail size-thumbnail\" alt=\"Zje\u017cd\u017calnia w kszta\u0142cie bia\u0142o - czerwonej rakiety, wok\u00f3\u0142 drzewa z po\u017c\u00f3\u0142k\u0142ymi li\u015b\u0107mi i budynki mieszkalne.\" \/><\/a>\n\t\t\t<\/div><\/figure><figure class='gallery-item'>\n\t\t\t<div class='gallery-icon portrait'>\n\t\t\t\t<a data-elementor-open-lightbox=\"yes\" data-elementor-lightbox-slideshow=\"6272cab\" data-elementor-lightbox-title=\"IMG_20241103_123558\" data-e-action-hash=\"#elementor-action%3Aaction%3Dlightbox%26settings%3DeyJpZCI6NDM5LCJ1cmwiOiJodHRwczpcL1wvZnVuZGFjamFrbGlrLnBsXC93cC1jb250ZW50XC91cGxvYWRzXC8yMDI0XC8xMlwvSU1HXzIwMjQxMTAzXzEyMzU1OC1zY2FsZWQuanBnIiwic2xpZGVzaG93IjoiNjI3MmNhYiJ9\" href='https:\/\/fundacjaklik.pl\/wp-content\/uploads\/2024\/12\/IMG_20241103_123558-scaled.jpg'><img loading=\"lazy\" decoding=\"async\" width=\"84\" height=\"150\" src=\"https:\/\/fundacjaklik.pl\/wp-content\/uploads\/2024\/12\/IMG_20241103_123558-scaled.jpg\" class=\"attachment-thumbnail size-thumbnail\" alt=\"Abstrakcyjna rze\u017aba metalowa o kszta\u0142cie przypominaj\u0105cym ptaka z rozpostartymi skrzyd\u0142ami, ustawiona na postumencie w parku. Na pierwszym planie pie\u0144 drzewa, w tle budynki mieszkalne w pastelowych kolorach. Na trawie widoczne opad\u0142e li\u015bcie.\" \/><\/a>\n\t\t\t<\/div><\/figure><figure class='gallery-item'>\n\t\t\t<div class='gallery-icon portrait'>\n\t\t\t\t<a data-elementor-open-lightbox=\"yes\" data-elementor-lightbox-slideshow=\"6272cab\" data-elementor-lightbox-title=\"Opalanko\" data-e-action-hash=\"#elementor-action%3Aaction%3Dlightbox%26settings%3DeyJpZCI6NDQwLCJ1cmwiOiJodHRwczpcL1wvZnVuZGFjamFrbGlrLnBsXC93cC1jb250ZW50XC91cGxvYWRzXC8yMDI0XC8xMlwvT3BhbGFua28tc2NhbGVkLmpwZyIsInNsaWRlc2hvdyI6IjYyNzJjYWIifQ%3D%3D\" href='https:\/\/fundacjaklik.pl\/wp-content\/uploads\/2024\/12\/Opalanko-scaled.jpg'><img loading=\"lazy\" decoding=\"async\" width=\"84\" height=\"150\" src=\"https:\/\/fundacjaklik.pl\/wp-content\/uploads\/2024\/12\/Opalanko-scaled.jpg\" class=\"attachment-thumbnail size-thumbnail\" alt=\"Jesienna scena w parku \u2014 ziemia pokryta grub\u0105 warstw\u0105 \u017c\u00f3\u0142tych, pomara\u0144czowych i br\u0105zowych li\u015bci. Na pierwszym planie krzew, w tle \u0142awka przy niskim murku, za kt\u00f3rym rosn\u0105 drzewa i wida\u0107 zabudowania mieszkalne. Niebo jest b\u0142\u0119kitne i pogodne.\" \/><\/a>\n\t\t\t<\/div><\/figure><figure class='gallery-item'>\n\t\t\t<div class='gallery-icon '>\n\t\t\t\t<a data-elementor-open-lightbox=\"yes\" data-elementor-lightbox-slideshow=\"6272cab\" data-elementor-lightbox-title=\"e4\" data-e-action-hash=\"#elementor-action%3Aaction%3Dlightbox%26settings%3DeyJpZCI6NDQxLCJ1cmwiOiJodHRwczpcL1wvZnVuZGFjamFrbGlrLnBsXC93cC1jb250ZW50XC91cGxvYWRzXC8yMDI0XC8xMlwvZTQuanBnIiwic2xpZGVzaG93IjoiNjI3MmNhYiJ9\" href='https:\/\/fundacjaklik.pl\/wp-content\/uploads\/2024\/12\/e4.jpg'><img loading=\"lazy\" decoding=\"async\" width=\"1\" height=\"1\" src=\"https:\/\/fundacjaklik.pl\/wp-content\/uploads\/2024\/12\/e4.jpg\" class=\"attachment-thumbnail size-thumbnail\" alt=\"Kolorowy mural graffiti na zewn\u0119trznej \u015bcianie, z abstrakcyjnymi kszta\u0142tami i stylizowanymi literami w odcieniach niebieskiego, zieleni, czerwieni i bieli. U do\u0142u bruk i jesienne li\u015bcie, a nad \u015bcian\u0105 metalowe ogrodzenie i drzewa z jesienn\u0105 koron\u0105.\" \/><\/a>\n\t\t\t<\/div><\/figure><figure class='gallery-item'>\n\t\t\t<div class='gallery-icon portrait'>\n\t\t\t\t<a data-elementor-open-lightbox=\"yes\" data-elementor-lightbox-slideshow=\"6272cab\" data-elementor-lightbox-title=\"IMG_20241103_123933\" data-e-action-hash=\"#elementor-action%3Aaction%3Dlightbox%26settings%3DeyJpZCI6NDQyLCJ1cmwiOiJodHRwczpcL1wvZnVuZGFjamFrbGlrLnBsXC93cC1jb250ZW50XC91cGxvYWRzXC8yMDI0XC8xMlwvSU1HXzIwMjQxMTAzXzEyMzkzMy1zY2FsZWQuanBnIiwic2xpZGVzaG93IjoiNjI3MmNhYiJ9\" href='https:\/\/fundacjaklik.pl\/wp-content\/uploads\/2024\/12\/IMG_20241103_123933-scaled.jpg'><img loading=\"lazy\" decoding=\"async\" width=\"84\" height=\"150\" src=\"https:\/\/fundacjaklik.pl\/wp-content\/uploads\/2024\/12\/IMG_20241103_123933-scaled.jpg\" class=\"attachment-thumbnail size-thumbnail\" alt=\"Karmnik dla ptak\u00f3w przymocowany do pnia drzewa. U do\u0142u zdj\u0119cia wida\u0107 fragment bloku mieszkalnego.\" \/><\/a>\n\t\t\t<\/div><\/figure><figure class='gallery-item'>\n\t\t\t<div class='gallery-icon '>\n\t\t\t\t<a data-elementor-open-lightbox=\"yes\" data-elementor-lightbox-slideshow=\"6272cab\" data-elementor-lightbox-title=\"b4 Iza Krasi\u0144ska - plakat 1.jpg\" data-e-action-hash=\"#elementor-action%3Aaction%3Dlightbox%26settings%3DeyJpZCI6NDQzLCJ1cmwiOiJodHRwczpcL1wvZnVuZGFjamFrbGlrLnBsXC93cC1jb250ZW50XC91cGxvYWRzXC8yMDI0XC8xMlwvYjQtSXphLUtyYXNpbnNrYS1wbGFrYXQtMS5qcGcuanBnIiwic2xpZGVzaG93IjoiNjI3MmNhYiJ9\" href='https:\/\/fundacjaklik.pl\/wp-content\/uploads\/2024\/12\/b4-Iza-Krasinska-plakat-1.jpg.jpg'><img loading=\"lazy\" decoding=\"async\" width=\"1\" height=\"1\" src=\"https:\/\/fundacjaklik.pl\/wp-content\/uploads\/2024\/12\/b4-Iza-Krasinska-plakat-1.jpg.jpg\" class=\"attachment-thumbnail size-thumbnail\" alt=\"S\u0142up og\u0142oszeniowy z wieloma naklejonymi i cz\u0119\u015bciowo zerwanymi plakatami. W \u015brodku wizerunek twarzy m\u0119\u017cczyzny z okularami przeciws\u0142onecznymi.\" \/><\/a>\n\t\t\t<\/div><\/figure><figure class='gallery-item'>\n\t\t\t<div class='gallery-icon portrait'>\n\t\t\t\t<a data-elementor-open-lightbox=\"yes\" data-elementor-lightbox-slideshow=\"6272cab\" data-elementor-lightbox-title=\"IMG_20241103_124644\" data-e-action-hash=\"#elementor-action%3Aaction%3Dlightbox%26settings%3DeyJpZCI6NDQ0LCJ1cmwiOiJodHRwczpcL1wvZnVuZGFjamFrbGlrLnBsXC93cC1jb250ZW50XC91cGxvYWRzXC8yMDI0XC8xMlwvSU1HXzIwMjQxMTAzXzEyNDY0NC1zY2FsZWQuanBnIiwic2xpZGVzaG93IjoiNjI3MmNhYiJ9\" href='https:\/\/fundacjaklik.pl\/wp-content\/uploads\/2024\/12\/IMG_20241103_124644-scaled.jpg'><img loading=\"lazy\" decoding=\"async\" width=\"113\" height=\"150\" src=\"https:\/\/fundacjaklik.pl\/wp-content\/uploads\/2024\/12\/IMG_20241103_124644-scaled.jpg\" class=\"attachment-thumbnail size-thumbnail\" alt=\"Du\u017ce drzewo o grubym pniu i roz\u0142o\u017cystych konarach, rosn\u0105ce przy utwardzonej \u015bcie\u017cce w parku. Na ziemi le\u017c\u0105 jesienne li\u015bcie, a w tle wida\u0107 budynki. Na korze drzewa widoczne s\u0105 dwa bia\u0142e \u015blady przypominaj\u0105ce twarze, co nadaje mu antropomorficzny charakter. Pogoda s\u0142oneczna, niebo czyste.\" \/><\/a>\n\t\t\t<\/div><\/figure><figure class='gallery-item'>\n\t\t\t<div class='gallery-icon '>\n\t\t\t\t<a data-elementor-open-lightbox=\"yes\" data-elementor-lightbox-slideshow=\"6272cab\" data-elementor-lightbox-title=\"Zdjecie2 (2)\" data-e-action-hash=\"#elementor-action%3Aaction%3Dlightbox%26settings%3DeyJpZCI6NDQ1LCJ1cmwiOiJodHRwczpcL1wvZnVuZGFjamFrbGlrLnBsXC93cC1jb250ZW50XC91cGxvYWRzXC8yMDI0XC8xMlwvWmRqZWNpZTItMi5qcGciLCJzbGlkZXNob3ciOiI2MjcyY2FiIn0%3D\" href='https:\/\/fundacjaklik.pl\/wp-content\/uploads\/2024\/12\/Zdjecie2-2.jpg'><img loading=\"lazy\" decoding=\"async\" width=\"1\" height=\"1\" src=\"https:\/\/fundacjaklik.pl\/wp-content\/uploads\/2024\/12\/Zdjecie2-2.jpg\" class=\"attachment-thumbnail size-thumbnail\" alt=\"Jesienny park z nowoczesn\u0105 rze\u017ab\u0105 o dynamicznych, metalowych kszta\u0142tach przypominaj\u0105cych biegn\u0105ce osoby. Ustawiona jest na kwadratowej podstawie otoczonej ceg\u0142ami. W tle wida\u0107 kolejn\u0105 rze\u017ab\u0119 \u2014 ptaka, prawdopodobnie \u017curawia \u2014 oraz osob\u0119 robi\u0105c\u0105 zdj\u0119cie. Trawnik pokryty jest opad\u0142ymi li\u015b\u0107mi, a drzewa maj\u0105 \u017c\u00f3\u0142te korony.\" \/><\/a>\n\t\t\t<\/div><\/figure><figure class='gallery-item'>\n\t\t\t<div class='gallery-icon landscape'>\n\t\t\t\t<a data-elementor-open-lightbox=\"yes\" data-elementor-lightbox-slideshow=\"6272cab\" data-elementor-lightbox-title=\"b1 Iza Krasi\u0144ska - w\u0105w\u00f3z 1\" data-e-action-hash=\"#elementor-action%3Aaction%3Dlightbox%26settings%3DeyJpZCI6NDQ2LCJ1cmwiOiJodHRwczpcL1wvZnVuZGFjamFrbGlrLnBsXC93cC1jb250ZW50XC91cGxvYWRzXC8yMDI0XC8xMlwvYjEtSXphLUtyYXNpbnNrYS13YXdvei0xLXNjYWxlZC5qcGciLCJzbGlkZXNob3ciOiI2MjcyY2FiIn0%3D\" href='https:\/\/fundacjaklik.pl\/wp-content\/uploads\/2024\/12\/b1-Iza-Krasinska-wawoz-1-scaled.jpg'><img loading=\"lazy\" decoding=\"async\" width=\"150\" height=\"150\" src=\"https:\/\/fundacjaklik.pl\/wp-content\/uploads\/2024\/12\/b1-Iza-Krasinska-wawoz-1-150x150.jpg\" class=\"attachment-thumbnail size-thumbnail\" alt=\"Le\u015bna \u015bcie\u017cka, na ziemi opad\u0142e li\u015bcie, wok\u00f3\u0142 drzewa.\" \/><\/a>\n\t\t\t<\/div><\/figure><figure class='gallery-item'>\n\t\t\t<div class='gallery-icon landscape'>\n\t\t\t\t<a data-elementor-open-lightbox=\"yes\" data-elementor-lightbox-slideshow=\"6272cab\" data-elementor-lightbox-title=\"Zdjecie2 (1)\" data-e-action-hash=\"#elementor-action%3Aaction%3Dlightbox%26settings%3DeyJpZCI6NDQ3LCJ1cmwiOiJodHRwczpcL1wvZnVuZGFjamFrbGlrLnBsXC93cC1jb250ZW50XC91cGxvYWRzXC8yMDI0XC8xMlwvWmRqZWNpZTItMS1zY2FsZWQuanBnIiwic2xpZGVzaG93IjoiNjI3MmNhYiJ9\" href='https:\/\/fundacjaklik.pl\/wp-content\/uploads\/2024\/12\/Zdjecie2-1-scaled.jpg'><img loading=\"lazy\" decoding=\"async\" width=\"150\" height=\"113\" src=\"https:\/\/fundacjaklik.pl\/wp-content\/uploads\/2024\/12\/Zdjecie2-1-scaled.jpg\" class=\"attachment-thumbnail size-thumbnail\" alt=\"Wysoki \u017c\u00f3\u0142ty blok mieszkalny z czerwonymi balustradami na balkonach, otoczony bezlistnymi drzewami i roz\u0142o\u017cyst\u0105 wierzb\u0105 o \u017c\u00f3\u0142tozielonych ga\u0142\u0119ziach. Niebo cz\u0119\u015bciowo zachmurzone, a s\u0142o\u0144ce o\u015bwietla budynek i drzewa.\" \/><\/a>\n\t\t\t<\/div><\/figure><figure class='gallery-item'>\n\t\t\t<div class='gallery-icon portrait'>\n\t\t\t\t<a data-elementor-open-lightbox=\"yes\" data-elementor-lightbox-slideshow=\"6272cab\" data-elementor-lightbox-title=\"IMG_20241109_161010\" data-e-action-hash=\"#elementor-action%3Aaction%3Dlightbox%26settings%3DeyJpZCI6NDQ4LCJ1cmwiOiJodHRwczpcL1wvZnVuZGFjamFrbGlrLnBsXC93cC1jb250ZW50XC91cGxvYWRzXC8yMDI0XC8xMlwvSU1HXzIwMjQxMTA5XzE2MTAxMC1zY2FsZWQuanBnIiwic2xpZGVzaG93IjoiNjI3MmNhYiJ9\" href='https:\/\/fundacjaklik.pl\/wp-content\/uploads\/2024\/12\/IMG_20241109_161010-scaled.jpg'><img loading=\"lazy\" decoding=\"async\" width=\"129\" height=\"150\" src=\"https:\/\/fundacjaklik.pl\/wp-content\/uploads\/2024\/12\/IMG_20241109_161010-scaled.jpg\" class=\"attachment-thumbnail size-thumbnail\" alt=\"Jesienny plac zabaw z niebiesk\u0105 bram\u0105 i czerwonym napisem \u201ePAN TADEUSZ\u201d na g\u00f3rze. Pod ni\u0105 czerwony s\u0142upek, a obok osoba spaceruje po utwardzonej \u015bcie\u017cce. W tle \u0142awka, krzewy i drzewa w jesiennych barwach.\" \/><\/a>\n\t\t\t<\/div><\/figure><figure class='gallery-item'>\n\t\t\t<div class='gallery-icon portrait'>\n\t\t\t\t<a data-elementor-open-lightbox=\"yes\" data-elementor-lightbox-slideshow=\"6272cab\" data-elementor-lightbox-title=\"IMG_20241103_124945\" data-e-action-hash=\"#elementor-action%3Aaction%3Dlightbox%26settings%3DeyJpZCI6NDQ5LCJ1cmwiOiJodHRwczpcL1wvZnVuZGFjamFrbGlrLnBsXC93cC1jb250ZW50XC91cGxvYWRzXC8yMDI0XC8xMlwvSU1HXzIwMjQxMTAzXzEyNDk0NS1zY2FsZWQuanBnIiwic2xpZGVzaG93IjoiNjI3MmNhYiJ9\" href='https:\/\/fundacjaklik.pl\/wp-content\/uploads\/2024\/12\/IMG_20241103_124945-scaled.jpg'><img loading=\"lazy\" decoding=\"async\" width=\"113\" height=\"150\" src=\"https:\/\/fundacjaklik.pl\/wp-content\/uploads\/2024\/12\/IMG_20241103_124945-scaled.jpg\" class=\"attachment-thumbnail size-thumbnail\" alt=\"Jesienny krajobraz z wyra\u017anym pniem brzozy po prawej stronie. W tle trawiasta polana z opad\u0142ymi li\u015b\u0107mi, kilka nagich drzew i dom na wzg\u00f3rzu o jasnej elewacji. Z g\u00f3ry zwisaj\u0105 ga\u0142\u0119zie z \u017c\u00f3\u0142tymi li\u015b\u0107mi, a niebo jest b\u0142\u0119kitne z delikatnymi chmurami.\" \/><\/a>\n\t\t\t<\/div><\/figure><figure class='gallery-item'>\n\t\t\t<div class='gallery-icon landscape'>\n\t\t\t\t<a data-elementor-open-lightbox=\"yes\" data-elementor-lightbox-slideshow=\"6272cab\" data-elementor-lightbox-title=\"Zdjecie4 (1)\" data-e-action-hash=\"#elementor-action%3Aaction%3Dlightbox%26settings%3DeyJpZCI6NDUwLCJ1cmwiOiJodHRwczpcL1wvZnVuZGFjamFrbGlrLnBsXC93cC1jb250ZW50XC91cGxvYWRzXC8yMDI0XC8xMlwvWmRqZWNpZTQtMS1zY2FsZWQuanBnIiwic2xpZGVzaG93IjoiNjI3MmNhYiJ9\" href='https:\/\/fundacjaklik.pl\/wp-content\/uploads\/2024\/12\/Zdjecie4-1-scaled.jpg'><img loading=\"lazy\" decoding=\"async\" width=\"150\" height=\"113\" src=\"https:\/\/fundacjaklik.pl\/wp-content\/uploads\/2024\/12\/Zdjecie4-1-scaled.jpg\" class=\"attachment-thumbnail size-thumbnail\" alt=\"Drzewa z po\u017c\u00f3\u0142k\u0142ymi li\u015b\u0107mi. Przed nimi trawa, w tle bezchmurne niebo.\" \/><\/a>\n\t\t\t<\/div><\/figure><figure class='gallery-item'>\n\t\t\t<div class='gallery-icon portrait'>\n\t\t\t\t<a data-elementor-open-lightbox=\"yes\" data-elementor-lightbox-slideshow=\"6272cab\" data-elementor-lightbox-title=\"d2 Iza Krasi\u0144ska - trawy 2 z\u0142ote\" data-e-action-hash=\"#elementor-action%3Aaction%3Dlightbox%26settings%3DeyJpZCI6NDUxLCJ1cmwiOiJodHRwczpcL1wvZnVuZGFjamFrbGlrLnBsXC93cC1jb250ZW50XC91cGxvYWRzXC8yMDI0XC8xMlwvZDItSXphLUtyYXNpbnNrYS10cmF3eS0yLXpsb3RlLXNjYWxlZC5qcGciLCJzbGlkZXNob3ciOiI2MjcyY2FiIn0%3D\" href='https:\/\/fundacjaklik.pl\/wp-content\/uploads\/2024\/12\/d2-Iza-Krasinska-trawy-2-zlote-scaled.jpg'><img loading=\"lazy\" decoding=\"async\" width=\"112\" height=\"150\" src=\"https:\/\/fundacjaklik.pl\/wp-content\/uploads\/2024\/12\/d2-Iza-Krasinska-trawy-2-zlote-scaled.jpg\" class=\"attachment-thumbnail size-thumbnail\" alt=\"Nowoczesny budynek o bia\u0142ej i granatowej elewacji z du\u017cymi prostok\u0105tnymi oknami. Na pierwszym planie ro\u015bnie g\u0119sta ozdobna trawa z jasnymi, puszystymi k\u0142osami. W tle wida\u0107 drzewa i b\u0142\u0119kitne niebo.\" \/><\/a>\n\t\t\t<\/div><\/figure><figure class='gallery-item'>\n\t\t\t<div class='gallery-icon landscape'>\n\t\t\t\t<a data-elementor-open-lightbox=\"yes\" data-elementor-lightbox-slideshow=\"6272cab\" data-elementor-lightbox-title=\"Zdjecie1 (2)\" data-e-action-hash=\"#elementor-action%3Aaction%3Dlightbox%26settings%3DeyJpZCI6NDUyLCJ1cmwiOiJodHRwczpcL1wvZnVuZGFjamFrbGlrLnBsXC93cC1jb250ZW50XC91cGxvYWRzXC8yMDI0XC8xMlwvWmRqZWNpZTEtMi1zY2FsZWQuanBnIiwic2xpZGVzaG93IjoiNjI3MmNhYiJ9\" href='https:\/\/fundacjaklik.pl\/wp-content\/uploads\/2024\/12\/Zdjecie1-2-scaled.jpg'><img loading=\"lazy\" decoding=\"async\" width=\"150\" height=\"113\" src=\"https:\/\/fundacjaklik.pl\/wp-content\/uploads\/2024\/12\/Zdjecie1-2-scaled.jpg\" class=\"attachment-thumbnail size-thumbnail\" alt=\"Zdj\u0119cie wykonane w parku. na pierwszym planie stoj\u0105ca na chodniku srebrna, du\u017ca rze\u017aba ptaka przypominaj\u0105cego \u017curawia. na drugim planie m\u0119\u017cczyzna z psem na smyczy. W tle drzewa i bloki mieszkalne.\" \/><\/a>\n\t\t\t<\/div><\/figure><figure class='gallery-item'>\n\t\t\t<div class='gallery-icon landscape'>\n\t\t\t\t<a data-elementor-open-lightbox=\"yes\" data-elementor-lightbox-slideshow=\"6272cab\" data-elementor-lightbox-title=\"Zdjecie4 (2)\" data-e-action-hash=\"#elementor-action%3Aaction%3Dlightbox%26settings%3DeyJpZCI6NDUzLCJ1cmwiOiJodHRwczpcL1wvZnVuZGFjamFrbGlrLnBsXC93cC1jb250ZW50XC91cGxvYWRzXC8yMDI0XC8xMlwvWmRqZWNpZTQtMi1zY2FsZWQuanBnIiwic2xpZGVzaG93IjoiNjI3MmNhYiJ9\" href='https:\/\/fundacjaklik.pl\/wp-content\/uploads\/2024\/12\/Zdjecie4-2-scaled.jpg'><img loading=\"lazy\" decoding=\"async\" width=\"150\" height=\"113\" src=\"https:\/\/fundacjaklik.pl\/wp-content\/uploads\/2024\/12\/Zdjecie4-2-scaled.jpg\" class=\"attachment-thumbnail size-thumbnail\" alt=\"Metalowa rze\u017aba przestawiaj\u0105ca krokodyla stoj\u0105ca na \u015bcie\u017cce przed blokiem mieszkalnym. Wida\u0107 r\u00f3wnie\u017c kilka drzew.\" \/><\/a>\n\t\t\t<\/div><\/figure><figure class='gallery-item'>\n\t\t\t<div class='gallery-icon '>\n\t\t\t\t<a data-elementor-open-lightbox=\"yes\" data-elementor-lightbox-slideshow=\"6272cab\" data-elementor-lightbox-title=\"IMG_20241109_163512\" data-e-action-hash=\"#elementor-action%3Aaction%3Dlightbox%26settings%3DeyJpZCI6NDU0LCJ1cmwiOiJodHRwczpcL1wvZnVuZGFjamFrbGlrLnBsXC93cC1jb250ZW50XC91cGxvYWRzXC8yMDI0XC8xMlwvSU1HXzIwMjQxMTA5XzE2MzUxMi5qcGciLCJzbGlkZXNob3ciOiI2MjcyY2FiIn0%3D\" href='https:\/\/fundacjaklik.pl\/wp-content\/uploads\/2024\/12\/IMG_20241109_163512.jpg'><img loading=\"lazy\" decoding=\"async\" width=\"1\" height=\"1\" src=\"https:\/\/fundacjaklik.pl\/wp-content\/uploads\/2024\/12\/IMG_20241109_163512.jpg\" class=\"attachment-thumbnail size-thumbnail\" alt=\"Zje\u017cd\u017calnia w kszta\u0142cie bia\u0142o - czerwonej rakiety, wok\u00f3\u0142 drzewa z po\u017c\u00f3\u0142k\u0142ymi li\u015b\u0107mi i budynki mieszkalne.\" \/><\/a>\n\t\t\t<\/div><\/figure><figure class='gallery-item'>\n\t\t\t<div class='gallery-icon portrait'>\n\t\t\t\t<a data-elementor-open-lightbox=\"yes\" data-elementor-lightbox-slideshow=\"6272cab\" data-elementor-lightbox-title=\"20241103_123937\" data-e-action-hash=\"#elementor-action%3Aaction%3Dlightbox%26settings%3DeyJpZCI6NDU1LCJ1cmwiOiJodHRwczpcL1wvZnVuZGFjamFrbGlrLnBsXC93cC1jb250ZW50XC91cGxvYWRzXC8yMDI0XC8xMlwvMjAyNDExMDNfMTIzOTM3LXNjYWxlZC5qcGciLCJzbGlkZXNob3ciOiI2MjcyY2FiIn0%3D\" href='https:\/\/fundacjaklik.pl\/wp-content\/uploads\/2024\/12\/20241103_123937-scaled.jpg'><img loading=\"lazy\" decoding=\"async\" width=\"84\" height=\"150\" src=\"https:\/\/fundacjaklik.pl\/wp-content\/uploads\/2024\/12\/20241103_123937-scaled.jpg\" class=\"attachment-thumbnail size-thumbnail\" alt=\"Abstrakcyjna rze\u017aba metalowa ustawiona na betonowej podstawie w parku. Kszta\u0142t dynamiczny, przypominaj\u0105cy ruch lub lot. W tle drzewa z opad\u0142ymi li\u015b\u0107mi i budynki mieszkalne. Na ziemi widoczne li\u015bcie w jesiennych barwach.\" \/><\/a>\n\t\t\t<\/div><\/figure><figure class='gallery-item'>\n\t\t\t<div class='gallery-icon portrait'>\n\t\t\t\t<a data-elementor-open-lightbox=\"yes\" data-elementor-lightbox-slideshow=\"6272cab\" data-elementor-lightbox-title=\"b3 Iza Krasi\u0144ska - pjenczyna 2\" data-e-action-hash=\"#elementor-action%3Aaction%3Dlightbox%26settings%3DeyJpZCI6NDU2LCJ1cmwiOiJodHRwczpcL1wvZnVuZGFjamFrbGlrLnBsXC93cC1jb250ZW50XC91cGxvYWRzXC8yMDI0XC8xMlwvYjMtSXphLUtyYXNpbnNrYS1wamVuY3p5bmEtMi1zY2FsZWQuanBnIiwic2xpZGVzaG93IjoiNjI3MmNhYiJ9\" href='https:\/\/fundacjaklik.pl\/wp-content\/uploads\/2024\/12\/b3-Iza-Krasinska-pjenczyna-2-scaled.jpg'><img loading=\"lazy\" decoding=\"async\" width=\"113\" height=\"150\" src=\"https:\/\/fundacjaklik.pl\/wp-content\/uploads\/2024\/12\/b3-Iza-Krasinska-pjenczyna-2-scaled.jpg\" class=\"attachment-thumbnail size-thumbnail\" alt=\"Zbli\u017cenie na metalowe rury o r\u00f3\u017cnych \u015brednicach. W jednej z rur widoczna paj\u0119czyna, o\u015bwietlona \u015bwiat\u0142em s\u0142onecznym. Uk\u0142ad rur jest ciasny i nieregularny.\" \/><\/a>\n\t\t\t<\/div><\/figure><figure class='gallery-item'>\n\t\t\t<div class='gallery-icon portrait'>\n\t\t\t\t<a data-elementor-open-lightbox=\"yes\" data-elementor-lightbox-slideshow=\"6272cab\" data-elementor-lightbox-title=\"IMG_20241103_125935\" data-e-action-hash=\"#elementor-action%3Aaction%3Dlightbox%26settings%3DeyJpZCI6NDU3LCJ1cmwiOiJodHRwczpcL1wvZnVuZGFjamFrbGlrLnBsXC93cC1jb250ZW50XC91cGxvYWRzXC8yMDI0XC8xMlwvSU1HXzIwMjQxMTAzXzEyNTkzNS1zY2FsZWQuanBnIiwic2xpZGVzaG93IjoiNjI3MmNhYiJ9\" href='https:\/\/fundacjaklik.pl\/wp-content\/uploads\/2024\/12\/IMG_20241103_125935-scaled.jpg'><img loading=\"lazy\" decoding=\"async\" width=\"113\" height=\"150\" src=\"https:\/\/fundacjaklik.pl\/wp-content\/uploads\/2024\/12\/IMG_20241103_125935-scaled.jpg\" class=\"attachment-thumbnail size-thumbnail\" alt=\"Drzewa, trawnik i le\u017c\u0105ce na nim li\u015bcie widoczne przez bia\u0142\u0105 siatk\u0119, prawdopodobnie bramki do pi\u0142ki no\u017cnej.\" \/><\/a>\n\t\t\t<\/div><\/figure><figure class='gallery-item'>\n\t\t\t<div class='gallery-icon portrait'>\n\t\t\t\t<a data-elementor-open-lightbox=\"yes\" data-elementor-lightbox-slideshow=\"6272cab\" data-elementor-lightbox-title=\"IMG_20241103_133156\" data-e-action-hash=\"#elementor-action%3Aaction%3Dlightbox%26settings%3DeyJpZCI6NDU4LCJ1cmwiOiJodHRwczpcL1wvZnVuZGFjamFrbGlrLnBsXC93cC1jb250ZW50XC91cGxvYWRzXC8yMDI0XC8xMlwvSU1HXzIwMjQxMTAzXzEzMzE1Ni1zY2FsZWQuanBnIiwic2xpZGVzaG93IjoiNjI3MmNhYiJ9\" href='https:\/\/fundacjaklik.pl\/wp-content\/uploads\/2024\/12\/IMG_20241103_133156-scaled.jpg'><img loading=\"lazy\" decoding=\"async\" width=\"113\" height=\"150\" src=\"https:\/\/fundacjaklik.pl\/wp-content\/uploads\/2024\/12\/IMG_20241103_133156-scaled.jpg\" class=\"attachment-thumbnail size-thumbnail\" alt=\"Asfaltowa, lekko pop\u0119kana \u015bcie\u017cka biegn\u0105ca w parku, pomi\u0119dzy drzewami.\" \/><\/a>\n\t\t\t<\/div><\/figure><figure class='gallery-item'>\n\t\t\t<div class='gallery-icon '>\n\t\t\t\t<a data-elementor-open-lightbox=\"yes\" data-elementor-lightbox-slideshow=\"6272cab\" data-elementor-lightbox-title=\"IMG_20241103_125601\" data-e-action-hash=\"#elementor-action%3Aaction%3Dlightbox%26settings%3DeyJpZCI6NDU5LCJ1cmwiOiJodHRwczpcL1wvZnVuZGFjamFrbGlrLnBsXC93cC1jb250ZW50XC91cGxvYWRzXC8yMDI0XC8xMlwvSU1HXzIwMjQxMTAzXzEyNTYwMS5qcGciLCJzbGlkZXNob3ciOiI2MjcyY2FiIn0%3D\" href='https:\/\/fundacjaklik.pl\/wp-content\/uploads\/2024\/12\/IMG_20241103_125601.jpg'><img loading=\"lazy\" decoding=\"async\" width=\"1\" height=\"1\" src=\"https:\/\/fundacjaklik.pl\/wp-content\/uploads\/2024\/12\/IMG_20241103_125601.jpg\" class=\"attachment-thumbnail size-thumbnail\" alt=\"Widoczne od do\u0142u drzewo i ga\u0142\u0119zie z resztk\u0105 \u017c\u00f3\u0142tych li\u015bci. Niebo jest bezchmurne.\" \/><\/a>\n\t\t\t<\/div><\/figure><figure class='gallery-item'>\n\t\t\t<div class='gallery-icon portrait'>\n\t\t\t\t<a data-elementor-open-lightbox=\"yes\" data-elementor-lightbox-slideshow=\"6272cab\" data-elementor-lightbox-title=\"IMG_20241103_132232\" data-e-action-hash=\"#elementor-action%3Aaction%3Dlightbox%26settings%3DeyJpZCI6NDYwLCJ1cmwiOiJodHRwczpcL1wvZnVuZGFjamFrbGlrLnBsXC93cC1jb250ZW50XC91cGxvYWRzXC8yMDI0XC8xMlwvSU1HXzIwMjQxMTAzXzEzMjIzMi1zY2FsZWQuanBnIiwic2xpZGVzaG93IjoiNjI3MmNhYiJ9\" href='https:\/\/fundacjaklik.pl\/wp-content\/uploads\/2024\/12\/IMG_20241103_132232-scaled.jpg'><img loading=\"lazy\" decoding=\"async\" width=\"150\" height=\"150\" src=\"https:\/\/fundacjaklik.pl\/wp-content\/uploads\/2024\/12\/IMG_20241103_132232-150x150.jpg\" class=\"attachment-thumbnail size-thumbnail\" alt=\"Widoczny w oddali budynek mieszkalny i kilka drzew, dla tle b\u0142\u0119kitnego nieba.\" \/><\/a>\n\t\t\t<\/div><\/figure><figure class='gallery-item'>\n\t\t\t<div class='gallery-icon landscape'>\n\t\t\t\t<a data-elementor-open-lightbox=\"yes\" data-elementor-lightbox-slideshow=\"6272cab\" data-elementor-lightbox-title=\"d6 Iza Krasi\u0144ska - blok i s\u0142o\u0144ce\" data-e-action-hash=\"#elementor-action%3Aaction%3Dlightbox%26settings%3DeyJpZCI6NDYxLCJ1cmwiOiJodHRwczpcL1wvZnVuZGFjamFrbGlrLnBsXC93cC1jb250ZW50XC91cGxvYWRzXC8yMDI0XC8xMlwvZDYtSXphLUtyYXNpbnNrYS1ibG9rLWktc2xvbmNlLXNjYWxlZC5qcGciLCJzbGlkZXNob3ciOiI2MjcyY2FiIn0%3D\" href='https:\/\/fundacjaklik.pl\/wp-content\/uploads\/2024\/12\/d6-Iza-Krasinska-blok-i-slonce-scaled.jpg'><img loading=\"lazy\" decoding=\"async\" width=\"150\" height=\"113\" src=\"https:\/\/fundacjaklik.pl\/wp-content\/uploads\/2024\/12\/d6-Iza-Krasinska-blok-i-slonce-scaled.jpg\" class=\"attachment-thumbnail size-thumbnail\" alt=\"Jesienny park w otoczeniu wysokich drzew z \u017c\u00f3\u0142tymi li\u015b\u0107mi. Na ziemi le\u017cy warstwa opad\u0142ych li\u015bci w odcieniach pomara\u0144czowych i br\u0105zowych. W tle widoczne s\u0105 wielopi\u0119trowe budynki mieszkalne w kolorze \u017c\u00f3\u0142tym z bia\u0142ymi oknami. Po prawej stronie \u0142awka przy \u015bcie\u017cce. S\u0142o\u0144ce rzuca d\u0142ugie cienie.\" \/><\/a>\n\t\t\t<\/div><\/figure><figure class='gallery-item'>\n\t\t\t<div class='gallery-icon portrait'>\n\t\t\t\t<a data-elementor-open-lightbox=\"yes\" data-elementor-lightbox-slideshow=\"6272cab\" data-elementor-lightbox-title=\"IMG_20241103_125526\" data-e-action-hash=\"#elementor-action%3Aaction%3Dlightbox%26settings%3DeyJpZCI6NDYyLCJ1cmwiOiJodHRwczpcL1wvZnVuZGFjamFrbGlrLnBsXC93cC1jb250ZW50XC91cGxvYWRzXC8yMDI0XC8xMlwvSU1HXzIwMjQxMTAzXzEyNTUyNi1zY2FsZWQuanBnIiwic2xpZGVzaG93IjoiNjI3MmNhYiJ9\" href='https:\/\/fundacjaklik.pl\/wp-content\/uploads\/2024\/12\/IMG_20241103_125526-scaled.jpg'><img loading=\"lazy\" decoding=\"async\" width=\"150\" height=\"150\" src=\"https:\/\/fundacjaklik.pl\/wp-content\/uploads\/2024\/12\/IMG_20241103_125526-150x150.jpg\" class=\"attachment-thumbnail size-thumbnail\" alt=\"Du\u017ce drzewo li\u015bciaste z roz\u0142o\u017cystymi, prawie nagimi ga\u0142\u0119ziami na pierwszym planie. Na ziemi le\u017c\u0105 opad\u0142e li\u015bcie. W tle dwie osoby id\u0105ce w stron\u0119 budynku mieszkalnego, otoczonego drzewami z jesienn\u0105 ro\u015blinno\u015bci\u0105. Niebo jest jasne i bezchmurne.\" \/><\/a>\n\t\t\t<\/div><\/figure>\n\t\t<\/div>\n\t\t<\/div>\n\t\t\t\t\t\t<\/div>\n\t\t\t\t<\/div>\n\t\t\t\t<\/div>\n\t\t\t\t<\/div>\n\t\t\t\t\t<\/div>\n\t\t\t\t<\/div>\n\t\t\t\t<\/div>\n\t\t","protected":false},"excerpt":{"rendered":"<p>&#8220;KLIK w dzielnic\u0119 &#8211; Rury&#8221; Projekt koncentrowa\u0142 si\u0119 na pokazaniu dzielnicy Rury oczami jej mieszka\u0144c\u00f3w. Zrealizowali\u015bmy cykl warsztat\u00f3w radiowych i fotograficznych, podczas kt\u00f3rych uczestnicy pracowali nad stworzeniem materia\u0142\u00f3w autorskich. Podczas wernisa\u017cu ko\u0144cz\u0105cego projekt zaprezentowali\u015bmy efekty ich pracy. A teraz dost\u0119pne s\u0105 one r\u00f3wnie\u017c na naszej stronie.<\/p>\n","protected":false},"author":1,"featured_media":0,"parent":36,"menu_order":0,"comment_status":"closed","ping_status":"closed","template":"","meta":{"footnotes":""},"class_list":["post-487","page","type-page","status-publish","hentry"],"yoast_head":"<!-- This site is optimized with the Yoast SEO plugin v25.5 - https:\/\/yoast.com\/wordpress\/plugins\/seo\/ -->\n<title>KLIK w dzielnic\u0119 - Rury - Fundacja KLIK<\/title>\n<meta name=\"robots\" content=\"index, follow, max-snippet:-1, max-image-preview:large, max-video-preview:-1\" \/>\n<link rel=\"canonical\" href=\"https:\/\/fundacjaklik.pl\/index.php\/nasze-projekty\/klik-w-dzielnice-rury\/\" \/>\n<meta property=\"og:locale\" content=\"pl_PL\" \/>\n<meta property=\"og:type\" content=\"article\" \/>\n<meta property=\"og:title\" content=\"KLIK w dzielnic\u0119 - Rury - Fundacja KLIK\" \/>\n<meta property=\"og:description\" content=\"&#8220;KLIK w dzielnic\u0119 &#8211; Rury&#8221; Projekt koncentrowa\u0142 si\u0119 na pokazaniu dzielnicy Rury oczami jej mieszka\u0144c\u00f3w. Zrealizowali\u015bmy cykl warsztat\u00f3w radiowych i fotograficznych, podczas kt\u00f3rych uczestnicy pracowali nad stworzeniem materia\u0142\u00f3w autorskich. Podczas wernisa\u017cu ko\u0144cz\u0105cego projekt zaprezentowali\u015bmy efekty ich pracy. A teraz dost\u0119pne s\u0105 one r\u00f3wnie\u017c na naszej stronie.\" \/>\n<meta property=\"og:url\" content=\"https:\/\/fundacjaklik.pl\/index.php\/nasze-projekty\/klik-w-dzielnice-rury\/\" \/>\n<meta property=\"og:site_name\" content=\"Fundacja KLIK\" \/>\n<meta property=\"article:modified_time\" content=\"2025-07-24T14:24:19+00:00\" \/>\n<meta property=\"og:image\" content=\"http:\/\/fundacjaklik.pl\/wp-content\/uploads\/2024\/12\/IMG_20241113_115432-150x150.jpg\" \/>\n<meta name=\"twitter:card\" content=\"summary_large_image\" \/>\n<meta name=\"twitter:label1\" content=\"Szacowany czas czytania\" \/>\n\t<meta name=\"twitter:data1\" content=\"22 minuty\" \/>\n<script type=\"application\/ld+json\" class=\"yoast-schema-graph\">{\"@context\":\"https:\/\/schema.org\",\"@graph\":[{\"@type\":\"WebPage\",\"@id\":\"https:\/\/fundacjaklik.pl\/index.php\/nasze-projekty\/klik-w-dzielnice-rury\/\",\"url\":\"https:\/\/fundacjaklik.pl\/index.php\/nasze-projekty\/klik-w-dzielnice-rury\/\",\"name\":\"KLIK w dzielnic\u0119 - Rury - Fundacja KLIK\",\"isPartOf\":{\"@id\":\"https:\/\/fundacjaklik.pl\/#website\"},\"primaryImageOfPage\":{\"@id\":\"https:\/\/fundacjaklik.pl\/index.php\/nasze-projekty\/klik-w-dzielnice-rury\/#primaryimage\"},\"image\":{\"@id\":\"https:\/\/fundacjaklik.pl\/index.php\/nasze-projekty\/klik-w-dzielnice-rury\/#primaryimage\"},\"thumbnailUrl\":\"http:\/\/fundacjaklik.pl\/wp-content\/uploads\/2024\/12\/IMG_20241113_115432-150x150.jpg\",\"datePublished\":\"2025-02-20T18:47:47+00:00\",\"dateModified\":\"2025-07-24T14:24:19+00:00\",\"breadcrumb\":{\"@id\":\"https:\/\/fundacjaklik.pl\/index.php\/nasze-projekty\/klik-w-dzielnice-rury\/#breadcrumb\"},\"inLanguage\":\"pl-PL\",\"potentialAction\":[{\"@type\":\"ReadAction\",\"target\":[\"https:\/\/fundacjaklik.pl\/index.php\/nasze-projekty\/klik-w-dzielnice-rury\/\"]}]},{\"@type\":\"ImageObject\",\"inLanguage\":\"pl-PL\",\"@id\":\"https:\/\/fundacjaklik.pl\/index.php\/nasze-projekty\/klik-w-dzielnice-rury\/#primaryimage\",\"url\":\"http:\/\/fundacjaklik.pl\/wp-content\/uploads\/2024\/12\/IMG_20241113_115432-150x150.jpg\",\"contentUrl\":\"http:\/\/fundacjaklik.pl\/wp-content\/uploads\/2024\/12\/IMG_20241113_115432-150x150.jpg\"},{\"@type\":\"BreadcrumbList\",\"@id\":\"https:\/\/fundacjaklik.pl\/index.php\/nasze-projekty\/klik-w-dzielnice-rury\/#breadcrumb\",\"itemListElement\":[{\"@type\":\"ListItem\",\"position\":1,\"name\":\"Strona g\u0142\u00f3wna\",\"item\":\"https:\/\/fundacjaklik.pl\/\"},{\"@type\":\"ListItem\",\"position\":2,\"name\":\"Nasze projekty\",\"item\":\"https:\/\/fundacjaklik.pl\/index.php\/nasze-projekty\/\"},{\"@type\":\"ListItem\",\"position\":3,\"name\":\"KLIK w dzielnic\u0119 &#8211; Rury\"}]},{\"@type\":\"WebSite\",\"@id\":\"https:\/\/fundacjaklik.pl\/#website\",\"url\":\"https:\/\/fundacjaklik.pl\/\",\"name\":\"Fundacja KLIK\",\"description\":\"Fundacja KLIK tworzy przestrze\u0144 dla os\u00f3b chc\u0105cych rozwija\u0107 si\u0119 w r\u00f3\u017cnych dziedzinach kultury, dzia\u0142alno\u015bci artystycznej i edukacji.\",\"publisher\":{\"@id\":\"https:\/\/fundacjaklik.pl\/#organization\"},\"potentialAction\":[{\"@type\":\"SearchAction\",\"target\":{\"@type\":\"EntryPoint\",\"urlTemplate\":\"https:\/\/fundacjaklik.pl\/?s={search_term_string}\"},\"query-input\":{\"@type\":\"PropertyValueSpecification\",\"valueRequired\":true,\"valueName\":\"search_term_string\"}}],\"inLanguage\":\"pl-PL\"},{\"@type\":\"Organization\",\"@id\":\"https:\/\/fundacjaklik.pl\/#organization\",\"name\":\"Fundacja KLIK\",\"url\":\"https:\/\/fundacjaklik.pl\/\",\"logo\":{\"@type\":\"ImageObject\",\"inLanguage\":\"pl-PL\",\"@id\":\"https:\/\/fundacjaklik.pl\/#\/schema\/logo\/image\/\",\"url\":\"https:\/\/fundacjaklik.pl\/wp-content\/uploads\/2023\/10\/cropped-Projekt-bez-nazwy.png\",\"contentUrl\":\"https:\/\/fundacjaklik.pl\/wp-content\/uploads\/2023\/10\/cropped-Projekt-bez-nazwy.png\",\"width\":384,\"height\":264,\"caption\":\"Fundacja KLIK\"},\"image\":{\"@id\":\"https:\/\/fundacjaklik.pl\/#\/schema\/logo\/image\/\"}}]}<\/script>\n<!-- \/ Yoast SEO plugin. -->","yoast_head_json":{"title":"KLIK w dzielnic\u0119 - Rury - Fundacja KLIK","robots":{"index":"index","follow":"follow","max-snippet":"max-snippet:-1","max-image-preview":"max-image-preview:large","max-video-preview":"max-video-preview:-1"},"canonical":"https:\/\/fundacjaklik.pl\/index.php\/nasze-projekty\/klik-w-dzielnice-rury\/","og_locale":"pl_PL","og_type":"article","og_title":"KLIK w dzielnic\u0119 - Rury - Fundacja KLIK","og_description":"&#8220;KLIK w dzielnic\u0119 &#8211; Rury&#8221; Projekt koncentrowa\u0142 si\u0119 na pokazaniu dzielnicy Rury oczami jej mieszka\u0144c\u00f3w. Zrealizowali\u015bmy cykl warsztat\u00f3w radiowych i fotograficznych, podczas kt\u00f3rych uczestnicy pracowali nad stworzeniem materia\u0142\u00f3w autorskich. Podczas wernisa\u017cu ko\u0144cz\u0105cego projekt zaprezentowali\u015bmy efekty ich pracy. A teraz dost\u0119pne s\u0105 one r\u00f3wnie\u017c na naszej stronie.","og_url":"https:\/\/fundacjaklik.pl\/index.php\/nasze-projekty\/klik-w-dzielnice-rury\/","og_site_name":"Fundacja KLIK","article_modified_time":"2025-07-24T14:24:19+00:00","og_image":[{"url":"http:\/\/fundacjaklik.pl\/wp-content\/uploads\/2024\/12\/IMG_20241113_115432-150x150.jpg","type":"","width":"","height":""}],"twitter_card":"summary_large_image","twitter_misc":{"Szacowany czas czytania":"22 minuty"},"schema":{"@context":"https:\/\/schema.org","@graph":[{"@type":"WebPage","@id":"https:\/\/fundacjaklik.pl\/index.php\/nasze-projekty\/klik-w-dzielnice-rury\/","url":"https:\/\/fundacjaklik.pl\/index.php\/nasze-projekty\/klik-w-dzielnice-rury\/","name":"KLIK w dzielnic\u0119 - Rury - Fundacja KLIK","isPartOf":{"@id":"https:\/\/fundacjaklik.pl\/#website"},"primaryImageOfPage":{"@id":"https:\/\/fundacjaklik.pl\/index.php\/nasze-projekty\/klik-w-dzielnice-rury\/#primaryimage"},"image":{"@id":"https:\/\/fundacjaklik.pl\/index.php\/nasze-projekty\/klik-w-dzielnice-rury\/#primaryimage"},"thumbnailUrl":"http:\/\/fundacjaklik.pl\/wp-content\/uploads\/2024\/12\/IMG_20241113_115432-150x150.jpg","datePublished":"2025-02-20T18:47:47+00:00","dateModified":"2025-07-24T14:24:19+00:00","breadcrumb":{"@id":"https:\/\/fundacjaklik.pl\/index.php\/nasze-projekty\/klik-w-dzielnice-rury\/#breadcrumb"},"inLanguage":"pl-PL","potentialAction":[{"@type":"ReadAction","target":["https:\/\/fundacjaklik.pl\/index.php\/nasze-projekty\/klik-w-dzielnice-rury\/"]}]},{"@type":"ImageObject","inLanguage":"pl-PL","@id":"https:\/\/fundacjaklik.pl\/index.php\/nasze-projekty\/klik-w-dzielnice-rury\/#primaryimage","url":"http:\/\/fundacjaklik.pl\/wp-content\/uploads\/2024\/12\/IMG_20241113_115432-150x150.jpg","contentUrl":"http:\/\/fundacjaklik.pl\/wp-content\/uploads\/2024\/12\/IMG_20241113_115432-150x150.jpg"},{"@type":"BreadcrumbList","@id":"https:\/\/fundacjaklik.pl\/index.php\/nasze-projekty\/klik-w-dzielnice-rury\/#breadcrumb","itemListElement":[{"@type":"ListItem","position":1,"name":"Strona g\u0142\u00f3wna","item":"https:\/\/fundacjaklik.pl\/"},{"@type":"ListItem","position":2,"name":"Nasze projekty","item":"https:\/\/fundacjaklik.pl\/index.php\/nasze-projekty\/"},{"@type":"ListItem","position":3,"name":"KLIK w dzielnic\u0119 &#8211; Rury"}]},{"@type":"WebSite","@id":"https:\/\/fundacjaklik.pl\/#website","url":"https:\/\/fundacjaklik.pl\/","name":"Fundacja KLIK","description":"Fundacja KLIK tworzy przestrze\u0144 dla os\u00f3b chc\u0105cych rozwija\u0107 si\u0119 w r\u00f3\u017cnych dziedzinach kultury, dzia\u0142alno\u015bci artystycznej i edukacji.","publisher":{"@id":"https:\/\/fundacjaklik.pl\/#organization"},"potentialAction":[{"@type":"SearchAction","target":{"@type":"EntryPoint","urlTemplate":"https:\/\/fundacjaklik.pl\/?s={search_term_string}"},"query-input":{"@type":"PropertyValueSpecification","valueRequired":true,"valueName":"search_term_string"}}],"inLanguage":"pl-PL"},{"@type":"Organization","@id":"https:\/\/fundacjaklik.pl\/#organization","name":"Fundacja KLIK","url":"https:\/\/fundacjaklik.pl\/","logo":{"@type":"ImageObject","inLanguage":"pl-PL","@id":"https:\/\/fundacjaklik.pl\/#\/schema\/logo\/image\/","url":"https:\/\/fundacjaklik.pl\/wp-content\/uploads\/2023\/10\/cropped-Projekt-bez-nazwy.png","contentUrl":"https:\/\/fundacjaklik.pl\/wp-content\/uploads\/2023\/10\/cropped-Projekt-bez-nazwy.png","width":384,"height":264,"caption":"Fundacja KLIK"},"image":{"@id":"https:\/\/fundacjaklik.pl\/#\/schema\/logo\/image\/"}}]}},"_links":{"self":[{"href":"https:\/\/fundacjaklik.pl\/index.php\/wp-json\/wp\/v2\/pages\/487","targetHints":{"allow":["GET"]}}],"collection":[{"href":"https:\/\/fundacjaklik.pl\/index.php\/wp-json\/wp\/v2\/pages"}],"about":[{"href":"https:\/\/fundacjaklik.pl\/index.php\/wp-json\/wp\/v2\/types\/page"}],"author":[{"embeddable":true,"href":"https:\/\/fundacjaklik.pl\/index.php\/wp-json\/wp\/v2\/users\/1"}],"replies":[{"embeddable":true,"href":"https:\/\/fundacjaklik.pl\/index.php\/wp-json\/wp\/v2\/comments?post=487"}],"version-history":[{"count":14,"href":"https:\/\/fundacjaklik.pl\/index.php\/wp-json\/wp\/v2\/pages\/487\/revisions"}],"predecessor-version":[{"id":612,"href":"https:\/\/fundacjaklik.pl\/index.php\/wp-json\/wp\/v2\/pages\/487\/revisions\/612"}],"up":[{"embeddable":true,"href":"https:\/\/fundacjaklik.pl\/index.php\/wp-json\/wp\/v2\/pages\/36"}],"wp:attachment":[{"href":"https:\/\/fundacjaklik.pl\/index.php\/wp-json\/wp\/v2\/media?parent=487"}],"curies":[{"name":"wp","href":"https:\/\/api.w.org\/{rel}","templated":true}]}}